{"id":387,"date":"2025-05-16T17:22:01","date_gmt":"2025-05-16T17:22:01","guid":{"rendered":"https:\/\/cfaebi.pt\/rumo\/?page_id=387"},"modified":"2025-05-19T08:57:39","modified_gmt":"2025-05-19T08:57:39","slug":"arquivodocumental","status":"publish","type":"page","link":"https:\/\/cfaebi.pt\/rumo\/arquivodocumental\/","title":{"rendered":"Arquivo Documental"},"content":{"rendered":"\n    \n    <section class=\"u-clearfix u-section-2\" id=\"block-1\">\n      <div class=\"u-clearfix u-sheet u-valign-top-lg u-valign-top-md u-valign-top-sm u-valign-top-xl u-valign-top-xs u-sheet-1\">\n        <h3 class=\"u-text u-text-default u-text-1\"> Arquivo Documental<\/h3>\n        <div class=\"u-shape u-shape-svg u-text-palette-1-base u-shape-1\">\n          <svg class=\"u-svg-link\" preserveAspectRatio=\"none\" viewBox=\"0 0 160 40\" style=\"\"><use xlink:href=\"#svg-afc9\"><\/use><\/svg>\n          <svg class=\"u-svg-content\" viewBox=\"0 0 160 40\" x=\"0px\" y=\"0px\" id=\"svg-afc9\"><path d=\"M60,20C60,9.1,69.1,0,80,0s20,9.1,20,20s-9.1,20-20,20S60,30.9,60,20z M0,20C0,9.1,9.1,0,20,0s20,9.1,20,20s-9.1,20-20,20\n\tS0,30.9,0,20z M120,20c0-10.9,9.1-20,20-20s20,9.1,20,20s-9.1,20-20,20S120,30.9,120,20z\"><\/path><\/svg>\n        <\/div>\n        <div class=\"u-border-1 u-border-grey-dark-1 u-line u-line-horizontal u-line-1\"><\/div>\n      <\/div>\n    <\/section>\n    <section class=\"u-align-center u-clearfix u-container-align-center u-grey-5 u-section-3\" id=\"sec-c676\">\n      <div class=\"u-clearfix u-sheet u-valign-middle-lg u-valign-middle-md u-valign-middle-sm u-valign-middle-xl u-valign-middle-xs u-sheet-1\">\n        <div class=\"u-blog u-pagination-center u-sorting-right u-blog-1 u-hidden-visibility\"  data-site-sorting-prop=\"created\" data-site-sorting-order=\"desc\" data-max-items=\"10\" data-blog-source-type=\"Custom\" data-blog-source=\"Arquivo Documental\">\n          <div class=\"has-sorting u-list-control\"><\/div>\n          <div class=\"u-repeater u-repeater-1\">\n            <div class=\"u-blog-post u-repeater-item u-white u-repeater-item-1\" data-blog-source-type=\"Custom\">\n              <div class=\"u-container-layout u-similar-container u-valign-bottom-xs u-valign-top-lg u-valign-top-md u-valign-top-sm u-valign-top-xl u-valign-top-xxl u-container-layout-1\">\n                <div class=\"u-blog-control u-metadata u-metadata-1\"><span class=\"u-meta-date u-meta-icon\">Maio 22, 2025<\/span><span class=\"u-meta-category u-meta-icon\"><a class=\"u-textlink\" href=\"https:\/\/cfaebi.pt\/rumo\/category\/arquivo-documental\/\" rel=\"category tag\">Arquivo Documental<\/a><\/span>\n                <\/div>\n                <h3 class=\"u-blog-control u-text u-text-1\">\n                  <a class=\"u-post-header-link\" href=\"https:\/\/cfaebi.pt\/rumo\/2025\/05\/22\/teste-de-posicionamentoportugues-lingua-nao-materna-plnm3-o-ciclo-do-ensino-basicoensino-secundario\/\" style=\"\">TESTE DE POSICIONAMENTOPORTUGU\u00caS L\u00cdNGUA N\u00c3O MATERNA (PLNM)3.\u00ba CICLO DO ENSINO B\u00c1SICOENSINO SECUND\u00c1RIO<\/a>\n                <\/h3>\n                <div class=\"u-blog-control u-post-content u-text u-text-2\"><p>\n\n<\/p>\n                <\/div>\n                <a href=\"https:\/\/cfaebi.pt\/rumo\/2025\/05\/22\/teste-de-posicionamentoportugues-lingua-nao-materna-plnm3-o-ciclo-do-ensino-basicoensino-secundario\/\" class=\"u-blog-control u-border-2 u-border-grey-dark-1 u-btn u-btn-rectangle u-button-style u-none u-btn-1\">Ler Mais<!-- - \/ blog_post_readmore_content ---><\/a>\n                <div class=\"u-border-1 u-border-grey-dark-1 u-line u-line-horizontal u-line-1\"><\/div>\n              <\/div>\n            <\/div>\n            <div class=\"u-blog-post u-repeater-item u-white u-repeater-item-2\">\n              <div class=\"u-container-layout u-similar-container u-valign-bottom-xs u-valign-top-lg u-valign-top-md u-valign-top-sm u-valign-top-xl u-valign-top-xxl u-container-layout-2\">\n                <div class=\"u-blog-control u-metadata u-metadata-2\"><span class=\"u-meta-date u-meta-icon\">Maio 21, 2025<\/span><span class=\"u-meta-category u-meta-icon\"><a class=\"u-textlink\" href=\"https:\/\/cfaebi.pt\/rumo\/category\/arquivo-documental\/\" rel=\"category tag\">Arquivo Documental<\/a><\/span>\n                <\/div>\n                <h3 class=\"u-blog-control u-text u-text-3\">\n                  <a class=\"u-post-header-link\" href=\"https:\/\/cfaebi.pt\/rumo\/2025\/05\/21\/534\/\" style=\"\">TESTE DE POSICIONAMENTO PORTUGU\u00caS L\u00cdNGUA N\u00c3O MATERNA (PLNM)1.\u00ba e 2.\u00ba CICLOS DO ENSINO B\u00c1SICO<\/a>\n                <\/h3>\n                <div class=\"u-blog-control u-post-content u-text u-text-4\"><p>\n\n\n\n<\/p>\n                <\/div>\n                <a href=\"https:\/\/cfaebi.pt\/rumo\/2025\/05\/21\/534\/\" class=\"u-blog-control u-border-2 u-border-grey-dark-1 u-btn u-btn-rectangle u-button-style u-none u-btn-2\">Ler Mais<!-- - \/ blog_post_readmore_content ---><\/a>\n                <div class=\"u-border-1 u-border-grey-dark-1 u-line u-line-horizontal u-line-2\"><\/div>\n              <\/div>\n            <\/div>\n            <div class=\"u-blog-post u-repeater-item u-white u-repeater-item-1\" data-blog-source-type=\"Custom\">\n              <div class=\"u-container-layout u-similar-container u-valign-bottom-xs u-valign-top-lg u-valign-top-md u-valign-top-sm u-valign-top-xl u-valign-top-xxl u-container-layout-1\">\n                <div class=\"u-blog-control u-metadata u-metadata-1\"><span class=\"u-meta-date u-meta-icon\">Maio 21, 2025<\/span><span class=\"u-meta-category u-meta-icon\"><a class=\"u-textlink\" href=\"https:\/\/cfaebi.pt\/rumo\/category\/arquivo-documental\/\" rel=\"category tag\">Arquivo Documental<\/a><\/span>\n                <\/div>\n                <h3 class=\"u-blog-control u-text u-text-1\">\n                  <a class=\"u-post-header-link\" href=\"https:\/\/cfaebi.pt\/rumo\/2025\/05\/21\/inclusao-linguistica-e-curricular-de-alunos-migrantes-orientacoes-para-o-nivel-zero\/\" style=\"\">INCLUS\u00c3O LINGU\u00cdSTICA E CURRICULAR DE ALUNOS MIGRANTES ORIENTA\u00c7\u00d5ES PARA O N\u00cdVEL ZERO<\/a>\n                <\/h3>\n                <div class=\"u-blog-control u-post-content u-text u-text-2\"><p>\n\n\n\n<\/p>\n                <\/div>\n                <a href=\"https:\/\/cfaebi.pt\/rumo\/2025\/05\/21\/inclusao-linguistica-e-curricular-de-alunos-migrantes-orientacoes-para-o-nivel-zero\/\" class=\"u-blog-control u-border-2 u-border-grey-dark-1 u-btn u-btn-rectangle u-button-style u-none u-btn-1\">Ler Mais<!-- - \/ blog_post_readmore_content ---><\/a>\n                <div class=\"u-border-1 u-border-grey-dark-1 u-line u-line-horizontal u-line-1\"><\/div>\n              <\/div>\n            <\/div>\n            <div class=\"u-blog-post u-repeater-item u-white u-repeater-item-2\">\n              <div class=\"u-container-layout u-similar-container u-valign-bottom-xs u-valign-top-lg u-valign-top-md u-valign-top-sm u-valign-top-xl u-valign-top-xxl u-container-layout-2\">\n                <div class=\"u-blog-control u-metadata u-metadata-2\"><span class=\"u-meta-date u-meta-icon\">Maio 21, 2025<\/span><span class=\"u-meta-category u-meta-icon\"><a class=\"u-textlink\" href=\"https:\/\/cfaebi.pt\/rumo\/category\/arquivo-documental\/\" rel=\"category tag\">Arquivo Documental<\/a><\/span>\n                <\/div>\n                <h3 class=\"u-blog-control u-text u-text-3\">\n                  <a class=\"u-post-header-link\" href=\"https:\/\/cfaebi.pt\/rumo\/2025\/05\/21\/o-direito-a-educacao-das-criancas-refugiadas\/\" style=\"\">O DIREITO \u00c0 EDUCA\u00c7\u00c3O DAS CRIAN\u00c7AS REFUGIADAS<\/a>\n                <\/h3>\n                <div class=\"u-blog-control u-post-content u-text u-text-4\"><p>\nHIRO DA JUSTA PORTO\n\n\n\nUNIVERSIDADE DE LISBOA - FACULDADE DE DIREITOMESTRADO PROFISSIONALIZANTE EM DIREITO INTERNACIONAL ERELA\u00c7\u00d5ES INTERNACIONAIS\n\n&hellip;<\/p>\n                <\/div>\n                <a href=\"https:\/\/cfaebi.pt\/rumo\/2025\/05\/21\/o-direito-a-educacao-das-criancas-refugiadas\/\" class=\"u-blog-control u-border-2 u-border-grey-dark-1 u-btn u-btn-rectangle u-button-style u-none u-btn-2\">Ler Mais<!-- - \/ blog_post_readmore_content ---><\/a>\n                <div class=\"u-border-1 u-border-grey-dark-1 u-line u-line-horizontal u-line-2\"><\/div>\n              <\/div>\n            <\/div>\n            <div class=\"u-blog-post u-repeater-item u-white u-repeater-item-1\" data-blog-source-type=\"Custom\">\n              <div class=\"u-container-layout u-similar-container u-valign-bottom-xs u-valign-top-lg u-valign-top-md u-valign-top-sm u-valign-top-xl u-valign-top-xxl u-container-layout-1\">\n                <div class=\"u-blog-control u-metadata u-metadata-1\"><span class=\"u-meta-date u-meta-icon\">Maio 21, 2025<\/span><span class=\"u-meta-category u-meta-icon\"><a class=\"u-textlink\" href=\"https:\/\/cfaebi.pt\/rumo\/category\/arquivo-documental\/\" rel=\"category tag\">Arquivo Documental<\/a><\/span>\n                <\/div>\n                <h3 class=\"u-blog-control u-text u-text-1\">\n                  <a class=\"u-post-header-link\" href=\"https:\/\/cfaebi.pt\/rumo\/2025\/05\/21\/a-integracao-de-criancasnao-acompanhadas-em-portugala-abordagem-de-direitos-da-criancana-acao-do-estado\/\" style=\"\">A integra\u00e7\u00e3o de crian\u00e7as n\u00e3o acompanhadas em Portugal: a abordagem de direitos da crian\u00e7a na a\u00e7\u00e3o do Estado<\/a>\n                <\/h3>\n                <div class=\"u-blog-control u-post-content u-text u-text-2\"><p>\nComit\u00e9 Portugu\u00eas para a UNICEF\n\n\n\n\n\n\n\n\n<\/p>\n                <\/div>\n                <a href=\"https:\/\/cfaebi.pt\/rumo\/2025\/05\/21\/a-integracao-de-criancasnao-acompanhadas-em-portugala-abordagem-de-direitos-da-criancana-acao-do-estado\/\" class=\"u-blog-control u-border-2 u-border-grey-dark-1 u-btn u-btn-rectangle u-button-style u-none u-btn-1\">Ler Mais<!-- - \/ blog_post_readmore_content ---><\/a>\n                <div class=\"u-border-1 u-border-grey-dark-1 u-line u-line-horizontal u-line-1\"><\/div>\n              <\/div>\n            <\/div>\n            <div class=\"u-blog-post u-repeater-item u-white u-repeater-item-2\">\n              <div class=\"u-container-layout u-similar-container u-valign-bottom-xs u-valign-top-lg u-valign-top-md u-valign-top-sm u-valign-top-xl u-valign-top-xxl u-container-layout-2\">\n                <div class=\"u-blog-control u-metadata u-metadata-2\"><span class=\"u-meta-date u-meta-icon\">Maio 19, 2025<\/span><span class=\"u-meta-category u-meta-icon\"><a class=\"u-textlink\" href=\"https:\/\/cfaebi.pt\/rumo\/category\/arquivo-documental\/\" rel=\"category tag\">Arquivo Documental<\/a><\/span>\n                <\/div>\n                <h3 class=\"u-blog-control u-text u-text-3\">\n                  <a class=\"u-post-header-link\" href=\"https:\/\/cfaebi.pt\/rumo\/2025\/05\/19\/conselho-nacional-de-educacao-recomendacao-sobre-o-acolhimento-de-migrantes-e-a-construcao-de-uma-escola-mais-inclusiva\/\" style=\"\">Conselho Nacional de Educa\u00e7\u00e3o - Recomenda\u00e7\u00e3o sobre o acolhimento de migrantes e a constru\u00e7\u00e3o de uma escola mais inclusiva<\/a>\n                <\/h3>\n                <div class=\"u-blog-control u-post-content u-text u-text-4\"><p>\n\n<\/p>\n                <\/div>\n                <a href=\"https:\/\/cfaebi.pt\/rumo\/2025\/05\/19\/conselho-nacional-de-educacao-recomendacao-sobre-o-acolhimento-de-migrantes-e-a-construcao-de-uma-escola-mais-inclusiva\/\" class=\"u-blog-control u-border-2 u-border-grey-dark-1 u-btn u-btn-rectangle u-button-style u-none u-btn-2\">Ler Mais<!-- - \/ blog_post_readmore_content ---><\/a>\n                <div class=\"u-border-1 u-border-grey-dark-1 u-line u-line-horizontal u-line-2\"><\/div>\n              <\/div>\n            <\/div>\n            <div class=\"u-blog-post u-repeater-item u-white u-repeater-item-1\" data-blog-source-type=\"Custom\">\n              <div class=\"u-container-layout u-similar-container u-valign-bottom-xs u-valign-top-lg u-valign-top-md u-valign-top-sm u-valign-top-xl u-valign-top-xxl u-container-layout-1\">\n                <div class=\"u-blog-control u-metadata u-metadata-1\"><span class=\"u-meta-date u-meta-icon\">Maio 16, 2025<\/span><span class=\"u-meta-category u-meta-icon\"><a class=\"u-textlink\" href=\"https:\/\/cfaebi.pt\/rumo\/category\/arquivo-documental\/\" rel=\"category tag\">Arquivo Documental<\/a><\/span>\n                <\/div>\n                <h3 class=\"u-blog-control u-text u-text-1\">\n                  <a class=\"u-post-header-link\" href=\"https:\/\/cfaebi.pt\/rumo\/2025\/05\/16\/inclusao-de-alunos-migrantes-em-meio-educativo\/\" style=\"\">Inclus\u00e3o de Alunos Migrantes em Meio Educativo<\/a>\n                <\/h3>\n                <div class=\"u-blog-control u-post-content u-text u-text-2\"><p>\n\n<\/p>\n                <\/div>\n                <a href=\"https:\/\/cfaebi.pt\/rumo\/2025\/05\/16\/inclusao-de-alunos-migrantes-em-meio-educativo\/\" class=\"u-blog-control u-border-2 u-border-grey-dark-1 u-btn u-btn-rectangle u-button-style u-none u-btn-1\">Ler Mais<!-- - \/ blog_post_readmore_content ---><\/a>\n                <div class=\"u-border-1 u-border-grey-dark-1 u-line u-line-horizontal u-line-1\"><\/div>\n              <\/div>\n            <\/div>\n            <div class=\"u-blog-post u-repeater-item u-white u-repeater-item-2\">\n              <div class=\"u-container-layout u-similar-container u-valign-bottom-xs u-valign-top-lg u-valign-top-md u-valign-top-sm u-valign-top-xl u-valign-top-xxl u-container-layout-2\">\n                <div class=\"u-blog-control u-metadata u-metadata-2\"><span class=\"u-meta-date u-meta-icon\">Maio 16, 2025<\/span><span class=\"u-meta-category u-meta-icon\"><a class=\"u-textlink\" href=\"https:\/\/cfaebi.pt\/rumo\/category\/arquivo-documental\/\" rel=\"category tag\">Arquivo Documental<\/a><\/span>\n                <\/div>\n                <h3 class=\"u-blog-control u-text u-text-3\">\n                  <a class=\"u-post-header-link\" href=\"https:\/\/cfaebi.pt\/rumo\/2025\/05\/16\/nascimentos-em-portugal-diminuem-em-2024-um-terco-sao-filhos-de-maes-estrangeiras\/\" style=\"\">Nascimentos em Portugal diminuem em 2024, um ter\u00e7o s\u00e3o filhos de m\u00e3es estrangeiras<\/a>\n                <\/h3>\n                <div class=\"u-blog-control u-post-content u-text u-text-4\"><p>\n\n\n\n\n\n\n\n\nSIC Noticias\/Lusa12:32, 29 abr.2025\n\n\n\nEm 2024, Portugal registou 84.650 nascimentos, uma diminui\u00e7\u00e3o de 1,2% em rela\u00e7\u00e3o a 2023. Um ter\u00e7o &hellip;<\/p>\n                <\/div>\n                <a href=\"https:\/\/cfaebi.pt\/rumo\/2025\/05\/16\/nascimentos-em-portugal-diminuem-em-2024-um-terco-sao-filhos-de-maes-estrangeiras\/\" class=\"u-blog-control u-border-2 u-border-grey-dark-1 u-btn u-btn-rectangle u-button-style u-none u-btn-2\">Ler Mais<!-- - \/ blog_post_readmore_content ---><\/a>\n                <div class=\"u-border-1 u-border-grey-dark-1 u-line u-line-horizontal u-line-2\"><\/div>\n              <\/div>\n            <\/div>\n          <\/div>\n          <div class=\"has-pagination u-list-control\">\n          <\/div>\n        <\/div>\n      <\/div>\n    <\/section>\n    \n    \n    \n  \n","protected":false},"excerpt":{"rendered":"<p>Arquivo Documental Maio 22, 2025Arquivo Documental TESTE DE POSICIONAMENTOPORTUGU\u00caS L\u00cdNGUA N\u00c3O MATERNA (PLNM)3.\u00ba CICLO DO ENSINO B\u00c1SICOENSINO SECUND\u00c1RIO Ler Mais Maio 21, 2025Arquivo Documental TESTE DE POSICIONAMENTO PORTUGU\u00caS L\u00cdNGUA N\u00c3O MATERNA (PLNM)1.\u00ba e 2.\u00ba CICLOS DO ENSINO B\u00c1SICO Ler Mais Maio 21, 2025Arquivo Documental INCLUS\u00c3O LINGU\u00cdSTICA E CURRICULAR DE ALUNOS MIGRANTES ORIENTA\u00c7\u00d5ES PARA O N\u00cdVEL &hellip; <a href=\"https:\/\/cfaebi.pt\/rumo\/arquivodocumental\/\" class=\"more-link\">Continue reading<span class=\"screen-reader-text\"> &#8220;Arquivo Documental&#8221;<\/span><\/a><\/p>\n","protected":false},"author":1,"featured_media":0,"parent":0,"menu_order":1,"comment_status":"closed","ping_status":"closed","template":"","meta":{"pagelayer_contact_templates":[],"_pagelayer_content":"","footnotes":""},"class_list":["post-387","page","type-page","status-publish","hentry"],"_links":{"self":[{"href":"https:\/\/cfaebi.pt\/rumo\/wp-json\/wp\/v2\/pages\/387","targetHints":{"allow":["GET"]}}],"collection":[{"href":"https:\/\/cfaebi.pt\/rumo\/wp-json\/wp\/v2\/pages"}],"about":[{"href":"https:\/\/cfaebi.pt\/rumo\/wp-json\/wp\/v2\/types\/page"}],"author":[{"embeddable":true,"href":"https:\/\/cfaebi.pt\/rumo\/wp-json\/wp\/v2\/users\/1"}],"replies":[{"embeddable":true,"href":"https:\/\/cfaebi.pt\/rumo\/wp-json\/wp\/v2\/comments?post=387"}],"version-history":[{"count":6,"href":"https:\/\/cfaebi.pt\/rumo\/wp-json\/wp\/v2\/pages\/387\/revisions"}],"predecessor-version":[{"id":412,"href":"https:\/\/cfaebi.pt\/rumo\/wp-json\/wp\/v2\/pages\/387\/revisions\/412"}],"wp:attachment":[{"href":"https:\/\/cfaebi.pt\/rumo\/wp-json\/wp\/v2\/media?parent=387"}],"curies":[{"name":"wp","href":"https:\/\/api.w.org\/{rel}","templated":true}]}}