{"id":51,"date":"2025-04-10T16:26:44","date_gmt":"2025-04-10T16:26:44","guid":{"rendered":"https:\/\/cfaebi.pt\/rumo\/entrada\/"},"modified":"2026-04-21T08:30:47","modified_gmt":"2026-04-21T08:30:47","slug":"entrada","status":"publish","type":"page","link":"https:\/\/cfaebi.pt\/rumo\/","title":{"rendered":"Entrada"},"content":{"rendered":"\n  \n    \n    <section class=\"u-clearfix u-container-align-center u-valign-middle-xs u-section-2\" id=\"block-3\">\n      <div class=\"u-carousel u-carousel-duration-2000 u-carousel-fade u-expanded-width u-gallery u-gallery-slider u-layout-carousel u-lightbox u-no-transition u-show-text-always u-gallery-1\" data-interval=\"2000\" data-u-ride=\"carousel\" id=\"carousel-2163\">\n        <ol class=\"u-absolute-hcenter u-carousel-indicators u-carousel-indicators-1\">\n          <li data-u-target=\"#carousel-2163\" data-u-slide-to=\"0\" class=\"u-active u-grey-70 u-shape-circle\" style=\"width: 10px; height: 10px;\"><\/li>\n          <li data-u-target=\"#carousel-2163\" data-u-slide-to=\"1\" class=\"u-grey-70 u-shape-circle\" style=\"width: 10px; height: 10px;\"><\/li>\n          <li data-u-target=\"#carousel-2163\" data-u-slide-to=\"2\" class=\"u-grey-70 u-shape-circle\" style=\"width: 10px; height: 10px;\"><\/li>\n        <\/ol>\n        <div class=\"u-carousel-inner u-gallery-inner u-gallery-inner-1\" role=\"listbox\">\n          <div class=\"u-active u-carousel-item u-gallery-item u-carousel-item-1\">\n            <div class=\"u-back-slide u-back-slide-1\" data-image-width=\"2000\" data-image-height=\"1374\">\n              <img decoding=\"async\" src=\"https:\/\/cfaebi.pt\/rumo\/wp-content\/uploads\/2025\/04\/46937.jpg\" alt=\"\" data-image-width=\"2000\" data-image-height=\"1333\" class=\"u-back-image u-expanded\">\n            <\/div>\n            <div class=\"u-align-center u-container-align-left u-over-slide u-shading u-valign-bottom-lg u-valign-bottom-md u-valign-bottom-sm u-valign-bottom-xl u-valign-bottom-xs u-valign-middle-xxl u-over-slide-1\">\n              <h1 class=\"u-align-left u-gallery-heading\" style=\"margin-left: 0px; margin-right: auto; font-weight: 700; background-image: none;\">Integra\u00e7\u00e3o de Alunos Migrantes<\/h1>\n              <p class=\"u-align-left u-gallery-text\" style=\"margin-left: 0px; margin-right: auto;\">O projeto de integra\u00e7\u00e3o de alunos migrantes, coordenado pelo CFAE da Beira Interior, implementado em 13 escolas associadas da beira interior, com orienta\u00e7\u00f5es de Inclus\u00e3o Lingu\u00edstica, Curricular, Cultural e Psicol\u00f3gica.<br>\n              <\/p>\n            <\/div>\n          <\/div>\n          <div class=\"u-carousel-item u-gallery-item u-carousel-item-2\">\n            <div class=\"u-back-slide\" data-image-width=\"1280\" data-image-height=\"853\">\n              <img decoding=\"async\" class=\"u-back-image u-expanded\" src=\"https:\/\/cfaebi.pt\/rumo\/wp-content\/uploads\/2025\/04\/84cc607bf683ec73991c569100e8b83ba2b017ddbf16851b93b83397397c59f54aa8c6247f83f7ec96da253531d784f14bff068af8f695f70dcac1_1280.jpg\">\n            <\/div>\n            <div class=\"u-align-center u-container-align-left u-over-slide u-shading u-valign-bottom-lg u-valign-bottom-md u-valign-bottom-sm u-valign-bottom-xl u-valign-bottom-xs u-valign-middle-xxl u-over-slide-2\">\n              <h1 class=\"u-align-left u-gallery-heading\" style=\"margin-left: 0px; margin-right: auto; font-weight: 700; background-image: none;\">Integra\u00e7\u00e3o de Alunos Migrantes<\/h1>\n              <p class=\"u-align-left u-gallery-text\" style=\"margin-left: 0px; margin-right: auto;\">O projeto de integra\u00e7\u00e3o de alunos migrantes, coordenado pelo CFAE da Beira Interior, implementado em 13 escolas associadas da beira interior, com orienta\u00e7\u00f5es de Inclus\u00e3o Lingu\u00edstica, Curricular, Cultural e Psicol\u00f3gica.<\/p>\n            <\/div>\n          <\/div>\n          <div class=\"u-carousel-item u-gallery-item u-carousel-item-3\" data-image-width=\"2500\" data-image-height=\"1401\">\n            <div class=\"u-back-slide u-back-slide-3\">\n              <img decoding=\"async\" class=\"u-back-image u-expanded\" src=\"https:\/\/cfaebi.pt\/rumo\/wp-content\/uploads\/2025\/04\/international-day-education-celebration.jpg\" alt=\"Integra\u00e7\u00e3o de Alunos Migrantes\">\n            <\/div>\n            <div class=\"u-align-center u-container-align-left u-over-slide u-shading u-valign-bottom-lg u-valign-bottom-md u-valign-bottom-sm u-valign-bottom-xl u-valign-bottom-xs u-valign-middle-xxl u-over-slide-3\">\n              <h1 class=\"u-align-left u-gallery-heading\" style=\"margin-left: 0px; margin-right: auto; font-weight: 700; background-image: none;\">Integra\u00e7\u00e3o de Alunos Migrantes<\/h1>\n              <p class=\"u-align-left u-gallery-text\" style=\"margin-left: 0px; margin-right: auto;\">O projeto de integra\u00e7\u00e3o de alunos migrantes, coordenado pelo CFAE da Beira Interior, implementado em 13 escolas associadas da beira interior, com orienta\u00e7\u00f5es de Inclus\u00e3o Lingu\u00edstica, Curricular, Cultural e Psicol\u00f3gica.<\/p>\n            <\/div>\n            <style data-mode=\"XXL\" data-visited=\"true\"><\/style>\n            <style data-mode=\"XL\"><\/style>\n            <style data-mode=\"LG\"><\/style>\n            <style data-mode=\"MD\"><\/style>\n            <style data-mode=\"SM\"><\/style>\n            <style data-mode=\"XS\" data-visited=\"true\"><\/style>\n          <\/div>\n        <\/div>\n        <a class=\"u-absolute-vcenter u-carousel-control u-carousel-control-prev u-grey-70 u-hidden u-icon-circle u-opacity u-opacity-70 u-spacing-10 u-text-white u-carousel-control-1\" href=\"#carousel-2163\" role=\"button\" data-u-slide=\"prev\"><span aria-hidden=\"true\">\n            <svg viewBox=\"0 0 451.847 451.847\"><path d=\"M97.141,225.92c0-8.095,3.091-16.192,9.259-22.366L300.689,9.27c12.359-12.359,32.397-12.359,44.751,0\nc12.354,12.354,12.354,32.388,0,44.748L173.525,225.92l171.903,171.909c12.354,12.354,12.354,32.391,0,44.744\nc-12.354,12.365-32.386,12.365-44.745,0l-194.29-194.281C100.226,242.115,97.141,234.018,97.141,225.92z\"><\/path><\/svg><\/span><span class=\"sr-only\">\n            <svg viewBox=\"0 0 451.847 451.847\"><path d=\"M97.141,225.92c0-8.095,3.091-16.192,9.259-22.366L300.689,9.27c12.359-12.359,32.397-12.359,44.751,0\nc12.354,12.354,12.354,32.388,0,44.748L173.525,225.92l171.903,171.909c12.354,12.354,12.354,32.391,0,44.744\nc-12.354,12.365-32.386,12.365-44.745,0l-194.29-194.281C100.226,242.115,97.141,234.018,97.141,225.92z\"><\/path><\/svg><\/span>\n        <\/a>\n        <a class=\"u-absolute-vcenter u-carousel-control u-carousel-control-next u-grey-70 u-hidden u-icon-circle u-opacity u-opacity-70 u-spacing-10 u-text-white u-carousel-control-2\" href=\"#carousel-2163\" role=\"button\" data-u-slide=\"next\"><span aria-hidden=\"true\">\n            <svg viewBox=\"0 0 451.846 451.847\"><path d=\"M345.441,248.292L151.154,442.573c-12.359,12.365-32.397,12.365-44.75,0c-12.354-12.354-12.354-32.391,0-44.744\nL278.318,225.92L106.409,54.017c-12.354-12.359-12.354-32.394,0-44.748c12.354-12.359,32.391-12.359,44.75,0l194.287,194.284\nc6.177,6.18,9.262,14.271,9.262,22.366C354.708,234.018,351.617,242.115,345.441,248.292z\"><\/path><\/svg><\/span><span class=\"sr-only\">\n            <svg viewBox=\"0 0 451.846 451.847\"><path d=\"M345.441,248.292L151.154,442.573c-12.359,12.365-32.397,12.365-44.75,0c-12.354-12.354-12.354-32.391,0-44.744\nL278.318,225.92L106.409,54.017c-12.354-12.359-12.354-32.394,0-44.748c12.354-12.359,32.391-12.359,44.75,0l194.287,194.284\nc6.177,6.18,9.262,14.271,9.262,22.366C354.708,234.018,351.617,242.115,345.441,248.292z\"><\/path><\/svg><\/span>\n        <\/a>\n        <div class=\"u-gallery-item u-gallery-item-4\" data-image-width=\"2500\" data-image-height=\"1401\">\n          <div class=\"u-back-slide u-back-slide-4\">\n            <img decoding=\"async\" class=\"u-back-image u-expanded\" src=\"https:\/\/cfaebi.pt\/rumo\/wp-content\/uploads\/2025\/04\/international-day-education-celebration.jpg\">\n          <\/div>\n          <div class=\"u-align-center u-container-align-left u-over-slide u-shading u-valign-bottom-lg u-valign-bottom-md u-valign-bottom-sm u-valign-bottom-xl u-valign-bottom-xs u-valign-middle-xxl u-over-slide-4\">\n            <h1 class=\"u-align-left u-gallery-heading\" style=\"margin-left: 0px; margin-right: auto; font-weight: 700; background-image: none;\"><\/h1>\n          <\/div>\n        <\/div>\n      <\/div>\n    <\/section>\n    <section class=\"u-clearfix u-palette-1-base u-section-3\" id=\"carousel_3ff9\">\n      <div class=\"u-clearfix u-sheet u-valign-middle-lg u-valign-middle-md u-valign-middle-sm u-valign-middle-xs u-sheet-1\">\n        <h2 class=\"u-align-center u-text u-text-1\" data-animation-name=\"customAnimationIn\" data-animation-duration=\"1000\" data-animation-delay=\"0\">Objetivos do Projeto<\/h2>\n        <ul class=\"u-align-left u-text u-text-2\" data-animation-name=\"customAnimationIn\" data-animation-duration=\"1500\" data-animation-delay=\"500\">\n          <li> Monitorizar a evolu\u00e7\u00e3o\ndo n\u00famero de alunos migrantes nas escolas associadas, segmentando por idade,\nnacionalidade e sexo.<\/li>\n          <li> Oferecer forma\u00e7\u00e3o cont\u00ednua para professores e funcion\u00e1rios de acordo com os quatro eixos fundamentais do projeto.<\/li>\n          <li>Reunir e divulgar\npr\u00e1ticas pedag\u00f3gicas eficazes para a inclus\u00e3o de alunos migrantes no contexto\nescolar.<\/li>\n          <li>Centralizar recursos\nlegislativos, cient\u00edficos e pedag\u00f3gicos atualizados que apoiem a interven\u00e7\u00e3o\njunto de alunos migrantes.<\/li>\n          <li>Facilitar o acesso a\nrecursos e ferramentas que promovam o desenvolvimento da l\u00edngua portuguesa como\nsegunda l\u00edngua. <\/li>\n          <li> Sensibilizar a\ncomunidade educativa para a import\u00e2ncia da valoriza\u00e7\u00e3o da diversidade cultural\ne do acolhimento escolar.<\/li>\n        <\/ul>\n      <\/div>\n    <\/section>\n    <section class=\"skrollable u-clearfix u-image u-parallax u-valign-top-lg u-valign-top-md u-valign-top-sm u-valign-top-xl u-valign-top-xs u-section-4\" id=\"sec-be47\" data-image-width=\"1278\" data-image-height=\"1918\" style=\"background-image: url(&quot;https:\/\/cfaebi.pt\/rumo\/wp-content\/uploads\/2025\/05\/top-view-sad-boy-classroom.jpg&quot;);\">\n      <div class=\"u-container-style u-expanded-width u-group u-opacity u-opacity-75 u-white u-group-1\">\n        <div class=\"u-container-layout u-container-layout-1\">\n          <img decoding=\"async\" class=\"u-image u-image-default u-preserve-proportions u-image-1\" src=\"https:\/\/cfaebi.pt\/rumo\/wp-content\/uploads\/2025\/05\/LogoCFAEBI.svg\" alt=\"\" data-image-width=\"150\" data-image-height=\"83\">\n          <h5 class=\"u-text u-text-default u-text-palette-1-base u-text-1\">Integra\u00e7\u00e3o de <span style=\"font-weight: 700;\">forma\u00e7\u00e3o cont\u00ednua de docentes<\/span>, alinhada com os quatro eixos fundamentais do projeto. \n          <\/h5>\n          <h1 class=\"u-align-center u-text u-text-2\">A forma\u00e7\u00e3o integrada de docentes para o sucesso educativo dos alunos migrantes<\/h1>\n          <p class=\"u-text u-text-3\"> A integra\u00e7\u00e3o da forma\u00e7\u00e3o de professores e funcion\u00e1rios no \u00e2mbito do RUMO&nbsp;\u00e9 essencial para garantir a coer\u00eancia, a efic\u00e1cia e a sustentabilidade das estrat\u00e9gias de inclus\u00e3o delineadas. <br style=\"\">\n          <\/p>\n          <a href=\"https:\/\/cfaebi.pt\/rumo\/formacao\/\" class=\"u-btn u-button-style u-hover-palette-1-dark-1 u-palette-1-base u-btn-1\">VER mais<\/a>\n        <\/div>\n      <\/div>\n    <\/section>\n    <section class=\"u-align-center u-clearfix u-container-align-center u-section-5\" id=\"carousel_dcd8\">\n      <div class=\"u-clearfix u-sheet u-valign-middle-sm u-valign-middle-xl u-sheet-1\">\n        <div class=\"u-clearfix u-expanded-width-lg u-expanded-width-md u-expanded-width-sm u-expanded-width-xs u-group-elements u-group-elements-1\">\n          <h2 class=\"u-align-center u-text u-text-default-xl u-text-default-xxl u-text-palette-1-base u-text-1\" data-animation-name=\"customAnimationIn\" data-animation-duration=\"1500\" data-animation-delay=\"500\">Projeto de Coopera\u00e7\u00e3o - Conceitos<\/h2>\n          <img decoding=\"async\" class=\"u-absolute-hcenter-xs u-expanded-height u-image u-image-contain u-image-default u-image-1\" src=\"https:\/\/cfaebi.pt\/rumo\/wp-content\/uploads\/2025\/05\/LogoEDUfluxo_Logo_rumo_sem_fundo.webp\" alt=\"\" data-image-width=\"428\" data-image-height=\"166\">\n        <\/div>\n        <div class=\"data-layout-selected u-clearfix u-expanded-width u-gutter-0 u-layout-wrap u-layout-wrap-1\">\n          <div class=\"u-gutter-0 u-layout\" style=\"\">\n            <div class=\"u-layout-col\" style=\"\">\n              <div class=\"u-size-30\" style=\"\">\n                <div class=\"u-layout-row\" style=\"\">\n                  <div class=\"u-align-center u-container-align-center u-container-style u-layout-cell u-size-15 u-layout-cell-1\">\n                    <div class=\"u-container-layout u-valign-middle u-container-layout-1\">\n                      <div class=\"u-image u-image-circle u-preserve-proportions u-image-2\" data-image-width=\"425\" data-image-height=\"425\" data-animation-name=\"customAnimationIn\" data-animation-duration=\"1500\" data-animation-delay=\"500\" style=\"background-image: url(&quot;https:\/\/cfaebi.pt\/rumo\/wp-content\/uploads\/2025\/04\/photo-1496134497985-0d86687e843e.jpeg&quot;);\"><\/div>\n                    <\/div>\n                  <\/div>\n                  <div class=\"u-align-left u-container-align-left u-container-style u-layout-cell u-size-15 u-layout-cell-2\" data-animation-name=\"customAnimationIn\" data-animation-duration=\"1500\" data-animation-delay=\"0\" data-animation-direction=\"\">\n                    <div class=\"u-container-layout u-container-layout-2\">\n                      <h5 class=\"u-text u-text-2\">Contexto Escolar<\/h5>\n                      <p class=\"u-text u-text-3\">O projeto de integra\u00e7\u00e3o de alunos migrantes, coordenado pelo CFAEBI, acontece em 11 Unidades Org\u00e2nicas da Beira Interior.<\/p>\n                    <\/div>\n                  <\/div>\n                  <div class=\"u-align-center u-container-align-center u-container-style u-layout-cell u-size-15 u-layout-cell-3\">\n                    <div class=\"u-container-layout u-valign-middle u-container-layout-3\">\n                      <div class=\"u-image u-image-circle u-image-3\" data-image-width=\"1280\" data-image-height=\"853\" data-animation-name=\"customAnimationIn\" data-animation-duration=\"1500\" data-animation-delay=\"500\" style=\"background-image: url(&quot;https:\/\/cfaebi.pt\/rumo\/wp-content\/uploads\/2025\/04\/a192b7c8fddec95ff5cf94fd81e1f3892c883e7243d09c8b0dd58e6446a5701f64a8140f1bd41d2581b50b792c8e6c4c608c3146f8747e613793ab_1280.jpg&quot;);\"><\/div>\n                    <\/div>\n                  <\/div>\n                  <div class=\"u-align-left u-container-align-left u-container-style u-layout-cell u-size-15 u-layout-cell-4\" data-animation-name=\"customAnimationIn\" data-animation-duration=\"1500\" data-animation-delay=\"0\" data-animation-direction=\"\">\n                    <div class=\"u-container-layout u-container-layout-4\">\n                      <h5 class=\"u-text u-text-4\">Equipa Multidisciplinar<\/h5>\n                      <p class=\"u-text u-text-5\">Professores, Assistentes T\u00e9cnicos e Operacionais, Mediadores Culturais e T\u00e9cnicos Especializados desenvolvem atividades de interven\u00e7\u00e3o por ano letivo.<\/p>\n                    <\/div>\n                  <\/div>\n                <\/div>\n              <\/div>\n              <div class=\"u-size-30\">\n                <div class=\"u-layout-row\">\n                  <div class=\"u-align-left u-container-align-left u-container-style u-layout-cell u-size-15 u-layout-cell-5\" data-animation-name=\"customAnimationIn\" data-animation-duration=\"1500\" data-animation-delay=\"500\">\n                    <div class=\"u-container-layout u-container-layout-5\">\n                      <h5 class=\"u-text u-text-6\">Implementa\u00e7\u00e3o Anual<\/h5>\n                      <p class=\"u-text u-text-7\">N\u00e3o existe uma nacionalidade predominante, queremos promover a diversidade e inclus\u00e3o em contexto escolar, com recursos dispon\u00edveis.<\/p>\n                    <\/div>\n                  <\/div>\n                  <div class=\"u-align-center u-container-align-center u-container-style u-layout-cell u-size-15 u-layout-cell-6\" data-animation-name=\"\" data-animation-duration=\"0\" data-animation-delay=\"0\" data-animation-direction=\"\">\n                    <div class=\"u-container-layout u-valign-middle u-container-layout-6\">\n                      <div class=\"u-image u-image-circle u-preserve-proportions u-image-4\" data-image-width=\"425\" data-image-height=\"284\" data-animation-name=\"customAnimationIn\" data-animation-duration=\"1500\" data-animation-delay=\"500\" style=\"background-image: url(&quot;https:\/\/cfaebi.pt\/rumo\/wp-content\/uploads\/2025\/04\/photo-1522124012782-163815c216f3.jpeg&quot;);\"><\/div>\n                    <\/div>\n                  <\/div>\n                  <div class=\"u-align-left u-container-align-left u-container-style u-layout-cell u-size-15 u-layout-cell-7\" data-animation-name=\"customAnimationIn\" data-animation-duration=\"1500\" data-animation-delay=\"500\" data-animation-direction=\"\">\n                    <div class=\"u-container-layout u-container-layout-7\">\n                      <h5 class=\"u-text u-text-8\">Inclus\u00e3o Pedag\u00f3gica Ampla<\/h5>\n                      <p class=\"u-text u-text-9\">As orienta\u00e7\u00f5es incluem <span style=\"font-weight: 700;\">Inclus\u00e3o Lingu\u00edstica, Curricular, Cultural e Psicol\u00f3gica<\/span> para alunos migrantes dos 3 aos 18 anos. \n                      <\/p>\n                    <\/div>\n                  <\/div>\n                  <div class=\"u-align-center u-container-align-center u-container-style u-layout-cell u-size-15 u-layout-cell-8\">\n                    <div class=\"u-container-layout u-valign-middle u-container-layout-8\">\n                      <div class=\"u-image u-image-circle u-image-5\" data-image-width=\"425\" data-image-height=\"283\" data-animation-name=\"customAnimationIn\" data-animation-duration=\"1500\" data-animation-delay=\"500\" style=\"background-image: url(&quot;https:\/\/cfaebi.pt\/rumo\/wp-content\/uploads\/2025\/04\/photo-1507146153580-69a1fe6d8aa1.jpeg&quot;);\"><\/div>\n                    <\/div>\n                  <\/div>\n                <\/div>\n              <\/div>\n            <\/div>\n          <\/div>\n        <\/div>\n      <\/div>\n    <\/section>\n    <section class=\"u-align-center u-clearfix u-container-align-center u-valign-top-lg u-valign-top-sm u-valign-top-xl u-section-6\" id=\"carousel_c15e\" data-animation-name=\"\" data-animation-duration=\"0\" data-animation-delay=\"0\" data-animation-direction=\"\">\n      <div class=\"u-container-style u-expanded-width u-group u-palette-1-base u-shape-rectangle u-group-1\">\n        <div class=\"u-container-layout u-container-layout-1\">\n          <h2 class=\"u-align-center u-text u-text-default u-text-1\" data-animation-name=\"customAnimationIn\" data-animation-duration=\"1500\">\u00c2mbito do Projeto <\/h2>\n          <p class=\"u-align-center u-text u-text-2\" data-animation-name=\"customAnimationIn\" data-animation-duration=\"1500\" data-animation-delay=\"500\">O projeto RUMO visa promover a inclus\u00e3o e apoio a alunos migrantes de diferentes origens.<\/p>\n          <div class=\"u-list u-list-1\">\n            <div class=\"u-repeater u-repeater-1\">\n              <div class=\"u-align-left u-container-align-left u-container-style u-image u-list-item u-repeater-item u-shading u-image-1\" src=\"\" data-image-width=\"425\" data-image-height=\"283\" data-animation-name=\"customAnimationIn\" data-animation-duration=\"1500\" data-animation-delay=\"500\" style=\"background-image: linear-gradient(0deg, rgba(0, 0, 0, 0.2), rgba(0, 0, 0, 0.2)), url(&quot;https:\/\/cfaebi.pt\/rumo\/wp-content\/uploads\/2025\/04\/photo-1531972111231-7482a960e109.jpeg&quot;);\">\n                <div class=\"u-container-layout u-similar-container u-container-layout-2\">\n                  <div class=\"u-align-center u-black u-container-align-center u-container-style u-expanded-width u-group u-opacity u-opacity-60 u-group-2\" data-animation-name=\"\" data-animation-duration=\"0\" data-animation-delay=\"0\" data-animation-direction=\"\">\n                    <div class=\"u-container-layout u-valign-middle u-container-layout-3\">\n                      <h6 class=\"u-text u-text-3\">Integra\u00e7\u00e3o de Alunos Migrantes<\/h6>\n                    <\/div>\n                  <\/div>\n                <\/div>\n              <\/div>\n              <div class=\"u-align-left u-container-align-left u-container-style u-image u-list-item u-repeater-item u-shading u-image-2\" src=\"\" data-image-width=\"425\" data-image-height=\"283\" data-animation-name=\"customAnimationIn\" data-animation-duration=\"1500\" data-animation-delay=\"500\" style=\"background-image: linear-gradient(0deg, rgba(0, 0, 0, 0.2), rgba(0, 0, 0, 0.2)), url(&quot;https:\/\/cfaebi.pt\/rumo\/wp-content\/uploads\/2025\/04\/photo-1545987796-200677ee1011.jpeg&quot;);\">\n                <div class=\"u-container-layout u-similar-container u-container-layout-4\">\n                  <div class=\"u-align-center u-black u-container-align-center u-container-style u-expanded-width u-group u-opacity u-opacity-60 u-group-3\" data-animation-name=\"\" data-animation-duration=\"0\" data-animation-delay=\"0\" data-animation-direction=\"\">\n                    <div class=\"u-container-layout u-valign-middle u-container-layout-5\">\n                      <h6 class=\"u-text u-text-4\">CFAEBI: Projeto de Coopera\u00e7\u00e3o Pedag\u00f3gica<\/h6>\n                    <\/div>\n                  <\/div>\n                <\/div>\n              <\/div>\n              <div class=\"u-align-left u-container-align-left u-container-style u-image u-list-item u-repeater-item u-shading u-image-3\" src=\"\" data-image-width=\"425\" data-image-height=\"319\" data-animation-name=\"customAnimationIn\" data-animation-duration=\"1500\" data-animation-delay=\"500\" style=\"background-image: linear-gradient(0deg, rgba(0, 0, 0, 0.2), rgba(0, 0, 0, 0.2)), url(&quot;https:\/\/cfaebi.pt\/rumo\/wp-content\/uploads\/2025\/04\/photo-1502060047661-b23274fe8e63.jpeg&quot;);\">\n                <div class=\"u-container-layout u-similar-container u-container-layout-6\">\n                  <div class=\"u-align-center u-black u-container-align-center u-container-style u-expanded-width u-group u-opacity u-opacity-60 u-group-4\" data-animation-name=\"\" data-animation-duration=\"0\" data-animation-delay=\"0\" data-animation-direction=\"\">\n                    <div class=\"u-container-layout u-valign-middle u-container-layout-7\">\n                      <h6 class=\"u-text u-text-5\">Inclus\u00e3o: Orienta\u00e7\u00f5es Legislativas<\/h6>\n                    <\/div>\n                  <\/div>\n                <\/div>\n              <\/div>\n              <div class=\"u-align-left u-container-align-left u-container-style u-image u-list-item u-repeater-item u-shading u-image-4\" src=\"\" data-image-width=\"425\" data-image-height=\"283\" data-animation-name=\"customAnimationIn\" data-animation-duration=\"1500\" data-animation-delay=\"750\" style=\"background-image: linear-gradient(0deg, rgba(0, 0, 0, 0.2), rgba(0, 0, 0, 0.2)), url(&quot;https:\/\/cfaebi.pt\/rumo\/wp-content\/uploads\/2025\/04\/photo-1604329051903-d89ddd523330.jpeg&quot;);\">\n                <div class=\"u-container-layout u-similar-container u-container-layout-8\">\n                  <div class=\"u-align-center u-black u-container-align-center u-container-style u-expanded-width u-group u-opacity u-opacity-60 u-group-5\" data-animation-name=\"\" data-animation-duration=\"0\" data-animation-delay=\"0\" data-animation-direction=\"\">\n                    <div class=\"u-container-layout u-valign-middle u-container-layout-9\">\n                      <h6 class=\"u-text u-text-6\">Projeto de \u00e2mbito Escolar: Coordenado pelo CFAE da Beira Interior<\/h6>\n                    <\/div>\n                  <\/div>\n                <\/div>\n              <\/div>\n              <div class=\"u-align-left u-container-align-left u-container-style u-image u-list-item u-repeater-item u-shading u-image-5\" src=\"\" data-image-width=\"425\" data-image-height=\"283\" data-animation-name=\"customAnimationIn\" data-animation-duration=\"1500\" data-animation-delay=\"750\" style=\"background-image: linear-gradient(0deg, rgba(0, 0, 0, 0.2), rgba(0, 0, 0, 0.2)), url(&quot;https:\/\/cfaebi.pt\/rumo\/wp-content\/uploads\/2025\/04\/photo-1605350635929-0d66113e4536.jpeg&quot;);\">\n                <div class=\"u-container-layout u-similar-container u-container-layout-10\">\n                  <div class=\"u-align-center u-black u-container-align-center u-container-style u-expanded-width u-group u-opacity u-opacity-60 u-group-6\" data-animation-name=\"\" data-animation-duration=\"0\" data-animation-delay=\"0\" data-animation-direction=\"\">\n                    <div class=\"u-container-layout u-valign-middle u-container-layout-11\">\n                      <h6 class=\"u-text u-text-7\">Faixa Et\u00e1ria: 3-18 Anos<\/h6>\n                    <\/div>\n                  <\/div>\n                <\/div>\n              <\/div>\n              <div class=\"u-align-left u-container-align-left u-container-style u-image u-list-item u-repeater-item u-shading u-image-6\" src=\"\" data-image-width=\"425\" data-image-height=\"283\" data-animation-name=\"customAnimationIn\" data-animation-duration=\"1500\" data-animation-delay=\"750\" style=\"background-image: linear-gradient(0deg, rgba(0, 0, 0, 0.2), rgba(0, 0, 0, 0.2)), url(&quot;https:\/\/cfaebi.pt\/rumo\/wp-content\/uploads\/2025\/04\/photo-1553877522-43269d4ea984.jpeg&quot;);\">\n                <div class=\"u-container-layout u-similar-container u-container-layout-12\">\n                  <div class=\"u-align-center u-black u-container-align-center u-container-style u-expanded-width u-group u-opacity u-opacity-60 u-group-7\" data-animation-name=\"\" data-animation-duration=\"0\" data-animation-delay=\"0\" data-animation-direction=\"\">\n                    <div class=\"u-container-layout u-valign-middle u-container-layout-13\">\n                      <h6 class=\"u-text u-text-8\">Diversidade Cultural Valorizada<\/h6>\n                    <\/div>\n                  <\/div>\n                <\/div>\n              <\/div>\n              <div class=\"u-align-left u-container-align-left u-container-style u-image u-list-item u-repeater-item u-shading u-image-7\" src=\"\" data-image-width=\"425\" data-image-height=\"283\" data-animation-name=\"customAnimationIn\" data-animation-duration=\"1500\" data-animation-delay=\"1000\" style=\"background-image: linear-gradient(0deg, rgba(0, 0, 0, 0.2), rgba(0, 0, 0, 0.2)), url(&quot;https:\/\/cfaebi.pt\/rumo\/wp-content\/uploads\/2025\/04\/photo-1493479988091-af8e5d6ce8f5.jpeg&quot;);\">\n                <div class=\"u-container-layout u-similar-container u-container-layout-14\">\n                  <div class=\"u-align-center u-black u-container-align-center u-container-style u-expanded-width u-group u-opacity u-opacity-60 u-group-8\" data-animation-name=\"\" data-animation-duration=\"0\" data-animation-delay=\"0\" data-animation-direction=\"\">\n                    <div class=\"u-container-layout u-valign-middle u-container-layout-15\">\n                      <h6 class=\"u-text u-text-9\">Recursos Pedag\u00f3gicos com Impacto Positivo<\/h6>\n                    <\/div>\n                  <\/div>\n                <\/div>\n              <\/div>\n              <div class=\"u-align-left u-container-align-left u-container-style u-image u-list-item u-repeater-item u-shading u-image-8\" src=\"\" data-image-width=\"425\" data-image-height=\"240\" data-animation-name=\"customAnimationIn\" data-animation-duration=\"1500\" data-animation-delay=\"1000\" style=\"background-image: linear-gradient(0deg, rgba(0, 0, 0, 0.2), rgba(0, 0, 0, 0.2)), url(&quot;https:\/\/cfaebi.pt\/rumo\/wp-content\/uploads\/2025\/04\/photo-1495232714953-ef7f41577786.jpeg&quot;);\">\n                <div class=\"u-container-layout u-similar-container u-container-layout-16\">\n                  <div class=\"u-align-center u-black u-container-align-center u-container-style u-expanded-width u-group u-opacity u-opacity-60 u-group-9\" data-animation-name=\"\" data-animation-duration=\"0\" data-animation-delay=\"0\" data-animation-direction=\"\">\n                    <div class=\"u-container-layout u-valign-middle u-container-layout-17\">\n                      <h6 class=\"u-text u-text-10\">Projeto Educativo das Escolas em Foco<\/h6>\n                    <\/div>\n                  <\/div>\n                <\/div>\n              <\/div>\n              <div class=\"u-align-left u-container-align-left u-container-style u-image u-list-item u-repeater-item u-shading u-image-9\" src=\"\" data-image-width=\"425\" data-image-height=\"283\" data-animation-name=\"customAnimationIn\" data-animation-duration=\"1500\" data-animation-delay=\"1000\" style=\"background-image: linear-gradient(0deg, rgba(0, 0, 0, 0.2), rgba(0, 0, 0, 0.2)), url(&quot;https:\/\/cfaebi.pt\/rumo\/wp-content\/uploads\/2025\/04\/photo-1487621867583-13f330e366ca.jpeg&quot;);\">\n                <div class=\"u-container-layout u-similar-container u-container-layout-18\">\n                  <div class=\"u-align-center u-black u-container-align-center u-container-style u-expanded-width u-group u-opacity u-opacity-60 u-group-10\" data-animation-name=\"\" data-animation-duration=\"0\" data-animation-delay=\"0\" data-animation-direction=\"\">\n                    <div class=\"u-container-layout u-valign-middle u-container-layout-19\">\n                      <h6 class=\"u-text u-text-11\">Desenvolvimento Curricular Integrado com Alunos Migrantes<\/h6>\n                    <\/div>\n                  <\/div>\n                <\/div>\n              <\/div>\n            <\/div>\n          <\/div>\n        <\/div>\n      <\/div>\n    <\/section>\n    <section class=\"u-clearfix u-palette-2-base u-section-7\" id=\"carousel_18ef\">\n      <div class=\"u-clearfix u-sheet u-valign-middle-lg u-valign-middle-md u-valign-middle-sm u-sheet-1\">\n        <h5 class=\"u-align-center u-text u-text-default u-text-1\" data-animation-name=\"customAnimationIn\" data-animation-duration=\"1000\" data-animation-delay=\"0\">CFAE da Beira Interior<\/h5>\n        <h2 class=\"u-align-center u-text u-text-2\" data-animation-name=\"customAnimationIn\" data-animation-duration=\"1000\" data-animation-delay=\"0\"> Resumo do Projeto<\/h2>\n        <h4 class=\"u-align-center u-text u-text-3\" data-animation-name=\"customAnimationIn\" data-animation-duration=\"1000\" data-animation-delay=\"500\">Projeto de Integra\u00e7\u00e3o de Alunos Migrantes<\/h4>\n        <p class=\"u-align-justify u-text u-text-4\">O projeto RUMO \u00e9 uma iniciativa coordenada pelo CFAEBI e dinamizada pelas 13 escolas associadas da Beira Interior, com o objetivo de promover a integra\u00e7\u00e3o plena de alunos migrantes com idades entre os 3 e os 18 anos, independentemente da sua nacionalidade de origem. Desenvolvido em contexto escolar e com base nos recursos dispon\u00edveis \u2013 professores e mediadores culturais \u2013 o projeto estrutura-se em torno de quatro eixos fundamentais: inclus\u00e3o lingu\u00edstica, curricular, cultural e psicol\u00f3gica.&nbsp;<br>A inclus\u00e3o lingu\u00edstica ser\u00e1 promovida atrav\u00e9s de aulas de Portugu\u00eas L\u00edngua de Acolhimento (PLA), materiais multilingues e estrat\u00e9gias l\u00fadicas. A inclus\u00e3o curricular ser\u00e1 assegurada por planos individualizados, metodologias diferenciadas e trabalho colaborativo entre docentes. A dimens\u00e3o cultural ser\u00e1 trabalhada com atividades interculturais, eventos escolares tem\u00e1ticos e o envolvimento das fam\u00edlias. Por fim, a inclus\u00e3o psicol\u00f3gica ter\u00e1 como foco o bem-estar emocional, com a cria\u00e7\u00e3o de grupos de acolhimento, sess\u00f5es de express\u00e3o emocional e media\u00e7\u00e3o cultural cont\u00ednua.&nbsp;<br>O projeto ser\u00e1 implementado ao longo de cada ano letivo, iniciando-se com um diagn\u00f3stico inicial das necessidades dos alunos e culminando numa avalia\u00e7\u00e3o global, permitindo o reajuste das estrat\u00e9gias. Pretende-se, com esta abordagem integrada, garantir o sucesso educativo, o bem-estar e o sentimento de perten\u00e7a dos alunos migrantes, contribuindo para uma escola mais equitativa, inclusiva e acolhedora. \n        <\/p>\n      <\/div>\n    <\/section>\n    <section class=\"u-clearfix u-container-align-center-lg u-container-align-center-xl u-container-align-center-xxl u-section-8\" id=\"sec-b0ff\">\n      <div class=\"u-clearfix u-sheet u-valign-middle-lg u-valign-middle-sm u-valign-middle-xl u-sheet-1\">\n        <h2 class=\"u-align-center u-text u-text-1\" data-animation-name=\"flipIn\" data-animation-duration=\"1500\" data-animation-delay=\"500\" data-animation-direction=\"X\">Promovemos o trabalho em rede<\/h2>\n        <h2 class=\"u-align-center u-text u-text-default-lg u-text-default-xl u-text-default-xxl u-text-2\" data-animation-name=\"flipIn\" data-animation-duration=\"1500\" data-animation-delay=\"500\" data-animation-direction=\"X\">Valorizamos as nossas escolas associadas<\/h2>\n        <div class=\"data-layout-selected u-clearfix u-expanded-width u-gutter-0 u-layout-wrap u-layout-wrap-1\">\n          <div class=\"u-layout\" style=\"\">\n            <div class=\"u-layout-row\" style=\"\">\n              <div class=\"u-align-left u-container-align-left u-container-style u-image u-layout-cell u-left-cell u-size-27-lg u-size-30-xl u-size-30-xxl u-size-60-md u-size-60-sm u-size-60-xs u-size-xs-60 u-image-1\" src=\"\" data-image-width=\"1280\" data-image-height=\"853\" data-animation-name=\"customAnimationIn\" data-animation-duration=\"1500\" data-animation-delay=\"500\" style=\"background-image: url(&quot;https:\/\/cfaebi.pt\/rumo\/wp-content\/uploads\/2025\/04\/eeb9fca27ac8a71e882e615c11037e1c3c8db5296b59d37d0164b8ad136043cfab38906500efa55e324b5a8c7fbe116c111f2031e2778d01e3348b_1280.jpg&quot;);\">\n                <div class=\"u-container-layout u-container-layout-1\"><\/div>\n              <\/div>\n              <div class=\"u-align-left u-container-align-left u-container-align-left-lg u-container-align-left-md u-container-align-left-xl u-container-align-left-xxl u-container-style u-layout-cell u-right-cell u-shape-rectangle u-size-30-xl u-size-30-xxl u-size-33-lg u-size-60-md u-size-60-sm u-size-60-xs u-size-xs-60 u-layout-cell-2\" data-animation-name=\"customAnimationIn\" data-animation-duration=\"1500\" data-animation-delay=\"500\">\n                <div class=\"u-container-layout u-container-layout-2\" src=\"\">\n                  <div class=\"u-expanded-width u-layout-horizontal u-list u-list-1\">\n                    <div class=\"u-repeater u-repeater-1\">\n                      <div class=\"u-container-style u-list-item u-repeater-item u-shape-rectangle u-list-item-1\">\n                        <div class=\"u-container-layout u-similar-container u-valign-top u-container-layout-3\"><span class=\"u-align-left u-file-icon u-icon u-text-grey-25 u-icon-1\"><img decoding=\"async\" src=\"https:\/\/cfaebi.pt\/rumo\/wp-content\/uploads\/2025\/04\/e43d036a.png\" alt=\"\"><\/span>\n                          <p class=\"u-align-left u-text u-text-default u-text-3\">Destinado a alunos migrantes dos 3 aos 18 anos, sem predomin\u00e2ncia de nacionalidades, este projeto \u00e9 desenvolvido prioritariamente em contexto escolar, contando com professores e mediadores culturais como recursos dispon\u00edveis no apoio \u00e0 integra\u00e7\u00e3o plena destes alunos, na Beira Interior.<\/p>\n                          <h4 class=\"u-align-left u-text u-text-default u-text-4\" data-animation-name=\"\" data-animation-duration=\"0\" data-animation-delay=\"0\" data-animation-direction=\"\">Renato Alves<\/h4>\n                          <p class=\"u-align-left u-text u-text-default u-text-grey-50 u-text-5\">Diretor do CFAE da Beira Interior<\/p>\n                        <\/div>\n                      <\/div>\n                      <div class=\"u-container-style u-list-item u-repeater-item u-shape-rectangle u-list-item-2\">\n                        <div class=\"u-container-layout u-similar-container u-valign-top u-container-layout-4\"><span class=\"u-align-left u-file-icon u-icon u-text-grey-25 u-icon-2\"><img decoding=\"async\" src=\"https:\/\/cfaebi.pt\/rumo\/wp-content\/uploads\/2025\/04\/e43d036a.png\" alt=\"\"><\/span>\n                          <p class=\"u-align-left u-text u-text-default u-text-6\">A empresa de consultoria forneceu um servi\u00e7o excepcional e insights valiosos que contribu\u00edram significativamente para o sucesso do nosso projeto. Sua equipe demonstrou profunda expertise na \u00e1rea, entregando solu\u00e7\u00f5es inovadoras sob medida para nossas necessidades espec\u00edficas.<\/p>\n                          <h4 class=\"u-align-left u-text u-text-default u-text-7\" data-animation-name=\"\" data-animation-duration=\"0\" data-animation-delay=\"0\" data-animation-direction=\"\">Dante J. Carvalho<\/h4>\n                          <p class=\"u-align-left u-text u-text-default u-text-grey-50 u-text-8\">Gerente<\/p>\n                        <\/div>\n                      <\/div>\n                    <\/div>\n                    <a class=\"u-absolute-vcenter u-gallery-nav u-gallery-nav-prev u-grey-30 u-hidden u-hidden-xs u-hover-grey-40 u-icon-circle u-opacity u-opacity-70 u-spacing-10 u-text-white u-gallery-nav-1\" href=\"#\" role=\"button\"><span aria-hidden=\"true\">\n                        <svg viewBox=\"0 0 451.847 451.847\"><path d=\"M97.141,225.92c0-8.095,3.091-16.192,9.259-22.366L300.689,9.27c12.359-12.359,32.397-12.359,44.751,0\nc12.354,12.354,12.354,32.388,0,44.748L173.525,225.92l171.903,171.909c12.354,12.354,12.354,32.391,0,44.744\nc-12.354,12.365-32.386,12.365-44.745,0l-194.29-194.281C100.226,242.115,97.141,234.018,97.141,225.92z\"><\/path><\/svg><\/span><span class=\"sr-only\">\n                        <svg viewBox=\"0 0 451.847 451.847\"><path d=\"M97.141,225.92c0-8.095,3.091-16.192,9.259-22.366L300.689,9.27c12.359-12.359,32.397-12.359,44.751,0\nc12.354,12.354,12.354,32.388,0,44.748L173.525,225.92l171.903,171.909c12.354,12.354,12.354,32.391,0,44.744\nc-12.354,12.365-32.386,12.365-44.745,0l-194.29-194.281C100.226,242.115,97.141,234.018,97.141,225.92z\"><\/path><\/svg><\/span>\n                    <\/a>\n                    <a class=\"u-absolute-vcenter u-gallery-nav u-gallery-nav-next u-grey-30 u-hidden u-hidden-xs u-hover-grey-40 u-icon-circle u-opacity u-opacity-70 u-spacing-10 u-text-white u-gallery-nav-2\" href=\"#\" role=\"button\"><span aria-hidden=\"true\">\n                        <svg viewBox=\"0 0 451.846 451.847\"><path d=\"M345.441,248.292L151.154,442.573c-12.359,12.365-32.397,12.365-44.75,0c-12.354-12.354-12.354-32.391,0-44.744\nL278.318,225.92L106.409,54.017c-12.354-12.359-12.354-32.394,0-44.748c12.354-12.359,32.391-12.359,44.75,0l194.287,194.284\nc6.177,6.18,9.262,14.271,9.262,22.366C354.708,234.018,351.617,242.115,345.441,248.292z\"><\/path><\/svg><\/span><span class=\"sr-only\">\n                        <svg viewBox=\"0 0 451.846 451.847\"><path d=\"M345.441,248.292L151.154,442.573c-12.359,12.365-32.397,12.365-44.75,0c-12.354-12.354-12.354-32.391,0-44.744\nL278.318,225.92L106.409,54.017c-12.354-12.359-12.354-32.394,0-44.748c12.354-12.359,32.391-12.359,44.75,0l194.287,194.284\nc6.177,6.18,9.262,14.271,9.262,22.366C354.708,234.018,351.617,242.115,345.441,248.292z\"><\/path><\/svg><\/span>\n                    <\/a>\n                  <\/div>\n                <\/div>\n              <\/div>\n            <\/div>\n          <\/div>\n        <\/div>\n      <\/div>\n    <\/section>\n    <section class=\"u-align-center u-clearfix u-container-align-center u-container-align-center-lg u-container-align-center-xl u-container-align-center-xxl u-palette-1-base u-section-9\" id=\"block-1\">\n      <div class=\"u-clearfix u-sheet u-valign-middle-lg u-valign-middle-sm u-valign-middle-xl u-sheet-1\">\n        <h4 class=\"u-align-center u-text u-text-default u-text-1\"> Migrants | Award-Winning CG Animated Short Film about Climate change<\/h4>\n        <div class=\"custom-expanded u-align-left u-video u-video-contain u-video-1\">\n          <div class=\"embed-responsive embed-responsive-1\">\n            <iframe style=\"position: absolute;top: 0;left: 0;width: 100%;height: 100%;\" class=\"embed-responsive-item\" src=\"https:\/\/www.youtube-nocookie.com\/embed\/ugPJi8kMK8Q?playlist=ugPJi8kMK8Q&amp;loop=1&amp;mute=1&amp;showinfo=1&amp;controls=1&amp;start=0&amp;autoplay=1\" data-autoplay=\"1\" frameborder=\"0\" allowfullscreen=\"\"><\/iframe>\n          <\/div>\n        <\/div>\n        <p class=\"u-align-justify u-text u-text-2\"> A casa&nbsp;de dois ursos polares, protagonistas desta multipremiada curta-metragem de anima\u00e7\u00e3o 3D, intitulada&nbsp;Migrants, tornou-se inabit\u00e1vel devido \u00e0s altera\u00e7\u00f5es clim\u00e1ticas. O degelo das superf\u00edcies onde viviam for\u00e7ou&nbsp;m\u00e3e e cria a encontrar um novo habitat. \u00c0 chegada ao novo destino,&nbsp;a recep\u00e7\u00e3o, por\u00e9m, n\u00e3o \u00e9 amig\u00e1vel. Ursos castanhos aut\u00f3ctones impedem, com recurso a for\u00e7a, a perman\u00eancia dos rec\u00e9m-chegados, expulsando-os do seu territ\u00f3rio. O que acontece a seguir?<\/p>\n      <\/div>\n    <\/section>\n    <section class=\"u-align-center u-clearfix u-container-align-center u-container-align-center-lg u-container-align-center-md u-container-align-center-xl u-container-align-center-xxl u-palette-5-light-3 u-section-10\" id=\"sec-3e88\">\n      <div class=\"u-clearfix u-sheet u-sheet-1\">\n        <h2 class=\"u-align-left-xs u-text u-text-default u-text-palette-1-base u-text-1\">Boas Pr\u00e1ticas das Escolas<\/h2>\n        <div class=\"u-shape u-shape-svg u-text-palette-1-base u-shape-1\">\n          <svg class=\"u-svg-link\" preserveAspectRatio=\"none\" viewBox=\"0 0 160 40\" style=\"\"><use xlink:href=\"#svg-7533\"><\/use><\/svg>\n          <svg class=\"u-svg-content\" viewBox=\"0 0 160 40\" x=\"0px\" y=\"0px\" id=\"svg-7533\"><path d=\"M60,20C60,9.1,69.1,0,80,0s20,9.1,20,20s-9.1,20-20,20S60,30.9,60,20z M0,20C0,9.1,9.1,0,20,0s20,9.1,20,20s-9.1,20-20,20\n\tS0,30.9,0,20z M120,20c0-10.9,9.1-20,20-20s20,9.1,20,20s-9.1,20-20,20S120,30.9,120,20z\"><\/path><\/svg>\n        <\/div>\n        <div class=\"u-blog u-expanded-width u-pagination-center u-sorting-right u-blog-1 u-hidden-visibility\"  data-site-sorting-prop=\"created\" data-site-sorting-order=\"desc\" data-blog-source-type=\"Custom\" data-blog-source=\"Boas Pr\u00e1ticas\" data-max-items=\"20\">\n          <div class=\"has-categories-listbox has-sorting u-list-control\"><\/div>\n          <div class=\"u-repeater u-repeater-1\">\n            <div class=\"u-blog-post u-repeater-item\">\n              <div class=\"u-container-layout u-similar-container u-valign-bottom-sm u-container-layout-1\"><a class=\"u-blog-control u-image u-image-default u-image-1\" href=\"https:\/\/cfaebi.pt\/rumo\/2026\/04\/21\/convivio-intercultural\/\">\n                <img decoding=\"async\" src=\"https:\/\/cfaebi.pt\/rumo\/wp-content\/uploads\/2026\/04\/WhatsApp-Image-2026-03-30-at-17.03.32.jpeg\" alt=\"\" class=\"u-blog-control u-image u-image-default u-image-1\"><\/a>\n                <h2 class=\"u-blog-control u-text u-text-2\" data-lang-pt=\"\n                &lt;a class=&quot;u-post-header-link&quot; href=&quot;https:\/\/cfaebi.pt\/rumo\/2025\/07\/24\/aula-de-campo-em-portugues-lingua-nao-materna\/&quot; style=&quot;&quot;&gt;Aula de campo em Portugu\u00eas Lingua n\u00e3o Materna&lt;\/a&gt;\n              \" data-lang-en=\"\n                &lt;a class=&quot;u-post-header-link&quot; href=&quot;https:\/\/cfaebi.pt\/rumo\/2025\/07\/24\/aula-de-campo-em-portugues-lingua-nao-materna\/&quot; style=&quot;&quot;&gt;Aula de campo em Portugu\u00eas Lingua n\u00e3o Materna&lt;\/a&gt;\n              \">\n                  <a class=\"u-post-header-link\" href=\"https:\/\/cfaebi.pt\/rumo\/2026\/04\/21\/convivio-intercultural\/\" style=\"\">Conv\u00edvio Intercultural<\/a>\n                <\/h2>\n                <div class=\"u-align-left-lg u-align-left-md u-align-left-sm u-align-left-xs u-align-right-xl u-blog-control u-metadata u-metadata-1\"><span class=\"u-meta-date u-meta-icon\">Abril 21, 2026<\/span><span class=\"u-meta-category u-meta-icon\"><a class=\"u-textlink\" href=\"https:\/\/cfaebi.pt\/rumo\/category\/boas_praticas\/\" rel=\"category tag\">Boas Pr\u00e1ticas<\/a>, <a class=\"u-textlink\" href=\"https:\/\/cfaebi.pt\/rumo\/category\/boas_praticas-en\/escola-secundaria-campos-melo-en\/\" rel=\"category tag\">Escola Secund\u00e1ria Campos Melo<\/a><\/span>\n                <\/div>\n                <div class=\"u-blog-control u-post-content u-text u-text-3\" data-lang-pt=\"&lt;p&gt;\nProduzir enunciados orais breves com o objetivo de cumprimentar\/despedir-se; agradecer\/reagir a um agradecimento. (n\u00edvel A1)- Interagir com \u2026&lt;\/p&gt;\" data-lang-en=\"&lt;p&gt;\nProduzir enunciados orais breves com o objetivo de cumprimentar\/despedir-se; agradecer\/reagir a um agradecimento. (n\u00edvel A1)- Interagir com \u2026&lt;\/p&gt;\"><p>\n\nReconhecer a diversidade cultural como uma riqueza e oportunidade de aprendizagem, e n\u00e3o como uma barreira.\n\n\n\nProporcionar o conhecimento de &hellip;<\/p>\n                <\/div>\n                <a href=\"https:\/\/cfaebi.pt\/rumo\/2026\/04\/21\/convivio-intercultural\/\" class=\"u-blog-control u-border-2 u-border-grey-dark-1 u-btn u-btn-rectangle u-button-style u-none u-btn-1\">VER MAIS<!-- - \/ blog_post_readmore_content ---><\/a>\n                <div class=\"u-border-3 u-border-palette-1-base u-expanded-width-xs u-line u-line-horizontal u-line-1\"><\/div>\n              <\/div>\n            <\/div>\n            <div class=\"u-blog-post u-repeater-item\">\n              <div class=\"u-container-layout u-similar-container u-valign-bottom-sm u-container-layout-2\"><a class=\"u-blog-control u-image u-image-default u-image-2\" href=\"https:\/\/cfaebi.pt\/rumo\/2025\/07\/24\/aula-de-campo-em-portugues-lingua-nao-materna\/\">\n                <img decoding=\"async\" src=\"https:\/\/cfaebi.pt\/rumo\/wp-content\/uploads\/2025\/07\/WhatsApp-Image-2025-05-31-at-15.08.19-2.jpeg\" alt=\"\" class=\"u-blog-control u-image u-image-default u-image-2\"><\/a>\n                <h2 class=\"u-blog-control u-text u-text-4\" data-lang-pt=\"\n                &lt;a class=&quot;u-post-header-link&quot; href=&quot;https:\/\/cfaebi.pt\/rumo\/2025\/05\/23\/acolhimento-e-integracao-de-alunas-migrantes-em-contexto-familiar-atipico\/&quot; style=&quot;&quot;&gt;&quot;De m\u00e3os dadas com a Ucr\u00e2nia&quot;&lt;\/a&gt;\n              \" data-lang-en=\"\n                &lt;a class=&quot;u-post-header-link&quot; href=&quot;https:\/\/cfaebi.pt\/rumo\/2025\/05\/23\/acolhimento-e-integracao-de-alunas-migrantes-em-contexto-familiar-atipico\/&quot; style=&quot;&quot;&gt;&quot;De m\u00e3os dadas com a Ucr\u00e2nia&quot;&lt;\/a&gt;\n              \">\n                  <a class=\"u-post-header-link\" href=\"https:\/\/cfaebi.pt\/rumo\/2025\/07\/24\/aula-de-campo-em-portugues-lingua-nao-materna\/\" style=\"\">Aula de campo em Portugu\u00eas L\u00edngua n\u00e3o Materna<\/a>\n                <\/h2>\n                <div class=\"u-align-left-lg u-align-left-md u-align-left-sm u-align-left-xs u-align-right-xl u-blog-control u-metadata u-metadata-2\"><span class=\"u-meta-date u-meta-icon\">Julho 24, 2025<\/span><span class=\"u-meta-category u-meta-icon\"><a class=\"u-textlink\" href=\"https:\/\/cfaebi.pt\/rumo\/category\/boas_praticas-en\/\" rel=\"category tag\">Boas Pr\u00e1ticas<\/a>, <a class=\"u-textlink\" href=\"https:\/\/cfaebi.pt\/rumo\/category\/boas_praticas\/escola-secundaria-campos-melo\/\" rel=\"category tag\">Escola Secund\u00e1ria Campos Melo<\/a><\/span>\n                <\/div>\n                <div class=\"u-blog-control u-post-content u-text u-text-5\" data-lang-pt=\"&lt;p&gt;\nCom o in\u00edcio do conflito na Ucr\u00e2nia, o agrupamento passou a acolher alunos provenientes deste pa\u00eds. Posteriormente, outros alunos migrantes de \u2026&lt;\/p&gt;\" data-lang-en=\"&lt;p&gt;\nCom o in\u00edcio do conflito na Ucr\u00e2nia, o agrupamento passou a acolher alunos provenientes deste pa\u00eds. Posteriormente, outros alunos migrantes de \u2026&lt;\/p&gt;\"><p>\nProduzir enunciados orais breves com o objetivo de cumprimentar\/despedir-se; agradecer\/reagir a um agradecimento. (n\u00edvel A1)- Interagir com &hellip;<\/p>\n                <\/div>\n                <a href=\"https:\/\/cfaebi.pt\/rumo\/2025\/07\/24\/aula-de-campo-em-portugues-lingua-nao-materna\/\" class=\"u-blog-control u-border-2 u-border-grey-dark-1 u-btn u-btn-rectangle u-button-style u-none u-btn-2\">VER MAIS<!-- - \/ blog_post_readmore_content ---><\/a>\n                <div class=\"u-border-3 u-border-palette-1-base u-expanded-width-xs u-line u-line-horizontal u-line-2\"><\/div>\n              <\/div>\n            <\/div>\n            <div class=\"u-blog-post u-repeater-item\">\n              <div class=\"u-container-layout u-similar-container u-valign-bottom-sm u-container-layout-3\"><a class=\"u-blog-control u-image u-image-default u-image-3\" href=\"https:\/\/cfaebi.pt\/rumo\/2025\/05\/23\/acolhimento-e-integracao-de-alunas-migrantes-em-contexto-familiar-atipico\/\">\n                <img decoding=\"async\" src=\"https:\/\/cfaebi.pt\/rumo\/wp-content\/uploads\/2025\/05\/hands-holding-each-other-support-scaled.jpg\" alt=\"\" class=\"u-blog-control u-image u-image-default u-image-3\"><\/a>\n                <h2 class=\"u-blog-control u-text u-text-6\" data-lang-pt=\"\n                &lt;a class=&quot;u-post-header-link&quot; href=&quot;https:\/\/cfaebi.pt\/rumo\/2025\/05\/22\/bem-vindos-a-escola\/&quot; style=&quot;&quot;&gt;&quot;Bem-vindos \u00e0 Escola&quot;&lt;\/a&gt;\n              \" data-lang-en=\"\n                &lt;a class=&quot;u-post-header-link&quot; href=&quot;https:\/\/cfaebi.pt\/rumo\/2025\/05\/22\/bem-vindos-a-escola\/&quot; style=&quot;&quot;&gt;&quot;Bem-vindos \u00e0 Escola&quot;&lt;\/a&gt;\n              \">\n                  <a class=\"u-post-header-link\" href=\"https:\/\/cfaebi.pt\/rumo\/2025\/05\/23\/acolhimento-e-integracao-de-alunas-migrantes-em-contexto-familiar-atipico\/\" style=\"\">\"De m\u00e3os dadas com a Ucr\u00e2nia\"<\/a>\n                <\/h2>\n                <div class=\"u-align-left-lg u-align-left-md u-align-left-sm u-align-left-xs u-align-right-xl u-blog-control u-metadata u-metadata-3\"><span class=\"u-meta-date u-meta-icon\">Maio 23, 2025<\/span><span class=\"u-meta-category u-meta-icon\"><a class=\"u-textlink\" href=\"https:\/\/cfaebi.pt\/rumo\/category\/boas_praticas\/agrupamento-de-escolas-de-manteigas\/\" rel=\"category tag\">Agrupamento de Escolas de Manteigas<\/a>, <a class=\"u-textlink\" href=\"https:\/\/cfaebi.pt\/rumo\/category\/boas_praticas\/\" rel=\"category tag\">Boas Pr\u00e1ticas<\/a><\/span>\n                <\/div>\n                <div class=\"u-blog-control u-post-content u-text u-text-7\" data-lang-pt=\"&lt;p&gt;\nContribuir para a constru\u00e7\u00e3o de n\u00edveis superiores de integra\u00e7\u00e3o dos alunos, assentes no trabalho conjunto e devidamente articulado entre todos. \u2026&lt;\/p&gt;\" data-lang-en=\"&lt;p&gt;\nContribuir para a constru\u00e7\u00e3o de n\u00edveis superiores de integra\u00e7\u00e3o dos alunos, assentes no trabalho conjunto e devidamente articulado entre todos. \u2026&lt;\/p&gt;\"><p>\nCom o in\u00edcio do conflito na Ucr\u00e2nia, o agrupamento passou a acolher alunos provenientes deste pa\u00eds. Posteriormente, outros alunos migrantes de &hellip;<\/p>\n                <\/div>\n                <a href=\"https:\/\/cfaebi.pt\/rumo\/2025\/05\/23\/acolhimento-e-integracao-de-alunas-migrantes-em-contexto-familiar-atipico\/\" class=\"u-blog-control u-border-2 u-border-grey-dark-1 u-btn u-btn-rectangle u-button-style u-none u-btn-3\">VER MAIS<!-- - \/ blog_post_readmore_content ---><\/a>\n                <div class=\"u-border-3 u-border-palette-1-base u-expanded-width-xs u-line u-line-horizontal u-line-3\"><\/div>\n              <\/div>\n            <\/div>\n            <div class=\"u-blog-post u-repeater-item\">\n              <div class=\"u-container-layout u-similar-container u-valign-bottom-sm u-container-layout-4\"><a class=\"u-blog-control u-image u-image-default u-image-4\" href=\"https:\/\/cfaebi.pt\/rumo\/2025\/05\/22\/bem-vindos-a-escola\/\">\n                <img decoding=\"async\" src=\"https:\/\/cfaebi.pt\/rumo\/wp-content\/uploads\/2025\/05\/atividade-zonas-culturais.jpg\" alt=\"\" class=\"u-blog-control u-image u-image-default u-image-4\"><\/a>\n                <h2 class=\"u-blog-control u-text u-text-8\" data-lang-pt=\"\n                &lt;a class=&quot;u-post-header-link&quot; href=&quot;https:\/\/cfaebi.pt\/rumo\/2025\/05\/22\/cei-capacitar-educar-incluir\/&quot; style=&quot;&quot;&gt;CEI (Capacitar, Educar, Incluir)&lt;\/a&gt;\n              \" data-lang-en=\"\n                &lt;a class=&quot;u-post-header-link&quot; href=&quot;https:\/\/cfaebi.pt\/rumo\/2025\/05\/22\/cei-capacitar-educar-incluir\/&quot; style=&quot;&quot;&gt;CEI (Capacitar, Educar, Incluir)&lt;\/a&gt;\n              \">\n                  <a class=\"u-post-header-link\" href=\"https:\/\/cfaebi.pt\/rumo\/2025\/05\/22\/bem-vindos-a-escola\/\" style=\"\">\"Bem-vindos \u00e0 Escola\"<\/a>\n                <\/h2>\n                <div class=\"u-align-left-lg u-align-left-md u-align-left-sm u-align-left-xs u-align-right-xl u-blog-control u-metadata u-metadata-4\"><span class=\"u-meta-date u-meta-icon\">Maio 22, 2025<\/span><span class=\"u-meta-category u-meta-icon\"><a class=\"u-textlink\" href=\"https:\/\/cfaebi.pt\/rumo\/category\/boas_praticas\/agrupamento-de-escolas-do-fundao\/\" rel=\"category tag\">Agrupamento de Escolas do Fund\u00e3o<\/a>, <a class=\"u-textlink\" href=\"https:\/\/cfaebi.pt\/rumo\/category\/boas_praticas\/\" rel=\"category tag\">Boas Pr\u00e1ticas<\/a><\/span>\n                <\/div>\n                <div class=\"u-blog-control u-post-content u-text u-text-9\" data-lang-pt=\"&lt;p&gt;\nFace \u00e0s dificuldades encontradas pelo Encarregados de Educa\u00e7\u00e3o dos alunos Migrantes em gerir a vida escolar dos seus filhos surgiu este din\u00e2mica.\n\u2026&lt;\/p&gt;\" data-lang-en=\"&lt;p&gt;\nFace \u00e0s dificuldades encontradas pelo Encarregados de Educa\u00e7\u00e3o dos alunos Migrantes em gerir a vida escolar dos seus filhos surgiu este din\u00e2mica.\n\u2026&lt;\/p&gt;\"><p>\nContribuir para a constru\u00e7\u00e3o de n\u00edveis superiores de integra\u00e7\u00e3o dos alunos, assentes no trabalho conjunto e devidamente articulado entre todos. &hellip;<\/p>\n                <\/div>\n                <a href=\"https:\/\/cfaebi.pt\/rumo\/2025\/05\/22\/bem-vindos-a-escola\/\" class=\"u-blog-control u-border-2 u-border-grey-dark-1 u-btn u-btn-rectangle u-button-style u-none u-btn-4\">VER MAIS<!-- - \/ blog_post_readmore_content ---><\/a>\n                <div class=\"u-border-3 u-border-palette-1-base u-expanded-width-xs u-line u-line-horizontal u-line-4\"><\/div>\n              <\/div>\n            <\/div>\n            <div class=\"u-blog-post u-repeater-item\">\n              <div class=\"u-container-layout u-similar-container u-valign-bottom-sm u-container-layout-5\"><a class=\"u-blog-control u-image u-image-default u-image-5\" href=\"https:\/\/cfaebi.pt\/rumo\/2025\/05\/22\/cei-capacitar-educar-incluir\/\">\n                <img decoding=\"async\" src=\"https:\/\/cfaebi.pt\/rumo\/wp-content\/uploads\/2025\/05\/CEI2.jpg\" alt=\"\" class=\"u-blog-control u-image u-image-default u-image-5\"><\/a>\n                <h2 class=\"u-blog-control u-text u-text-10\" data-lang-pt=\"\n                &lt;a class=&quot;u-post-header-link&quot; href=&quot;https:\/\/cfaebi.pt\/rumo\/2025\/05\/22\/entre-culturas-e-coracoes\/&quot; style=&quot;&quot;&gt;Entre Culturas e Cora\u00e7\u00f5es&lt;\/a&gt;\n              \" data-lang-en=\"\n                &lt;a class=&quot;u-post-header-link&quot; href=&quot;https:\/\/cfaebi.pt\/rumo\/2025\/05\/22\/entre-culturas-e-coracoes\/&quot; style=&quot;&quot;&gt;Entre Culturas e Cora\u00e7\u00f5es&lt;\/a&gt;\n              \">\n                  <a class=\"u-post-header-link\" href=\"https:\/\/cfaebi.pt\/rumo\/2025\/05\/22\/cei-capacitar-educar-incluir\/\" style=\"\">CEI (Capacitar, Educar, Incluir)<\/a>\n                <\/h2>\n                <div class=\"u-align-left-lg u-align-left-md u-align-left-sm u-align-left-xs u-align-right-xl u-blog-control u-metadata u-metadata-5\"><span class=\"u-meta-date u-meta-icon\">Maio 22, 2025<\/span><span class=\"u-meta-category u-meta-icon\"><a class=\"u-textlink\" href=\"https:\/\/cfaebi.pt\/rumo\/category\/boas_praticas\/agrupamento-de-escolas-do-fundao\/\" rel=\"category tag\">Agrupamento de Escolas do Fund\u00e3o<\/a>, <a class=\"u-textlink\" href=\"https:\/\/cfaebi.pt\/rumo\/category\/boas_praticas\/\" rel=\"category tag\">Boas Pr\u00e1ticas<\/a><\/span>\n                <\/div>\n                <div class=\"u-blog-control u-post-content u-text u-text-11\" data-lang-pt=\"&lt;p&gt;\nO projeto \u201cEntre Culturas e Cora\u00e7\u00f5es\u201d \u00e9 criado no decorrer do exerc\u00edcio das fun\u00e7\u00f5es de Mediador Lingu\u00edstico e Cultural. A crescente \u2026&lt;\/p&gt;\" data-lang-en=\"&lt;p&gt;\nO projeto \u201cEntre Culturas e Cora\u00e7\u00f5es\u201d \u00e9 criado no decorrer do exerc\u00edcio das fun\u00e7\u00f5es de Mediador Lingu\u00edstico e Cultural. A crescente \u2026&lt;\/p&gt;\"><p>\nFace \u00e0s dificuldades encontradas pelo Encarregados de Educa\u00e7\u00e3o dos alunos Migrantes em gerir a vida escolar dos seus filhos surgiu este din\u00e2mica.\n\n&hellip;<\/p>\n                <\/div>\n                <a href=\"https:\/\/cfaebi.pt\/rumo\/2025\/05\/22\/cei-capacitar-educar-incluir\/\" class=\"u-blog-control u-border-2 u-border-grey-dark-1 u-btn u-btn-rectangle u-button-style u-none u-btn-5\">VER MAIS<!-- - \/ blog_post_readmore_content ---><\/a>\n                <div class=\"u-border-3 u-border-palette-1-base u-expanded-width-xs u-line u-line-horizontal u-line-5\"><\/div>\n              <\/div>\n            <\/div>\n            <div class=\"u-blog-post u-repeater-item\">\n              <div class=\"u-container-layout u-similar-container u-valign-bottom-sm u-container-layout-6\"><a class=\"u-blog-control u-image u-image-default u-image-6\" href=\"https:\/\/cfaebi.pt\/rumo\/2025\/05\/22\/entre-culturas-e-coracoes\/\">\n                <img decoding=\"async\" src=\"https:\/\/cfaebi.pt\/rumo\/wp-content\/uploads\/2025\/05\/woman-making-love-sign-with-hands-scaled.jpg\" alt=\"\" class=\"u-blog-control u-image u-image-default u-image-6\"><\/a>\n                <h2 class=\"u-blog-control u-text u-text-12\" data-lang-pt=\"\n                &lt;a class=&quot;u-post-header-link&quot; href=&quot;https:\/\/cfaebi.pt\/rumo\/2025\/05\/22\/ciberescola-da-lingua-portuguesa-apoio-a-alunos-estrangeiros-plnm\/&quot; style=&quot;&quot;&gt;Ciberescola da L\u00edngua Portuguesa \u2013 Apoio a Alunos Estrangeiros \/ PLNM&lt;\/a&gt;\n              \" data-lang-en=\"\n                &lt;a class=&quot;u-post-header-link&quot; href=&quot;https:\/\/cfaebi.pt\/rumo\/2025\/05\/22\/ciberescola-da-lingua-portuguesa-apoio-a-alunos-estrangeiros-plnm\/&quot; style=&quot;&quot;&gt;Ciberescola da L\u00edngua Portuguesa \u2013 Apoio a Alunos Estrangeiros \/ PLNM&lt;\/a&gt;\n              \">\n                  <a class=\"u-post-header-link\" href=\"https:\/\/cfaebi.pt\/rumo\/2025\/05\/22\/entre-culturas-e-coracoes\/\" style=\"\">Entre Culturas e Cora\u00e7\u00f5es<\/a>\n                <\/h2>\n                <div class=\"u-align-left-lg u-align-left-md u-align-left-sm u-align-left-xs u-align-right-xl u-blog-control u-metadata u-metadata-6\"><span class=\"u-meta-date u-meta-icon\">Maio 22, 2025<\/span><span class=\"u-meta-category u-meta-icon\"><a class=\"u-textlink\" href=\"https:\/\/cfaebi.pt\/rumo\/category\/boas_praticas\/agrupamento-de-escola-pero-da-covilha\/\" rel=\"category tag\">Agrupamento de Escola P\u00earo da Covilh\u00e3<\/a>, <a class=\"u-textlink\" href=\"https:\/\/cfaebi.pt\/rumo\/category\/boas_praticas\/\" rel=\"category tag\">Boas Pr\u00e1ticas<\/a><\/span>\n                <\/div>\n                <div class=\"u-blog-control u-post-content u-text u-text-13\" data-lang-pt=\"&lt;p&gt;\nO aumento do n\u00famero de alunos estrangeiros nas escolas portuguesas trouxe a necessidade de uma resposta pedag\u00f3gica diferenciada no ensino do \u2026&lt;\/p&gt;\" data-lang-en=\"&lt;p&gt;\nO aumento do n\u00famero de alunos estrangeiros nas escolas portuguesas trouxe a necessidade de uma resposta pedag\u00f3gica diferenciada no ensino do \u2026&lt;\/p&gt;\"><p>\nO projeto \u201cEntre Culturas e Cora\u00e7\u00f5es\u201d \u00e9 criado no decorrer do exerc\u00edcio das fun\u00e7\u00f5es de Mediador Lingu\u00edstico e Cultural. A crescente &hellip;<\/p>\n                <\/div>\n                <a href=\"https:\/\/cfaebi.pt\/rumo\/2025\/05\/22\/entre-culturas-e-coracoes\/\" class=\"u-blog-control u-border-2 u-border-grey-dark-1 u-btn u-btn-rectangle u-button-style u-none u-btn-6\">VER MAIS<!-- - \/ blog_post_readmore_content ---><\/a>\n                <div class=\"u-border-3 u-border-palette-1-base u-expanded-width-xs u-line u-line-horizontal u-line-6\"><\/div>\n              <\/div>\n            <\/div>\n            <div class=\"u-blog-post u-repeater-item\">\n              <div class=\"u-container-layout u-similar-container u-valign-bottom-sm u-container-layout-7\"><a class=\"u-blog-control u-image u-image-default u-image-7\" href=\"https:\/\/cfaebi.pt\/rumo\/2025\/05\/22\/ciberescola-da-lingua-portuguesa-apoio-a-alunos-estrangeiros-plnm\/\">\n                <img decoding=\"async\" src=\"https:\/\/cfaebi.pt\/rumo\/wp-content\/uploads\/2025\/05\/college-students-different-ethnicities-cramming-scaled.jpg\" alt=\"\" class=\"u-blog-control u-image u-image-default u-image-7\"><\/a>\n                <h2 class=\"u-blog-control u-text u-text-14\" data-lang-pt=\"\n                &lt;a class=&quot;u-post-header-link&quot; href=&quot;https:\/\/cfaebi.pt\/rumo\/2025\/05\/21\/projeto-jump-programa-escolhas\/&quot; style=&quot;&quot;&gt;Projeto JUMP \u2013 Programa Escolhas&lt;\/a&gt;\n              \" data-lang-en=\"\n                &lt;a class=&quot;u-post-header-link&quot; href=&quot;https:\/\/cfaebi.pt\/rumo\/2025\/05\/21\/projeto-jump-programa-escolhas\/&quot; style=&quot;&quot;&gt;Projeto JUMP \u2013 Programa Escolhas&lt;\/a&gt;\n              \">\n                  <a class=\"u-post-header-link\" href=\"https:\/\/cfaebi.pt\/rumo\/2025\/05\/22\/ciberescola-da-lingua-portuguesa-apoio-a-alunos-estrangeiros-plnm\/\" style=\"\">Ciberescola da L\u00edngua Portuguesa \u2013 Apoio a Alunos Estrangeiros \/ PLNM<\/a>\n                <\/h2>\n                <div class=\"u-align-left-lg u-align-left-md u-align-left-sm u-align-left-xs u-align-right-xl u-blog-control u-metadata u-metadata-7\"><span class=\"u-meta-date u-meta-icon\">Maio 22, 2025<\/span><span class=\"u-meta-category u-meta-icon\"><a class=\"u-textlink\" href=\"https:\/\/cfaebi.pt\/rumo\/category\/boas_praticas\/agrupamento-de-escola-pero-da-covilha\/\" rel=\"category tag\">Agrupamento de Escola P\u00earo da Covilh\u00e3<\/a>, <a class=\"u-textlink\" href=\"https:\/\/cfaebi.pt\/rumo\/category\/boas_praticas\/\" rel=\"category tag\">Boas Pr\u00e1ticas<\/a><\/span>\n                <\/div>\n                <div class=\"u-blog-control u-post-content u-text u-text-15\" data-lang-pt=\"&lt;p&gt;\nValorizar a educa\u00e7\u00e3o, formal e informal, como agente de mudan\u00e7a, promotora de um pensamento cr\u00edtico e criativo, potenciando uma maior participa\u00e7\u00e3o \u2026&lt;\/p&gt;\" data-lang-en=\"&lt;p&gt;\nValorizar a educa\u00e7\u00e3o, formal e informal, como agente de mudan\u00e7a, promotora de um pensamento cr\u00edtico e criativo, potenciando uma maior participa\u00e7\u00e3o \u2026&lt;\/p&gt;\"><p>\nO aumento do n\u00famero de alunos estrangeiros nas escolas portuguesas trouxe a necessidade de uma resposta pedag\u00f3gica diferenciada no ensino do &hellip;<\/p>\n                <\/div>\n                <a href=\"https:\/\/cfaebi.pt\/rumo\/2025\/05\/22\/ciberescola-da-lingua-portuguesa-apoio-a-alunos-estrangeiros-plnm\/\" class=\"u-blog-control u-border-2 u-border-grey-dark-1 u-btn u-btn-rectangle u-button-style u-none u-btn-7\">VER MAIS<!-- - \/ blog_post_readmore_content ---><\/a>\n                <div class=\"u-border-3 u-border-palette-1-base u-expanded-width-xs u-line u-line-horizontal u-line-7\"><\/div>\n              <\/div>\n            <\/div>\n            <div class=\"u-blog-post u-repeater-item\">\n              <div class=\"u-container-layout u-similar-container u-valign-bottom-sm u-container-layout-8\"><a class=\"u-blog-control u-image u-image-default u-image-8\" href=\"https:\/\/cfaebi.pt\/rumo\/2025\/05\/21\/projeto-jump-programa-escolhas\/\">\n                <img decoding=\"async\" src=\"https:\/\/cfaebi.pt\/rumo\/wp-content\/uploads\/2025\/05\/Template-de-Identificacao-de-Projetos-de-Integracao-de-Migrantes_PedroAlvaresCabral_Pagina_2.png\" alt=\"\" class=\"u-blog-control u-image u-image-default u-image-8\"><\/a>\n                <h2 class=\"u-blog-control u-text u-text-16\" data-lang-pt=\"\n                &lt;a class=&quot;u-post-header-link&quot; href=&quot;https:\/\/cfaebi.pt\/rumo\/2025\/05\/20\/a-falar-e-que-a-gente-se-entende\/&quot; style=&quot;&quot;&gt;A Falar \u00e9 que a Gente se Entende&lt;\/a&gt;\n              \" data-lang-en=\"\n                &lt;a class=&quot;u-post-header-link&quot; href=&quot;https:\/\/cfaebi.pt\/rumo\/2025\/05\/20\/a-falar-e-que-a-gente-se-entende\/&quot; style=&quot;&quot;&gt;A Falar \u00e9 que a Gente se Entende&lt;\/a&gt;\n              \">\n                  <a class=\"u-post-header-link\" href=\"https:\/\/cfaebi.pt\/rumo\/2025\/05\/21\/projeto-jump-programa-escolhas\/\" style=\"\">Projeto JUMP \u2013 Programa Escolhas<\/a>\n                <\/h2>\n                <div class=\"u-align-left-lg u-align-left-md u-align-left-sm u-align-left-xs u-align-right-xl u-blog-control u-metadata u-metadata-8\"><span class=\"u-meta-date u-meta-icon\">Maio 21, 2025<\/span><span class=\"u-meta-category u-meta-icon\"><a class=\"u-textlink\" href=\"https:\/\/cfaebi.pt\/rumo\/category\/boas_praticas\/agrupamento-de-escolas-pedro-alvares-cabral\/\" rel=\"category tag\">Agrupamento de Escolas Pedro \u00c1lvares Cabral<\/a>, <a class=\"u-textlink\" href=\"https:\/\/cfaebi.pt\/rumo\/category\/boas_praticas\/\" rel=\"category tag\">Boas Pr\u00e1ticas<\/a><\/span>\n                <\/div>\n                <div class=\"u-blog-control u-post-content u-text u-text-17\" data-lang-pt=\"&lt;p&gt;\nO aumento do n\u00famero de alunos imigrantes na escola, nomeadamente de pa\u00edses de l\u00edngua n\u00e3o portuguesa, suscitou a necessidade de se desenvolverem \u2026&lt;\/p&gt;\" data-lang-en=\"&lt;p&gt;\nO aumento do n\u00famero de alunos imigrantes na escola, nomeadamente de pa\u00edses de l\u00edngua n\u00e3o portuguesa, suscitou a necessidade de se desenvolverem \u2026&lt;\/p&gt;\"><p>\nValorizar a educa\u00e7\u00e3o, formal e informal, como agente de mudan\u00e7a, promotora de um pensamento cr\u00edtico e criativo, potenciando uma maior participa\u00e7\u00e3o &hellip;<\/p>\n                <\/div>\n                <a href=\"https:\/\/cfaebi.pt\/rumo\/2025\/05\/21\/projeto-jump-programa-escolhas\/\" class=\"u-blog-control u-border-2 u-border-grey-dark-1 u-btn u-btn-rectangle u-button-style u-none u-btn-8\">VER MAIS<!-- - \/ blog_post_readmore_content ---><\/a>\n                <div class=\"u-border-3 u-border-palette-1-base u-expanded-width-xs u-line u-line-horizontal u-line-8\"><\/div>\n              <\/div>\n            <\/div>\n            <div class=\"u-blog-post u-repeater-item\">\n              <div class=\"u-container-layout u-similar-container u-valign-bottom-sm u-container-layout-9\"><a class=\"u-blog-control u-image u-image-default u-image-9\" href=\"https:\/\/cfaebi.pt\/rumo\/2025\/05\/20\/a-falar-e-que-a-gente-se-entende\/\">\n                <img decoding=\"async\" src=\"https:\/\/cfaebi.pt\/rumo\/wp-content\/uploads\/2025\/05\/Feira-da-Interculturalidade.jpg\" alt=\"\" class=\"u-blog-control u-image u-image-default u-image-9\"><\/a>\n                <h2 class=\"u-blog-control u-text u-text-18\" data-lang-pt=\"\n                &lt;a class=&quot;u-post-header-link&quot; href=&quot;https:\/\/cfaebi.pt\/rumo\/2025\/05\/20\/mala-do-viajante\/&quot; style=&quot;&quot;&gt;Mala do Viajante&lt;\/a&gt;\n              \" data-lang-en=\"\n                &lt;a class=&quot;u-post-header-link&quot; href=&quot;https:\/\/cfaebi.pt\/rumo\/2025\/05\/20\/mala-do-viajante\/&quot; style=&quot;&quot;&gt;Mala do Viajante&lt;\/a&gt;\n              \">\n                  <a class=\"u-post-header-link\" href=\"https:\/\/cfaebi.pt\/rumo\/2025\/05\/20\/a-falar-e-que-a-gente-se-entende\/\" style=\"\">A Falar \u00e9 que a Gente se Entende<\/a>\n                <\/h2>\n                <div class=\"u-align-left-lg u-align-left-md u-align-left-sm u-align-left-xs u-align-right-xl u-blog-control u-metadata u-metadata-9\"><span class=\"u-meta-date u-meta-icon\">Maio 20, 2025<\/span><span class=\"u-meta-category u-meta-icon\"><a class=\"u-textlink\" href=\"https:\/\/cfaebi.pt\/rumo\/category\/boas_praticas\/\" rel=\"category tag\">Boas Pr\u00e1ticas<\/a>, <a class=\"u-textlink\" href=\"https:\/\/cfaebi.pt\/rumo\/category\/boas_praticas\/escola-secundaria-quinta-das-palmeiras\/\" rel=\"category tag\">Escola Secund\u00e1ria Quinta das Palmeiras<\/a><\/span>\n                <\/div>\n                <div class=\"u-blog-control u-post-content u-text u-text-19\" data-lang-pt=\"&lt;p&gt;\nO projeto tem como objetivo promover e sensibilizar para a diversidade e o conhecimento de culturas diferentes no nosso dia-a-dia. Atrav\u00e9s de \u2026&lt;\/p&gt;\" data-lang-en=\"&lt;p&gt;\nO projeto tem como objetivo promover e sensibilizar para a diversidade e o conhecimento de culturas diferentes no nosso dia-a-dia. Atrav\u00e9s de \u2026&lt;\/p&gt;\"><p>\nO aumento do n\u00famero de alunos imigrantes na escola, nomeadamente de pa\u00edses de l\u00edngua n\u00e3o portuguesa, suscitou a necessidade de se desenvolverem &hellip;<\/p>\n                <\/div>\n                <a href=\"https:\/\/cfaebi.pt\/rumo\/2025\/05\/20\/a-falar-e-que-a-gente-se-entende\/\" class=\"u-blog-control u-border-2 u-border-grey-dark-1 u-btn u-btn-rectangle u-button-style u-none u-btn-9\">VER MAIS<!-- - \/ blog_post_readmore_content ---><\/a>\n                <div class=\"u-border-3 u-border-palette-1-base u-expanded-width-xs u-line u-line-horizontal u-line-9\"><\/div>\n              <\/div>\n            <\/div>\n            <div class=\"u-blog-post u-repeater-item\">\n              <div class=\"u-container-layout u-similar-container u-valign-bottom-sm u-container-layout-10\"><a class=\"u-blog-control u-image u-image-default u-image-10\" href=\"https:\/\/cfaebi.pt\/rumo\/2025\/05\/20\/mala-do-viajante\/\">\n                <img decoding=\"async\" src=\"https:\/\/cfaebi.pt\/rumo\/wp-content\/uploads\/2025\/05\/Template-de-Identificacao-de-Projetos-de-Integracao-de-Migrantes_Gardunha_Pagina_2.png\" alt=\"\" class=\"u-blog-control u-image u-image-default u-image-10\"><\/a>\n                <h2 class=\"u-blog-control u-text u-text-20\" data-lang-pt=\"\n                &lt;a class=&quot;u-post-header-link&quot; href=&quot;https:\/\/cfaebi.pt\/rumo\/2025\/05\/14\/clube-de-cricket-desporto-escolar-comunidade\/&quot; style=&quot;&quot;&gt;&amp;nbsp;Clube de Cricket (Desporto Escolar Comunidade)&amp;nbsp;&lt;\/a&gt;\n              \" data-lang-en=\"\n                &lt;a class=&quot;u-post-header-link&quot; href=&quot;https:\/\/cfaebi.pt\/rumo\/2025\/05\/14\/clube-de-cricket-desporto-escolar-comunidade\/&quot; style=&quot;&quot;&gt;&amp;nbsp;Clube de Cricket (Desporto Escolar Comunidade)&amp;nbsp;&lt;\/a&gt;\n              \">\n                  <a class=\"u-post-header-link\" href=\"https:\/\/cfaebi.pt\/rumo\/2025\/05\/20\/mala-do-viajante\/\" style=\"\">Mala do Viajante<\/a>\n                <\/h2>\n                <div class=\"u-align-left-lg u-align-left-md u-align-left-sm u-align-left-xs u-align-right-xl u-blog-control u-metadata u-metadata-10\"><span class=\"u-meta-date u-meta-icon\">Maio 20, 2025<\/span><span class=\"u-meta-category u-meta-icon\"><a class=\"u-textlink\" href=\"https:\/\/cfaebi.pt\/rumo\/category\/boas_praticas\/agrupamento-de-escolas-gardunha-e-xisto\/\" rel=\"category tag\">Agrupamento de Escolas Gardunha e Xisto<\/a>, <a class=\"u-textlink\" href=\"https:\/\/cfaebi.pt\/rumo\/category\/boas_praticas\/\" rel=\"category tag\">Boas Pr\u00e1ticas<\/a><\/span>\n                <\/div>\n                <div class=\"u-blog-control u-post-content u-text u-text-21\" data-lang-pt=\"&lt;p&gt;\nO Fund\u00e3o como \u201cTerra de Acolhimento\u201d afirma o seu compromisso com a integra\u00e7\u00e3o, a diversidade cultural e o acolhimento digno de todas as pessoas \u2026&lt;\/p&gt;\" data-lang-en=\"&lt;p&gt;\nO Fund\u00e3o como \u201cTerra de Acolhimento\u201d afirma o seu compromisso com a integra\u00e7\u00e3o, a diversidade cultural e o acolhimento digno de todas as pessoas \u2026&lt;\/p&gt;\"><p>\nO projeto tem como objetivo promover e sensibilizar para a diversidade e o conhecimento de culturas diferentes no nosso dia-a-dia. Atrav\u00e9s de &hellip;<\/p>\n                <\/div>\n                <a href=\"https:\/\/cfaebi.pt\/rumo\/2025\/05\/20\/mala-do-viajante\/\" class=\"u-blog-control u-border-2 u-border-grey-dark-1 u-btn u-btn-rectangle u-button-style u-none u-btn-10\">VER MAIS<!-- - \/ blog_post_readmore_content ---><\/a>\n                <div class=\"u-border-3 u-border-palette-1-base u-expanded-width-xs u-line u-line-horizontal u-line-10\"><\/div>\n              <\/div>\n            <\/div>\n            <div class=\"u-blog-post u-repeater-item\">\n              <div class=\"u-container-layout u-similar-container u-valign-bottom-sm u-container-layout-11\"><a class=\"u-blog-control u-image u-image-default u-image-11\" href=\"https:\/\/cfaebi.pt\/rumo\/2025\/05\/14\/clube-de-cricket-desporto-escolar-comunidade\/\">\n                <img decoding=\"async\" src=\"https:\/\/cfaebi.pt\/rumo\/wp-content\/uploads\/2025\/05\/2.jpg\" alt=\"\" class=\"u-blog-control u-image u-image-default u-image-11\"><\/a>\n                <h2 class=\"u-blog-control u-text u-text-22\" data-lang-pt=\"\n                &lt;a class=&quot;u-post-header-link&quot; href=&quot;https:\/\/cfaebi.pt\/rumo\/2025\/05\/14\/o-ensino-explicito-da-lingua-como-estrategia-de-inclusao\/&quot; style=&quot;&quot;&gt;&quot;O ensino expl\u00edcito da l\u00edngua como estrat\u00e9gia de inclus\u00e3o&quot;&lt;\/a&gt;\n              \" data-lang-en=\"\n                &lt;a class=&quot;u-post-header-link&quot; href=&quot;https:\/\/cfaebi.pt\/rumo\/2025\/05\/14\/o-ensino-explicito-da-lingua-como-estrategia-de-inclusao\/&quot; style=&quot;&quot;&gt;&quot;O ensino expl\u00edcito da l\u00edngua como estrat\u00e9gia de inclus\u00e3o&quot;&lt;\/a&gt;\n              \">\n                  <a class=\"u-post-header-link\" href=\"https:\/\/cfaebi.pt\/rumo\/2025\/05\/14\/clube-de-cricket-desporto-escolar-comunidade\/\" style=\"\">\u00a0Clube de Cricket (Desporto Escolar Comunidade)\u00a0<\/a>\n                <\/h2>\n                <div class=\"u-align-left-lg u-align-left-md u-align-left-sm u-align-left-xs u-align-right-xl u-blog-control u-metadata u-metadata-11\"><span class=\"u-meta-date u-meta-icon\">Maio 14, 2025<\/span><span class=\"u-meta-category u-meta-icon\"><a class=\"u-textlink\" href=\"https:\/\/cfaebi.pt\/rumo\/category\/boas_praticas\/agrupamento-de-escolas-do-fundao\/\" rel=\"category tag\">Agrupamento de Escolas do Fund\u00e3o<\/a>, <a class=\"u-textlink\" href=\"https:\/\/cfaebi.pt\/rumo\/category\/boas_praticas\/\" rel=\"category tag\">Boas Pr\u00e1ticas<\/a><\/span>\n                <\/div>\n                <div class=\"u-blog-control u-post-content u-text u-text-23\" data-lang-pt=\"&lt;p&gt;\nPromover a inclus\u00e3o de alunos com dificuldade de leitura e capitais lexicais reduzidos;Facilitar a compreens\u00e3o e a produ\u00e7\u00e3o lingu\u00edstica dos alunos,\u2026&lt;\/p&gt;\" data-lang-en=\"&lt;p&gt;\nPromover a inclus\u00e3o de alunos com dificuldade de leitura e capitais lexicais reduzidos;Facilitar a compreens\u00e3o e a produ\u00e7\u00e3o lingu\u00edstica dos alunos,\u2026&lt;\/p&gt;\"><p>\nO Fund\u00e3o como \u201cTerra de Acolhimento\u201d afirma o seu compromisso com a integra\u00e7\u00e3o, a diversidade cultural e o acolhimento digno de todas as pessoas &hellip;<\/p>\n                <\/div>\n                <a href=\"https:\/\/cfaebi.pt\/rumo\/2025\/05\/14\/clube-de-cricket-desporto-escolar-comunidade\/\" class=\"u-blog-control u-border-2 u-border-grey-dark-1 u-btn u-btn-rectangle u-button-style u-none u-btn-11\">VER MAIS<!-- - \/ blog_post_readmore_content ---><\/a>\n                <div class=\"u-border-3 u-border-palette-1-base u-expanded-width-xs u-line u-line-horizontal u-line-11\"><\/div>\n              <\/div>\n            <\/div>\n            <div class=\"u-blog-post u-repeater-item\">\n              <div class=\"u-container-layout u-similar-container u-valign-bottom-sm u-container-layout-12\"><a class=\"u-blog-control u-image u-image-default u-image-12\" href=\"https:\/\/cfaebi.pt\/rumo\/2025\/05\/14\/o-ensino-explicito-da-lingua-como-estrategia-de-inclusao\/\">\n                <img decoding=\"async\" src=\"https:\/\/cfaebi.pt\/rumo\/wp-content\/uploads\/2025\/05\/O-ensino-explicito-da-lingua-como-estrategia-de-inclusao__Pagina_2.png\" alt=\"\" class=\"u-blog-control u-image u-image-default u-image-12\"><\/a>\n                <h2 class=\"u-blog-control u-text u-text-24\" data-lang-pt=\"\n                &lt;a class=&quot;u-post-header-link&quot; href=&quot;https:\/\/cfaebi.pt\/rumo\/2025\/05\/14\/guiao-de-boas-vindas-welcome-guide\/&quot; style=&quot;&quot;&gt;Gui\u00e3o de Boas Vindas - Welcome Guide&lt;\/a&gt;\n              \" data-lang-en=\"\n                &lt;a class=&quot;u-post-header-link&quot; href=&quot;https:\/\/cfaebi.pt\/rumo\/2025\/05\/14\/guiao-de-boas-vindas-welcome-guide\/&quot; style=&quot;&quot;&gt;Gui\u00e3o de Boas Vindas - Welcome Guide&lt;\/a&gt;\n              \">\n                  <a class=\"u-post-header-link\" href=\"https:\/\/cfaebi.pt\/rumo\/2025\/05\/14\/o-ensino-explicito-da-lingua-como-estrategia-de-inclusao\/\" style=\"\">\"O ensino expl\u00edcito da l\u00edngua como estrat\u00e9gia de inclus\u00e3o\"<\/a>\n                <\/h2>\n                <div class=\"u-align-left-lg u-align-left-md u-align-left-sm u-align-left-xs u-align-right-xl u-blog-control u-metadata u-metadata-12\"><span class=\"u-meta-date u-meta-icon\">Maio 14, 2025<\/span><span class=\"u-meta-category u-meta-icon\"><a class=\"u-textlink\" href=\"https:\/\/cfaebi.pt\/rumo\/category\/boas_praticas\/agrupamento-de-escolas-frei-heitor-pinto\/\" rel=\"category tag\">Agrupamento de Escolas Frei Heitor Pinto<\/a>, <a class=\"u-textlink\" href=\"https:\/\/cfaebi.pt\/rumo\/category\/boas_praticas\/\" rel=\"category tag\">Boas Pr\u00e1ticas<\/a><\/span>\n                <\/div>\n                <div class=\"u-blog-control u-post-content u-text u-text-25\" data-lang-pt=\"&lt;p&gt;\nReceber, acolher e integrar os alunos e fam\u00edlias migrantes na comunidade escolar.\nReuni\u00e3o de boas-vindas com a Dire\u00e7\u00e3o\/Coordena\u00e7\u00e3o da escola e \u2026&lt;\/p&gt;\" data-lang-en=\"&lt;p&gt;\nReceber, acolher e integrar os alunos e fam\u00edlias migrantes na comunidade escolar.\nReuni\u00e3o de boas-vindas com a Dire\u00e7\u00e3o\/Coordena\u00e7\u00e3o da escola e \u2026&lt;\/p&gt;\"><p>\nPromover a inclus\u00e3o de alunos com dificuldade de leitura e capitais lexicais reduzidos;Facilitar a compreens\u00e3o e a produ\u00e7\u00e3o lingu\u00edstica dos alunos,&hellip;<\/p>\n                <\/div>\n                <a href=\"https:\/\/cfaebi.pt\/rumo\/2025\/05\/14\/o-ensino-explicito-da-lingua-como-estrategia-de-inclusao\/\" class=\"u-blog-control u-border-2 u-border-grey-dark-1 u-btn u-btn-rectangle u-button-style u-none u-btn-12\">VER MAIS<!-- - \/ blog_post_readmore_content ---><\/a>\n                <div class=\"u-border-3 u-border-palette-1-base u-expanded-width-xs u-line u-line-horizontal u-line-12\"><\/div>\n              <\/div>\n            <\/div>\n            <div class=\"u-blog-post u-repeater-item\">\n              <div class=\"u-container-layout u-similar-container u-valign-bottom-sm u-container-layout-13\"><a class=\"u-blog-control u-image u-image-default u-image-13\" href=\"https:\/\/cfaebi.pt\/rumo\/2025\/05\/14\/guiao-de-boas-vindas-welcome-guide\/\">\n                <img decoding=\"async\" src=\"https:\/\/cfaebi.pt\/rumo\/wp-content\/uploads\/2025\/05\/Guiao-de-Boas-Vindas-Welcome-Guide_Pagina_2.png\" alt=\"\" class=\"u-blog-control u-image u-image-default u-image-13\"><\/a>\n                <h2 class=\"u-blog-control u-text u-text-26\" data-lang-pt=\"\n                &lt;a class=&quot;u-post-header-link&quot; href=&quot;https:\/\/cfaebi.pt\/rumo\/2025\/05\/14\/projetoligar-comunidades\/&quot; style=&quot;&quot;&gt;Projeto&quot;Ligar Comunidades&quot;&lt;\/a&gt;\n              \" data-lang-en=\"\n                &lt;a class=&quot;u-post-header-link&quot; href=&quot;https:\/\/cfaebi.pt\/rumo\/2025\/05\/14\/projetoligar-comunidades\/&quot; style=&quot;&quot;&gt;Projeto&quot;Ligar Comunidades&quot;&lt;\/a&gt;\n              \">\n                  <a class=\"u-post-header-link\" href=\"https:\/\/cfaebi.pt\/rumo\/2025\/05\/14\/guiao-de-boas-vindas-welcome-guide\/\" style=\"\">Gui\u00e3o de Boas Vindas - Welcome Guide<\/a>\n                <\/h2>\n                <div class=\"u-align-left-lg u-align-left-md u-align-left-sm u-align-left-xs u-align-right-xl u-blog-control u-metadata u-metadata-13\"><span class=\"u-meta-date u-meta-icon\">Maio 14, 2025<\/span><span class=\"u-meta-category u-meta-icon\"><a class=\"u-textlink\" href=\"https:\/\/cfaebi.pt\/rumo\/category\/boas_praticas\/agrupamento-de-escolas-frei-heitor-pinto\/\" rel=\"category tag\">Agrupamento de Escolas Frei Heitor Pinto<\/a>, <a class=\"u-textlink\" href=\"https:\/\/cfaebi.pt\/rumo\/category\/boas_praticas\/\" rel=\"category tag\">Boas Pr\u00e1ticas<\/a><\/span>\n                <\/div>\n                <div class=\"u-blog-control u-post-content u-text u-text-27\" data-lang-pt=\"&lt;p&gt;\nPromover a valoriza\u00e7\u00e3o da diversidade cultural e lingu\u00edstica representada na comunidade escolar, atrav\u00e9s da partilha das origens e cultura dos \u2026&lt;\/p&gt;\" data-lang-en=\"&lt;p&gt;\nPromover a valoriza\u00e7\u00e3o da diversidade cultural e lingu\u00edstica representada na comunidade escolar, atrav\u00e9s da partilha das origens e cultura dos \u2026&lt;\/p&gt;\"><p>\nReceber, acolher e integrar os alunos e fam\u00edlias migrantes na comunidade escolar.\n\n\n\nReuni\u00e3o de boas-vindas com a Dire\u00e7\u00e3o\/Coordena\u00e7\u00e3o da escola e &hellip;<\/p>\n                <\/div>\n                <a href=\"https:\/\/cfaebi.pt\/rumo\/2025\/05\/14\/guiao-de-boas-vindas-welcome-guide\/\" class=\"u-blog-control u-border-2 u-border-grey-dark-1 u-btn u-btn-rectangle u-button-style u-none u-btn-13\">VER MAIS<!-- - \/ blog_post_readmore_content ---><\/a>\n                <div class=\"u-border-3 u-border-palette-1-base u-expanded-width-xs u-line u-line-horizontal u-line-13\"><\/div>\n              <\/div>\n            <\/div>\n            <div class=\"u-blog-post u-repeater-item\">\n              <div class=\"u-container-layout u-similar-container u-valign-bottom-sm u-container-layout-14\"><a class=\"u-blog-control u-image u-image-default u-image-14\" href=\"https:\/\/cfaebi.pt\/rumo\/2025\/05\/14\/projetoligar-comunidades\/\">\n                <img decoding=\"async\" src=\"https:\/\/cfaebi.pt\/rumo\/wp-content\/uploads\/2025\/05\/Projeto-_Ligar-comunidades__Pagina_2.png\" alt=\"\" class=\"u-blog-control u-image u-image-default u-image-14\"><\/a>\n                <h2 class=\"u-blog-control u-text u-text-28\" data-lang-pt=\"\n                &lt;a class=&quot;u-post-header-link&quot; href=&quot;https:\/\/cfaebi.pt\/rumo\/2025\/05\/14\/escm-escola-solidaria-multicultural-e-cooperante\/&quot; style=&quot;&quot;&gt;ESCM - Escola Solid\u00e1ria Multicultural e Cooperante&lt;\/a&gt;\n              \" data-lang-en=\"\n                &lt;a class=&quot;u-post-header-link&quot; href=&quot;https:\/\/cfaebi.pt\/rumo\/2025\/05\/14\/escm-escola-solidaria-multicultural-e-cooperante\/&quot; style=&quot;&quot;&gt;ESCM - Escola Solid\u00e1ria Multicultural e Cooperante&lt;\/a&gt;\n              \">\n                  <a class=\"u-post-header-link\" href=\"https:\/\/cfaebi.pt\/rumo\/2025\/05\/14\/projetoligar-comunidades\/\" style=\"\">Projeto\"Ligar Comunidades\"<\/a>\n                <\/h2>\n                <div class=\"u-align-left-lg u-align-left-md u-align-left-sm u-align-left-xs u-align-right-xl u-blog-control u-metadata u-metadata-14\"><span class=\"u-meta-date u-meta-icon\">Maio 14, 2025<\/span><span class=\"u-meta-category u-meta-icon\"><a class=\"u-textlink\" href=\"https:\/\/cfaebi.pt\/rumo\/category\/boas_praticas\/agrupamento-de-escolas-frei-heitor-pinto\/\" rel=\"category tag\">Agrupamento de Escolas Frei Heitor Pinto<\/a>, <a class=\"u-textlink\" href=\"https:\/\/cfaebi.pt\/rumo\/category\/boas_praticas\/\" rel=\"category tag\">Boas Pr\u00e1ticas<\/a><\/span>\n                <\/div>\n                <div class=\"u-blog-control u-post-content u-text u-text-29\" data-lang-pt=\"&lt;p&gt;\nCapacitar alunos e respetivas fam\u00edlias, numa perspetiva de apoio e orienta\u00e7\u00e3o nas distintas vertentes das suas vidas, nomeadamente na promo\u00e7\u00e3o, \u2026&lt;\/p&gt;\" data-lang-en=\"&lt;p&gt;\nCapacitar alunos e respetivas fam\u00edlias, numa perspetiva de apoio e orienta\u00e7\u00e3o nas distintas vertentes das suas vidas, nomeadamente na promo\u00e7\u00e3o, \u2026&lt;\/p&gt;\"><p>\nPromover a valoriza\u00e7\u00e3o da diversidade cultural e lingu\u00edstica representada na comunidade escolar, atrav\u00e9s da partilha das origens e cultura dos &hellip;<\/p>\n                <\/div>\n                <a href=\"https:\/\/cfaebi.pt\/rumo\/2025\/05\/14\/projetoligar-comunidades\/\" class=\"u-blog-control u-border-2 u-border-grey-dark-1 u-btn u-btn-rectangle u-button-style u-none u-btn-14\">VER MAIS<!-- - \/ blog_post_readmore_content ---><\/a>\n                <div class=\"u-border-3 u-border-palette-1-base u-expanded-width-xs u-line u-line-horizontal u-line-14\"><\/div>\n              <\/div>\n            <\/div>\n            <div class=\"u-blog-post u-repeater-item\">\n              <div class=\"u-container-layout u-similar-container u-valign-bottom-sm u-container-layout-1\"><a class=\"u-blog-control u-image u-image-default u-image-1\" href=\"https:\/\/cfaebi.pt\/rumo\/2025\/05\/14\/escm-escola-solidaria-multicultural-e-cooperante\/\">\n                <img decoding=\"async\" src=\"https:\/\/cfaebi.pt\/rumo\/wp-content\/uploads\/2025\/05\/WhatsApp-Image-2025-05-02-at-17.14.26.jpeg\" alt=\"\" class=\"u-blog-control u-image u-image-default u-image-1\"><\/a>\n                <h2 class=\"u-blog-control u-text u-text-2\" data-lang-pt=\"\n                &lt;a class=&quot;u-post-header-link&quot; href=&quot;https:\/\/cfaebi.pt\/rumo\/2025\/07\/24\/aula-de-campo-em-portugues-lingua-nao-materna\/&quot; style=&quot;&quot;&gt;Aula de campo em Portugu\u00eas Lingua n\u00e3o Materna&lt;\/a&gt;\n              \" data-lang-en=\"\n                &lt;a class=&quot;u-post-header-link&quot; href=&quot;https:\/\/cfaebi.pt\/rumo\/2025\/07\/24\/aula-de-campo-em-portugues-lingua-nao-materna\/&quot; style=&quot;&quot;&gt;Aula de campo em Portugu\u00eas Lingua n\u00e3o Materna&lt;\/a&gt;\n              \">\n                  <a class=\"u-post-header-link\" href=\"https:\/\/cfaebi.pt\/rumo\/2025\/05\/14\/escm-escola-solidaria-multicultural-e-cooperante\/\" style=\"\">ESCM - Escola Solid\u00e1ria Multicultural e Cooperante<\/a>\n                <\/h2>\n                <div class=\"u-align-left-lg u-align-left-md u-align-left-sm u-align-left-xs u-align-right-xl u-blog-control u-metadata u-metadata-1\"><span class=\"u-meta-date u-meta-icon\">Maio 14, 2025<\/span><span class=\"u-meta-category u-meta-icon\"><a class=\"u-textlink\" href=\"https:\/\/cfaebi.pt\/rumo\/category\/boas_praticas\/\" rel=\"category tag\">Boas Pr\u00e1ticas<\/a>, <a class=\"u-textlink\" href=\"https:\/\/cfaebi.pt\/rumo\/category\/boas_praticas\/escola-secundaria-campos-melo\/\" rel=\"category tag\">Escola Secund\u00e1ria Campos Melo<\/a><\/span>\n                <\/div>\n                <div class=\"u-blog-control u-post-content u-text u-text-3\" data-lang-pt=\"&lt;p&gt;\nProduzir enunciados orais breves com o objetivo de cumprimentar\/despedir-se; agradecer\/reagir a um agradecimento. (n\u00edvel A1)- Interagir com \u2026&lt;\/p&gt;\" data-lang-en=\"&lt;p&gt;\nProduzir enunciados orais breves com o objetivo de cumprimentar\/despedir-se; agradecer\/reagir a um agradecimento. (n\u00edvel A1)- Interagir com \u2026&lt;\/p&gt;\"><p>\nCapacitar alunos e respetivas fam\u00edlias, numa perspetiva de apoio e orienta\u00e7\u00e3o nas distintas vertentes das suas vidas, nomeadamente na promo\u00e7\u00e3o, &hellip;<\/p>\n                <\/div>\n                <a href=\"https:\/\/cfaebi.pt\/rumo\/2025\/05\/14\/escm-escola-solidaria-multicultural-e-cooperante\/\" class=\"u-blog-control u-border-2 u-border-grey-dark-1 u-btn u-btn-rectangle u-button-style u-none u-btn-1\">VER MAIS<!-- - \/ blog_post_readmore_content ---><\/a>\n                <div class=\"u-border-3 u-border-palette-1-base u-expanded-width-xs u-line u-line-horizontal u-line-1\"><\/div>\n              <\/div>\n            <\/div>\n            <div class=\"u-blog-post u-repeater-item\">\n              <div class=\"u-container-layout u-similar-container u-valign-bottom-sm u-container-layout-2\"><a class=\"u-blog-control u-image u-image-default u-image-2\" href=\"https:\/\/cfaebi.pt\/rumo\/2025\/05\/14\/sabores-pelo-mundo\/\">\n                <img decoding=\"async\" src=\"https:\/\/cfaebi.pt\/rumo\/wp-content\/uploads\/2025\/05\/Sabores-pelo-Mundo-4.jpg\" alt=\"\" class=\"u-blog-control u-image u-image-default u-image-2\"><\/a>\n                <h2 class=\"u-blog-control u-text u-text-4\" data-lang-pt=\"\n                &lt;a class=&quot;u-post-header-link&quot; href=&quot;https:\/\/cfaebi.pt\/rumo\/2025\/05\/23\/acolhimento-e-integracao-de-alunas-migrantes-em-contexto-familiar-atipico\/&quot; style=&quot;&quot;&gt;&quot;De m\u00e3os dadas com a Ucr\u00e2nia&quot;&lt;\/a&gt;\n              \" data-lang-en=\"\n                &lt;a class=&quot;u-post-header-link&quot; href=&quot;https:\/\/cfaebi.pt\/rumo\/2025\/05\/23\/acolhimento-e-integracao-de-alunas-migrantes-em-contexto-familiar-atipico\/&quot; style=&quot;&quot;&gt;&quot;De m\u00e3os dadas com a Ucr\u00e2nia&quot;&lt;\/a&gt;\n              \">\n                  <a class=\"u-post-header-link\" href=\"https:\/\/cfaebi.pt\/rumo\/2025\/05\/14\/sabores-pelo-mundo\/\" style=\"\">Sabores pelo Mundo<\/a>\n                <\/h2>\n                <div class=\"u-align-left-lg u-align-left-md u-align-left-sm u-align-left-xs u-align-right-xl u-blog-control u-metadata u-metadata-2\"><span class=\"u-meta-date u-meta-icon\">Maio 14, 2025<\/span><span class=\"u-meta-category u-meta-icon\"><a class=\"u-textlink\" href=\"https:\/\/cfaebi.pt\/rumo\/category\/boas_praticas\/agrupamento-de-escolas-a-la-e-a-neve\/\" rel=\"category tag\">Agrupamento de Escolas A L\u00e3 e a Neve<\/a>, <a class=\"u-textlink\" href=\"https:\/\/cfaebi.pt\/rumo\/category\/boas_praticas\/\" rel=\"category tag\">Boas Pr\u00e1ticas<\/a><\/span>\n                <\/div>\n                <div class=\"u-blog-control u-post-content u-text u-text-5\" data-lang-pt=\"&lt;p&gt;\nCom o in\u00edcio do conflito na Ucr\u00e2nia, o agrupamento passou a acolher alunos provenientes deste pa\u00eds. Posteriormente, outros alunos migrantes de \u2026&lt;\/p&gt;\" data-lang-en=\"&lt;p&gt;\nCom o in\u00edcio do conflito na Ucr\u00e2nia, o agrupamento passou a acolher alunos provenientes deste pa\u00eds. Posteriormente, outros alunos migrantes de \u2026&lt;\/p&gt;\"><p>\nPromover o conhecimento e o respeito pelas diferentes culturas, estimular a curiosidade e o interesse dos alunos pela diversidade cultural, &hellip;<\/p>\n                <\/div>\n                <a href=\"https:\/\/cfaebi.pt\/rumo\/2025\/05\/14\/sabores-pelo-mundo\/\" class=\"u-blog-control u-border-2 u-border-grey-dark-1 u-btn u-btn-rectangle u-button-style u-none u-btn-2\">VER MAIS<!-- - \/ blog_post_readmore_content ---><\/a>\n                <div class=\"u-border-3 u-border-palette-1-base u-expanded-width-xs u-line u-line-horizontal u-line-2\"><\/div>\n              <\/div>\n            <\/div>\n            <div class=\"u-blog-post u-repeater-item\">\n              <div class=\"u-container-layout u-similar-container u-valign-bottom-sm u-container-layout-3\"><a class=\"u-blog-control u-image u-image-default u-image-3\" href=\"https:\/\/cfaebi.pt\/rumo\/2025\/05\/12\/projeto-loja-social\/\">\n                <img decoding=\"async\" src=\"https:\/\/cfaebi.pt\/rumo\/wp-content\/uploads\/2025\/05\/AET_Template-de-Identificacao-de-Projetos-de-Integracao-de-Migrantes_-Loja-Social.png\" alt=\"\" class=\"u-blog-control u-image u-image-default u-image-3\"><\/a>\n                <h2 class=\"u-blog-control u-text u-text-6\" data-lang-pt=\"\n                &lt;a class=&quot;u-post-header-link&quot; href=&quot;https:\/\/cfaebi.pt\/rumo\/2025\/05\/22\/bem-vindos-a-escola\/&quot; style=&quot;&quot;&gt;&quot;Bem-vindos \u00e0 Escola&quot;&lt;\/a&gt;\n              \" data-lang-en=\"\n                &lt;a class=&quot;u-post-header-link&quot; href=&quot;https:\/\/cfaebi.pt\/rumo\/2025\/05\/22\/bem-vindos-a-escola\/&quot; style=&quot;&quot;&gt;&quot;Bem-vindos \u00e0 Escola&quot;&lt;\/a&gt;\n              \">\n                  <a class=\"u-post-header-link\" href=\"https:\/\/cfaebi.pt\/rumo\/2025\/05\/12\/projeto-loja-social\/\" style=\"\">\u00a0Projeto\u00a0Loja Social\u00a0<\/a>\n                <\/h2>\n                <div class=\"u-align-left-lg u-align-left-md u-align-left-sm u-align-left-xs u-align-right-xl u-blog-control u-metadata u-metadata-3\"><span class=\"u-meta-date u-meta-icon\">Maio 12, 2025<\/span><span class=\"u-meta-category u-meta-icon\"><a class=\"u-textlink\" href=\"https:\/\/cfaebi.pt\/rumo\/category\/boas_praticas\/agrupamento-de-escolas-do-teixoso\/\" rel=\"category tag\">Agrupamento de Escolas do Teixoso<\/a>, <a class=\"u-textlink\" href=\"https:\/\/cfaebi.pt\/rumo\/category\/boas_praticas\/\" rel=\"category tag\">Boas Pr\u00e1ticas<\/a><\/span>\n                <\/div>\n                <div class=\"u-blog-control u-post-content u-text u-text-7\" data-lang-pt=\"&lt;p&gt;\nContribuir para a constru\u00e7\u00e3o de n\u00edveis superiores de integra\u00e7\u00e3o dos alunos, assentes no trabalho conjunto e devidamente articulado entre todos. \u2026&lt;\/p&gt;\" data-lang-en=\"&lt;p&gt;\nContribuir para a constru\u00e7\u00e3o de n\u00edveis superiores de integra\u00e7\u00e3o dos alunos, assentes no trabalho conjunto e devidamente articulado entre todos. \u2026&lt;\/p&gt;\"><p>\nA Loja Social \u00e9 um projeto de interven\u00e7\u00e3o e apoio social do Agrupamento de Escolas do Teixoso. Visa suprir as necessidades mais emergentes de &hellip;<\/p>\n                <\/div>\n                <a href=\"https:\/\/cfaebi.pt\/rumo\/2025\/05\/12\/projeto-loja-social\/\" class=\"u-blog-control u-border-2 u-border-grey-dark-1 u-btn u-btn-rectangle u-button-style u-none u-btn-3\">VER MAIS<!-- - \/ blog_post_readmore_content ---><\/a>\n                <div class=\"u-border-3 u-border-palette-1-base u-expanded-width-xs u-line u-line-horizontal u-line-3\"><\/div>\n              <\/div>\n            <\/div>\n            <div class=\"u-blog-post u-repeater-item\">\n              <div class=\"u-container-layout u-similar-container u-valign-bottom-sm u-container-layout-4\"><a class=\"u-blog-control u-image u-image-default u-image-4\" href=\"https:\/\/cfaebi.pt\/rumo\/2025\/05\/12\/dr-com-sentido\/\">\n                <img decoding=\"async\" src=\"https:\/\/cfaebi.pt\/rumo\/wp-content\/uploads\/2025\/05\/AET_Template-de-Identificacao-de-Projetos-de-Integracao-de-Migrantes_-D@r-com-Sentido.jpeg\" alt=\"\" class=\"u-blog-control u-image u-image-default u-image-4\"><\/a>\n                <h2 class=\"u-blog-control u-text u-text-8\" data-lang-pt=\"\n                &lt;a class=&quot;u-post-header-link&quot; href=&quot;https:\/\/cfaebi.pt\/rumo\/2025\/05\/22\/cei-capacitar-educar-incluir\/&quot; style=&quot;&quot;&gt;CEI (Capacitar, Educar, Incluir)&lt;\/a&gt;\n              \" data-lang-en=\"\n                &lt;a class=&quot;u-post-header-link&quot; href=&quot;https:\/\/cfaebi.pt\/rumo\/2025\/05\/22\/cei-capacitar-educar-incluir\/&quot; style=&quot;&quot;&gt;CEI (Capacitar, Educar, Incluir)&lt;\/a&gt;\n              \">\n                  <a class=\"u-post-header-link\" href=\"https:\/\/cfaebi.pt\/rumo\/2025\/05\/12\/dr-com-sentido\/\" style=\"\">\u00a0D@r com Sentido\u00a0<\/a>\n                <\/h2>\n                <div class=\"u-align-left-lg u-align-left-md u-align-left-sm u-align-left-xs u-align-right-xl u-blog-control u-metadata u-metadata-4\"><span class=\"u-meta-date u-meta-icon\">Maio 12, 2025<\/span><span class=\"u-meta-category u-meta-icon\"><a class=\"u-textlink\" href=\"https:\/\/cfaebi.pt\/rumo\/category\/boas_praticas\/agrupamento-de-escolas-do-teixoso\/\" rel=\"category tag\">Agrupamento de Escolas do Teixoso<\/a>, <a class=\"u-textlink\" href=\"https:\/\/cfaebi.pt\/rumo\/category\/boas_praticas\/\" rel=\"category tag\">Boas Pr\u00e1ticas<\/a><\/span>\n                <\/div>\n                <div class=\"u-blog-control u-post-content u-text u-text-9\" data-lang-pt=\"&lt;p&gt;\nFace \u00e0s dificuldades encontradas pelo Encarregados de Educa\u00e7\u00e3o dos alunos Migrantes em gerir a vida escolar dos seus filhos surgiu este din\u00e2mica.\n\u2026&lt;\/p&gt;\" data-lang-en=\"&lt;p&gt;\nFace \u00e0s dificuldades encontradas pelo Encarregados de Educa\u00e7\u00e3o dos alunos Migrantes em gerir a vida escolar dos seus filhos surgiu este din\u00e2mica.\n\u2026&lt;\/p&gt;\"><p>\nPretende diminuir as diversas car\u00eancias verificadas em cada agregado familiar, atrav\u00e9s da recolha de alimentos perec\u00edveis e n\u00e3o perec\u00edveis, &hellip;<\/p>\n                <\/div>\n                <a href=\"https:\/\/cfaebi.pt\/rumo\/2025\/05\/12\/dr-com-sentido\/\" class=\"u-blog-control u-border-2 u-border-grey-dark-1 u-btn u-btn-rectangle u-button-style u-none u-btn-4\">VER MAIS<!-- - \/ blog_post_readmore_content ---><\/a>\n                <div class=\"u-border-3 u-border-palette-1-base u-expanded-width-xs u-line u-line-horizontal u-line-4\"><\/div>\n              <\/div>\n            <\/div>\n            <div class=\"u-blog-post u-repeater-item\">\n              <div class=\"u-container-layout u-similar-container u-valign-bottom-sm u-container-layout-5\"><a class=\"u-blog-control u-image u-image-default u-image-5\" href=\"https:\/\/cfaebi.pt\/rumo\/2025\/05\/12\/crescer-juntos-na-quinta\/\">\n                <img decoding=\"async\" src=\"https:\/\/cfaebi.pt\/rumo\/wp-content\/uploads\/2025\/05\/Quinta-da-Lageosa-01.jpeg\" alt=\"\" class=\"u-blog-control u-image u-image-default u-image-5\"><\/a>\n                <h2 class=\"u-blog-control u-text u-text-10\" data-lang-pt=\"\n                &lt;a class=&quot;u-post-header-link&quot; href=&quot;https:\/\/cfaebi.pt\/rumo\/2025\/05\/22\/entre-culturas-e-coracoes\/&quot; style=&quot;&quot;&gt;Entre Culturas e Cora\u00e7\u00f5es&lt;\/a&gt;\n              \" data-lang-en=\"\n                &lt;a class=&quot;u-post-header-link&quot; href=&quot;https:\/\/cfaebi.pt\/rumo\/2025\/05\/22\/entre-culturas-e-coracoes\/&quot; style=&quot;&quot;&gt;Entre Culturas e Cora\u00e7\u00f5es&lt;\/a&gt;\n              \">\n                  <a class=\"u-post-header-link\" href=\"https:\/\/cfaebi.pt\/rumo\/2025\/05\/12\/crescer-juntos-na-quinta\/\" style=\"\">Crescer Juntos na Quinta<\/a>\n                <\/h2>\n                <div class=\"u-align-left-lg u-align-left-md u-align-left-sm u-align-left-xs u-align-right-xl u-blog-control u-metadata u-metadata-5\"><span class=\"u-meta-date u-meta-icon\">Maio 12, 2025<\/span><span class=\"u-meta-category u-meta-icon\"><a class=\"u-textlink\" href=\"https:\/\/cfaebi.pt\/rumo\/category\/boas_praticas\/\" rel=\"category tag\">Boas Pr\u00e1ticas<\/a>, <a class=\"u-textlink\" href=\"https:\/\/cfaebi.pt\/rumo\/category\/boas_praticas\/escola-profissional-e-agricola-quinta-da-lageosa\/\" rel=\"category tag\">Escola Profissional e Agr\u00edcola Quinta da Lageosa<\/a><\/span>\n                <\/div>\n                <div class=\"u-blog-control u-post-content u-text u-text-11\" data-lang-pt=\"&lt;p&gt;\nO projeto \u201cEntre Culturas e Cora\u00e7\u00f5es\u201d \u00e9 criado no decorrer do exerc\u00edcio das fun\u00e7\u00f5es de Mediador Lingu\u00edstico e Cultural. A crescente \u2026&lt;\/p&gt;\" data-lang-en=\"&lt;p&gt;\nO projeto \u201cEntre Culturas e Cora\u00e7\u00f5es\u201d \u00e9 criado no decorrer do exerc\u00edcio das fun\u00e7\u00f5es de Mediador Lingu\u00edstico e Cultural. A crescente \u2026&lt;\/p&gt;\"><p>\nFacilitar a integra\u00e7\u00e3o escolar e social dos alunos migrantes; Promover o respeito pela diversidade cultural; Desenvolver compet\u00eancias lingu\u00edsticas &hellip;<\/p>\n                <\/div>\n                <a href=\"https:\/\/cfaebi.pt\/rumo\/2025\/05\/12\/crescer-juntos-na-quinta\/\" class=\"u-blog-control u-border-2 u-border-grey-dark-1 u-btn u-btn-rectangle u-button-style u-none u-btn-5\">VER MAIS<!-- - \/ blog_post_readmore_content ---><\/a>\n                <div class=\"u-border-3 u-border-palette-1-base u-expanded-width-xs u-line u-line-horizontal u-line-5\"><\/div>\n              <\/div>\n            <\/div>\n          <\/div>\n          <div class=\"has-pagination u-list-control\">\n          <\/div>\n        <\/div>\n        <a href=\"https:\/\/cfaebi.pt\/rumo\/projetos-e-boas-praticas\/\" class=\"u-btn u-button-style u-hover-palette-1-dark-1 u-palette-1-base u-btn-15\">Ver todos os projetos<\/a>\n      <\/div>\n    <\/section>\n    <section class=\"u-clearfix u-grey-5 u-section-11\" id=\"sec-446f\">\n      <div class=\"u-clearfix u-sheet u-valign-middle-lg u-valign-middle-md u-valign-middle-sm u-valign-middle-xs u-sheet-1\">\n        <h5 class=\"u-align-center u-text u-text-default u-text-1\" data-animation-name=\"customAnimationIn\" data-animation-duration=\"1000\" data-animation-delay=\"0\">CFAE da Beira Interior<\/h5>\n        <h2 class=\"u-align-center u-text u-text-2\" data-animation-name=\"customAnimationIn\" data-animation-duration=\"1000\" data-animation-delay=\"0\">Inclus\u00e3o: Orienta\u00e7\u00f5es Legislativas<\/h2>\n        <p class=\"u-align-center u-text u-text-3\" data-animation-name=\"customAnimationIn\" data-animation-duration=\"1500\" data-animation-delay=\"500\">A implementa\u00e7\u00e3o do projeto segue o calend\u00e1rio do ano letivo, visando promover a integra\u00e7\u00e3o e inclus\u00e3o dos alunos migrantes, oferecendo suporte lingu\u00edstico, curricular, cultural e psicol\u00f3gico de forma abrangente e segundo orienta\u00e7\u00f5es legislativas em vigor.<\/p>\n        <a href=\"https:\/\/cfaebi.pt\/rumo\/orientacoes-legislativas\/\" class=\"u-active-black u-align-center u-border-2 u-border-active-black u-border-black u-border-hover-black u-btn u-btn-round u-button-style u-hover-black u-none u-radius-5 u-text-active-white u-text-hover-white u-btn-1\" data-animation-name=\"customAnimationIn\" data-animation-duration=\"1500\" data-animation-delay=\"500\">saber mais <\/a>\n      <\/div>\n    <\/section>\n    <section class=\"u-clearfix u-custom-color-2 u-valign-middle-lg u-valign-middle-md u-valign-middle-sm u-valign-middle-xs u-section-12\" id=\"carousel_6b13\">\n      <div class=\"u-clearfix u-sheet u-valign-middle-lg u-valign-middle-xl u-sheet-1\">\n        <h2 class=\"u-align-center u-text u-text-default-lg u-text-default-xl u-text-default-xxl u-text-1\" data-animation-name=\"customAnimationIn\" data-animation-duration=\"1500\" data-animation-delay=\"500\">Observat\u00f3rio dos Alunos Migrantes na Beira Interior <\/h2>\n        <p class=\"u-align-center u-large-text u-text u-text-default u-text-variant u-text-2\" data-animation-name=\"customAnimationIn\" data-animation-duration=\"1500\" data-animation-delay=\"500\">Dados da Beira Interior&nbsp;<span style=\"font-size: 0.875rem;\"> (estes dados s\u00e3o fornecidos pelas Unidades Org\u00e2nicas)<\/span>\n        <\/p>\n        <div class=\"u-carousel u-expanded-width u-gallery u-layout-thumbnails u-lightbox u-no-transition u-show-text-always u-gallery-1\" data-interval=\"5000\" data-u-ride=\"carousel\" id=\"carousel-deb2\">\n          <div class=\"u-carousel-inner u-gallery-inner u-gallery-inner-1\" role=\"listbox\">\n            <div class=\"u-active u-carousel-item u-gallery-item u-carousel-item-1\">\n              <div class=\"u-back-slide\" data-image-width=\"2400\" data-image-height=\"1350\">\n                <img decoding=\"async\" class=\"u-back-image u-expanded u-image-contain\" src=\"https:\/\/cfaebi.pt\/rumo\/wp-content\/uploads\/2026\/03\/1_Visao-globaAlunos-Migrantes-Estabelecimentos-de-Ensino.png\">\n              <\/div>\n              <div class=\"u-over-slide u-over-slide-1\">\n                <h3 class=\"u-gallery-heading\">Amostra de T\u00edtulo<\/h3>\n                <p class=\"u-gallery-text\">Amostra de Texto<\/p>\n              <\/div>\n            <\/div>\n            <div class=\"u-carousel-item u-gallery-item u-carousel-item-2\">\n              <div class=\"u-back-slide\" data-image-width=\"2400\" data-image-height=\"2308\">\n                <img decoding=\"async\" class=\"u-back-image u-expanded u-image-contain\" src=\"https:\/\/cfaebi.pt\/rumo\/wp-content\/uploads\/2026\/03\/2_Alunos-Migrantes-por-Estabelecimento.png\">\n              <\/div>\n              <div class=\"u-over-slide u-over-slide-2\">\n                <h3 class=\"u-gallery-heading\">Amostra de T\u00edtulo<\/h3>\n                <p class=\"u-gallery-text\">Amostra de Texto<\/p>\n              <\/div>\n            <\/div>\n            <div class=\"u-carousel-item u-gallery-item u-carousel-item-3\" data-image-width=\"2400\" data-image-height=\"2298\">\n              <div class=\"u-back-slide\">\n                <img decoding=\"async\" class=\"u-back-image u-expanded u-image-contain\" src=\"https:\/\/cfaebi.pt\/rumo\/wp-content\/uploads\/2026\/03\/3_Percentagem-de-Alunos-Migrantes-por-Estabelecimento.png\">\n              <\/div>\n              <div class=\"u-over-slide u-over-slide-3\"><\/div>\n              <style data-mode=\"XXL\"><\/style>\n              <style data-mode=\"XL\"><\/style>\n              <style data-mode=\"LG\"><\/style>\n              <style data-mode=\"MD\" data-visited=\"true\"><\/style>\n              <style data-mode=\"SM\" data-visited=\"true\"><\/style>\n              <style data-mode=\"XS\" data-visited=\"true\"><\/style>\n            <\/div>\n            <div class=\"u-carousel-item u-gallery-item u-carousel-item-4\" data-image-width=\"2400\" data-image-height=\"1992\">\n              <div class=\"u-back-slide\">\n                <img decoding=\"async\" class=\"u-back-image u-expanded\" src=\"https:\/\/cfaebi.pt\/rumo\/wp-content\/uploads\/2026\/03\/4_Distribuicao-de-Alunos-Migrantes-por-Estabelecimento.png\">\n              <\/div>\n              <div class=\"u-over-slide u-over-slide-4\"><\/div>\n              <style data-mode=\"XXL\"><\/style>\n              <style data-mode=\"XL\"><\/style>\n              <style data-mode=\"LG\"><\/style>\n              <style data-mode=\"MD\" data-visited=\"true\"><\/style>\n              <style data-mode=\"SM\" data-visited=\"true\"><\/style>\n              <style data-mode=\"XS\" data-visited=\"true\"><\/style>\n            <\/div>\n            <div class=\"u-carousel-item u-gallery-item u-carousel-item-5\" data-image-width=\"2400\" data-image-height=\"1350\">\n              <div class=\"u-back-slide\">\n                <img decoding=\"async\" class=\"u-back-image u-expanded u-image-contain\" src=\"https:\/\/cfaebi.pt\/rumo\/wp-content\/uploads\/2026\/03\/5_Destaques-Percentagens-Mais-Elevadas-1.png\">\n              <\/div>\n              <div class=\"u-over-slide u-over-slide-5\"><\/div>\n              <style data-mode=\"XXL\"><\/style>\n              <style data-mode=\"XL\"><\/style>\n              <style data-mode=\"LG\"><\/style>\n              <style data-mode=\"MD\" data-visited=\"true\"><\/style>\n              <style data-mode=\"SM\" data-visited=\"true\"><\/style>\n              <style data-mode=\"XS\" data-visited=\"true\"><\/style>\n            <\/div>\n            <div class=\"u-carousel-item u-gallery-item u-carousel-item-6\" data-image-width=\"2400\" data-image-height=\"1350\">\n              <div class=\"u-back-slide\">\n                <img decoding=\"async\" class=\"u-back-image u-expanded u-image-contain\" src=\"https:\/\/cfaebi.pt\/rumo\/wp-content\/uploads\/2026\/03\/6_Alunos-Migrantes-por-Concelho-1.png\">\n              <\/div>\n              <div class=\"u-over-slide u-over-slide-6\"><\/div>\n              <style data-mode=\"XXL\"><\/style>\n              <style data-mode=\"XL\"><\/style>\n              <style data-mode=\"LG\"><\/style>\n              <style data-mode=\"MD\" data-visited=\"true\"><\/style>\n              <style data-mode=\"SM\" data-visited=\"true\"><\/style>\n              <style data-mode=\"XS\" data-visited=\"true\"><\/style>\n            <\/div>\n            <div class=\"u-carousel-item u-gallery-item u-carousel-item-7\" data-image-width=\"2400\" data-image-height=\"1818\">\n              <div class=\"u-back-slide\">\n                <img decoding=\"async\" class=\"u-back-image u-expanded u-image-contain\" src=\"https:\/\/cfaebi.pt\/rumo\/wp-content\/uploads\/2026\/03\/7_Distribuicao-de-Alunos-Migrantes-por-Concelho.png\">\n              <\/div>\n              <div class=\"u-over-slide u-over-slide-7\"><\/div>\n              <style data-mode=\"XXL\"><\/style>\n              <style data-mode=\"XL\"><\/style>\n              <style data-mode=\"LG\"><\/style>\n              <style data-mode=\"MD\" data-visited=\"true\"><\/style>\n              <style data-mode=\"SM\" data-visited=\"true\"><\/style>\n              <style data-mode=\"XS\" data-visited=\"true\"><\/style>\n            <\/div>\n            <div class=\"u-carousel-item u-gallery-item u-carousel-item-8\" data-image-width=\"2400\" data-image-height=\"1350\">\n              <div class=\"u-back-slide\">\n                <img decoding=\"async\" class=\"u-back-image u-expanded u-image-contain\" src=\"https:\/\/cfaebi.pt\/rumo\/wp-content\/uploads\/2026\/03\/8_Nota-sobre-a-UBI-Dois-Grupos-de-Alunos-1.png\">\n              <\/div>\n              <div class=\"u-over-slide u-over-slide-8\"><\/div>\n              <style data-mode=\"XXL\"><\/style>\n              <style data-mode=\"XL\"><\/style>\n              <style data-mode=\"LG\"><\/style>\n              <style data-mode=\"MD\" data-visited=\"true\"><\/style>\n              <style data-mode=\"SM\" data-visited=\"true\"><\/style>\n              <style data-mode=\"XS\" data-visited=\"true\"><\/style>\n            <\/div>\n            <div class=\"u-carousel-item u-gallery-item u-carousel-item-9\" data-image-width=\"2400\" data-image-height=\"2184\">\n              <div class=\"u-back-slide\">\n                <img decoding=\"async\" class=\"u-back-image u-expanded u-image-contain\" src=\"https:\/\/cfaebi.pt\/rumo\/wp-content\/uploads\/2026\/03\/9_Percentagem-de-Alunos-Migrantes-por-Concelho.png\">\n              <\/div>\n              <div class=\"u-over-slide u-over-slide-9\"><\/div>\n              <style data-mode=\"XXL\"><\/style>\n              <style data-mode=\"XL\"><\/style>\n              <style data-mode=\"LG\"><\/style>\n              <style data-mode=\"MD\" data-visited=\"true\"><\/style>\n              <style data-mode=\"SM\" data-visited=\"true\"><\/style>\n              <style data-mode=\"XS\" data-visited=\"true\"><\/style>\n            <\/div>\n            <div class=\"u-carousel-item u-gallery-item u-carousel-item-10\" data-image-width=\"2400\" data-image-height=\"1544\">\n              <div class=\"u-back-slide\">\n                <img decoding=\"async\" class=\"u-back-image u-expanded u-image-contain\" src=\"https:\/\/cfaebi.pt\/rumo\/wp-content\/uploads\/2026\/03\/10_Sintese-Global-1.png\">\n              <\/div>\n              <div class=\"u-over-slide u-over-slide-10\"><\/div>\n              <style data-mode=\"XXL\"><\/style>\n              <style data-mode=\"XL\"><\/style>\n              <style data-mode=\"LG\"><\/style>\n              <style data-mode=\"MD\" data-visited=\"true\"><\/style>\n              <style data-mode=\"SM\" data-visited=\"true\"><\/style>\n              <style data-mode=\"XS\" data-visited=\"true\"><\/style>\n            <\/div>\n          <\/div>\n          <a class=\"u-absolute-vcenter u-carousel-control u-carousel-control-prev u-icon-circle u-opacity u-opacity-70 u-palette-2-dark-2 u-spacing-10 u-text-white u-carousel-control-1\" href=\"#carousel-deb2\" role=\"button\" data-u-slide=\"prev\"><span aria-hidden=\"true\">\n              <svg viewBox=\"0 0 451.847 451.847\"><path d=\"M97.141,225.92c0-8.095,3.091-16.192,9.259-22.366L300.689,9.27c12.359-12.359,32.397-12.359,44.751,0\nc12.354,12.354,12.354,32.388,0,44.748L173.525,225.92l171.903,171.909c12.354,12.354,12.354,32.391,0,44.744\nc-12.354,12.365-32.386,12.365-44.745,0l-194.29-194.281C100.226,242.115,97.141,234.018,97.141,225.92z\"><\/path><\/svg><\/span><span class=\"sr-only\">\n              <svg viewBox=\"0 0 451.847 451.847\"><path d=\"M97.141,225.92c0-8.095,3.091-16.192,9.259-22.366L300.689,9.27c12.359-12.359,32.397-12.359,44.751,0\nc12.354,12.354,12.354,32.388,0,44.748L173.525,225.92l171.903,171.909c12.354,12.354,12.354,32.391,0,44.744\nc-12.354,12.365-32.386,12.365-44.745,0l-194.29-194.281C100.226,242.115,97.141,234.018,97.141,225.92z\"><\/path><\/svg><\/span>\n          <\/a>\n          <a class=\"u-absolute-vcenter u-carousel-control u-carousel-control-next u-icon-circle u-opacity u-opacity-70 u-palette-2-dark-2 u-spacing-10 u-text-white u-carousel-control-2\" href=\"#carousel-deb2\" role=\"button\" data-u-slide=\"next\"><span aria-hidden=\"true\">\n              <svg viewBox=\"0 0 451.846 451.847\"><path d=\"M345.441,248.292L151.154,442.573c-12.359,12.365-32.397,12.365-44.75,0c-12.354-12.354-12.354-32.391,0-44.744\nL278.318,225.92L106.409,54.017c-12.354-12.359-12.354-32.394,0-44.748c12.354-12.359,32.391-12.359,44.75,0l194.287,194.284\nc6.177,6.18,9.262,14.271,9.262,22.366C354.708,234.018,351.617,242.115,345.441,248.292z\"><\/path><\/svg><\/span><span class=\"sr-only\">\n              <svg viewBox=\"0 0 451.846 451.847\"><path d=\"M345.441,248.292L151.154,442.573c-12.359,12.365-32.397,12.365-44.75,0c-12.354-12.354-12.354-32.391,0-44.744\nL278.318,225.92L106.409,54.017c-12.354-12.359-12.354-32.394,0-44.748c12.354-12.359,32.391-12.359,44.75,0l194.287,194.284\nc6.177,6.18,9.262,14.271,9.262,22.366C354.708,234.018,351.617,242.115,345.441,248.292z\"><\/path><\/svg><\/span>\n          <\/a>\n          <ol class=\"u-carousel-thumbnails u-spacing-10 u-carousel-thumbnails-1\">\n            <li class=\"u-active u-carousel-thumbnail u-carousel-thumbnail-1\" data-u-target=\"#carousel-deb2\" data-u-slide-to=\"0\">\n              <img decoding=\"async\" class=\"u-carousel-thumbnail-image u-image\" src=\"https:\/\/cfaebi.pt\/rumo\/wp-content\/uploads\/2026\/03\/1_Visao-globaAlunos-Migrantes-Estabelecimentos-de-Ensino.png\">\n            <\/li>\n            <li class=\"u-carousel-thumbnail u-carousel-thumbnail-2\" data-u-target=\"#carousel-deb2\" data-u-slide-to=\"1\">\n              <img decoding=\"async\" class=\"u-carousel-thumbnail-image u-image\" src=\"https:\/\/cfaebi.pt\/rumo\/wp-content\/uploads\/2026\/03\/2_Alunos-Migrantes-por-Estabelecimento.png\">\n            <\/li>\n            <li class=\"u-carousel-thumbnail u-carousel-thumbnail-3\" data-u-target=\"#carousel-deb2\" data-u-slide-to=\"2\">\n              <img decoding=\"async\" class=\"u-carousel-thumbnail-image u-image\" src=\"https:\/\/cfaebi.pt\/rumo\/wp-content\/uploads\/2026\/03\/3_Percentagem-de-Alunos-Migrantes-por-Estabelecimento.png\">\n            <\/li>\n            <li class=\"u-carousel-thumbnail u-carousel-thumbnail-4\" data-u-target=\"#carousel-deb2\" data-u-slide-to=\"3\">\n              <img decoding=\"async\" class=\"u-carousel-thumbnail-image u-image\" src=\"https:\/\/cfaebi.pt\/rumo\/wp-content\/uploads\/2026\/03\/4_Distribuicao-de-Alunos-Migrantes-por-Estabelecimento.png\">\n            <\/li>\n            <li class=\"u-carousel-thumbnail u-carousel-thumbnail-5\" data-u-target=\"#carousel-deb2\" data-u-slide-to=\"4\">\n              <img decoding=\"async\" class=\"u-carousel-thumbnail-image u-image\" src=\"https:\/\/cfaebi.pt\/rumo\/wp-content\/uploads\/2026\/03\/5_Destaques-Percentagens-Mais-Elevadas-1.png\">\n            <\/li>\n            <li class=\"u-carousel-thumbnail u-carousel-thumbnail-6\" data-u-target=\"#carousel-deb2\" data-u-slide-to=\"5\">\n              <img decoding=\"async\" class=\"u-carousel-thumbnail-image u-image\" src=\"https:\/\/cfaebi.pt\/rumo\/wp-content\/uploads\/2026\/03\/6_Alunos-Migrantes-por-Concelho-1.png\">\n            <\/li>\n            <li class=\"u-carousel-thumbnail u-carousel-thumbnail-7\" data-u-target=\"#carousel-deb2\" data-u-slide-to=\"6\">\n              <img decoding=\"async\" class=\"u-carousel-thumbnail-image u-image\" src=\"https:\/\/cfaebi.pt\/rumo\/wp-content\/uploads\/2026\/03\/7_Distribuicao-de-Alunos-Migrantes-por-Concelho.png\">\n            <\/li>\n            <li class=\"u-carousel-thumbnail u-carousel-thumbnail-8\" data-u-target=\"#carousel-deb2\" data-u-slide-to=\"7\">\n              <img decoding=\"async\" class=\"u-carousel-thumbnail-image u-image\" src=\"https:\/\/cfaebi.pt\/rumo\/wp-content\/uploads\/2026\/03\/8_Nota-sobre-a-UBI-Dois-Grupos-de-Alunos-1.png\">\n            <\/li>\n            <li class=\"u-carousel-thumbnail u-carousel-thumbnail-9\" data-u-target=\"#carousel-deb2\" data-u-slide-to=\"8\">\n              <img decoding=\"async\" class=\"u-carousel-thumbnail-image u-image\" src=\"https:\/\/cfaebi.pt\/rumo\/wp-content\/uploads\/2026\/03\/9_Percentagem-de-Alunos-Migrantes-por-Concelho.png\">\n            <\/li>\n            <li class=\"u-carousel-thumbnail u-carousel-thumbnail-10\" data-u-target=\"#carousel-deb2\" data-u-slide-to=\"9\">\n              <img decoding=\"async\" class=\"u-carousel-thumbnail-image u-image\" src=\"https:\/\/cfaebi.pt\/rumo\/wp-content\/uploads\/2026\/03\/10_Sintese-Global-1.png\">\n            <\/li>\n          <\/ol>\n        <\/div>\n        <a href=\"https:\/\/cfaebi.pt\/rumo\/observatorio-dos-alunos-migrantes-na-beira-interior\/\" class=\"u-align-center u-border-none u-btn u-btn-round u-button-style u-hover-palette-2-dark-2 u-palette-2-light-1 u-radius u-btn-1\">VER todos os dados<\/a>\n      <\/div>\n    <\/section>\n    <section class=\"skrollable u-align-center u-clearfix u-container-align-center u-image u-parallax u-shading u-section-13\" id=\"carousel_c221\" data-image-width=\"425\" data-image-height=\"283\" style=\"background-image: linear-gradient(0deg, rgba(0, 0, 0, 0.5), rgba(0, 0, 0, 0.5)), url(&quot;https:\/\/cfaebi.pt\/rumo\/wp-content\/uploads\/2025\/04\/photo-1544481921-fb52f37ba73c.jpeg&quot;);\">\n      <div class=\"u-clearfix u-sheet u-valign-middle-lg u-valign-middle-md u-valign-middle-sm u-valign-middle-xs u-sheet-1\">\n        <h2 class=\"u-align-center u-text u-text-1\" data-animation-name=\"customAnimationIn\" data-animation-duration=\"1000\" data-animation-delay=\"500\">Alguns n\u00fameros...<\/h2>\n        <div class=\"u-expanded-width-md u-expanded-width-sm u-expanded-width-xs u-list u-list-1\">\n          <div class=\"u-repeater u-repeater-1\">\n            <div class=\"u-align-center u-container-align-center u-container-style u-list-item u-repeater-item u-shape-rectangle u-white u-list-item-1\" data-animation-name=\"fadeIn\" data-animation-duration=\"1500\" data-animation-direction=\"Right\" data-animation-delay=\"500\">\n              <div class=\"u-container-layout u-similar-container u-valign-middle-lg u-valign-middle-md u-valign-middle-sm u-valign-middle-xl u-valign-middle-xs u-container-layout-1\">\n                <h3 class=\"u-custom-font u-font-montserrat u-text u-text-default u-text-grey-40 u-text-2\" data-animation-name=\"counter\" data-animation-event=\"scroll\" data-animation-duration=\"3000\">13<\/h3>\n                <h5 class=\"u-text u-text-default u-text-3\">UNIDADES ORG\u00c2NICAS<\/h5>\n              <\/div>\n            <\/div>\n            <div class=\"u-align-center u-container-align-center u-container-style u-list-item u-repeater-item u-shape-rectangle u-white u-list-item-2\" data-animation-name=\"fadeIn\" data-animation-duration=\"1500\" data-animation-direction=\"Right\" data-animation-delay=\"500\">\n              <div class=\"u-container-layout u-similar-container u-valign-middle-lg u-valign-middle-md u-valign-middle-sm u-valign-middle-xl u-valign-middle-xs u-container-layout-2\">\n                <h3 class=\"u-custom-font u-font-montserrat u-text u-text-default u-text-grey-40 u-text-4\" data-animation-name=\"counter\" data-animation-event=\"scroll\" data-animation-duration=\"3000\">1486<\/h3>\n                <h5 class=\"u-text u-text-default u-text-5\">ALUNOS ENVOLVIDOS<\/h5>\n              <\/div>\n            <\/div>\n            <div class=\"u-align-center u-container-align-center u-container-style u-list-item u-repeater-item u-shape-rectangle u-white u-list-item-3\" data-animation-name=\"fadeIn\" data-animation-duration=\"1500\" data-animation-direction=\"Right\" data-animation-delay=\"500\">\n              <div class=\"u-container-layout u-similar-container u-valign-middle-lg u-valign-middle-md u-valign-middle-sm u-valign-middle-xl u-valign-middle-xs u-container-layout-3\">\n                <h3 class=\"u-custom-font u-font-montserrat u-text u-text-default u-text-grey-40 u-text-6\" data-animation-name=\"counter\" data-animation-event=\"scroll\" data-animation-duration=\"3000\">19<\/h3>\n                <h5 class=\"u-text u-text-default u-text-7\">PROJETOS DE INTERVEN\u00c7\u00c3O<\/h5>\n              <\/div>\n            <\/div>\n            <div class=\"u-align-center u-container-align-center u-container-style u-list-item u-repeater-item u-shape-rectangle u-white u-list-item-4\" data-animation-name=\"fadeIn\" data-animation-duration=\"1500\" data-animation-direction=\"Right\" data-animation-delay=\"500\">\n              <div class=\"u-container-layout u-similar-container u-valign-middle-lg u-valign-middle-md u-valign-middle-sm u-valign-middle-xl u-valign-middle-xs u-container-layout-4\">\n                <h3 class=\"u-custom-font u-font-montserrat u-text u-text-default u-text-grey-40 u-text-8\" data-animation-name=\"counter\" data-animation-event=\"scroll\" data-animation-duration=\"3000\">17<\/h3>\n                <h5 class=\"u-text u-text-default u-text-9\">colaboradores ENVOLVIDOS&nbsp;<\/h5>\n              <\/div>\n            <\/div>\n          <\/div>\n        <\/div>\n      <\/div>\n    <\/section>\n    <section class=\"u-align-center u-clearfix u-container-align-center u-section-14\" id=\"carousel_5410\">\n      <div class=\"u-clearfix u-sheet u-valign-middle-lg u-valign-middle-md u-valign-middle-sm u-valign-middle-xl u-sheet-1\">\n        <h2 class=\"u-align-center u-text u-text-default-lg u-text-default-md u-text-default-sm u-text-default-xl u-text-default-xxl u-text-1\" data-animation-name=\"customAnimationIn\" data-animation-duration=\"1000\" data-animation-delay=\"0\">A Equipa<\/h2>\n        <div class=\"u-expanded-width u-layout-horizontal u-list u-list-1\">\n          <div class=\"u-repeater u-repeater-1\">\n            <div class=\"u-container-style u-list-item u-repeater-item u-shape-rectangle u-white u-list-item-1\" data-animation-name=\"customAnimationIn\" data-animation-duration=\"1500\" data-animation-delay=\"500\">\n              <div class=\"u-container-layout u-similar-container u-valign-top-lg u-valign-top-md u-valign-top-sm u-valign-top-xl u-container-layout-1\">\n                <div alt=\"\" class=\"custom-expanded u-image u-image-circle u-image-1\" data-image-width=\"480\" data-image-height=\"480\" data-animation-name=\"customAnimationIn\" data-animation-duration=\"1250\" data-animation-delay=\"250\" style=\"background-image: url(&quot;https:\/\/cfaebi.pt\/rumo\/wp-content\/uploads\/2025\/05\/RenatoAlves.webp&quot;);\"><\/div>\n                <h5 class=\"u-align-center u-text u-text-2\" data-animation-name=\"\" data-animation-duration=\"0\" data-animation-delay=\"0\" data-animation-direction=\"\">Coordenador<\/h5>\n                <p class=\"u-align-center u-text u-text-default u-text-3\">Renato Alves <\/p>\n                <p class=\"u-align-center u-text u-text-4\">CFAEBI<\/p>\n                <p class=\"u-align-center u-large-text u-text u-text-default u-text-variant u-text-5\">Diretor do CFAE <\/p>\n              <\/div>\n            <\/div>\n            <div class=\"u-container-style u-list-item u-repeater-item u-shape-rectangle u-video-cover u-white u-list-item-2\" data-animation-name=\"customAnimationIn\" data-animation-duration=\"1500\" data-animation-delay=\"500\">\n              <div class=\"u-container-layout u-similar-container u-valign-top-lg u-valign-top-md u-valign-top-sm u-valign-top-xl u-container-layout-2\">\n                <div alt=\"\" class=\"custom-expanded u-image u-image-circle u-image-2\" data-image-width=\"600\" data-image-height=\"589\" data-animation-name=\"customAnimationIn\" data-animation-duration=\"1250\" data-animation-delay=\"250\" style=\"background-image: url(&quot;https:\/\/cfaebi.pt\/rumo\/wp-content\/uploads\/2025\/05\/PauloMorais.png&quot;);\"><\/div>\n                <h5 class=\"u-align-center u-text u-text-6\" data-animation-name=\"\" data-animation-duration=\"0\" data-animation-delay=\"0\" data-animation-direction=\"\">Assistente<\/h5>\n                <p class=\"u-align-center u-text u-text-default u-text-7\">Paulo Morais<\/p>\n                <p class=\"u-align-center u-text u-text-8\"> ES Quinta das Palmeiras<\/p>\n                <p class=\"u-align-center u-large-text u-text u-text-default u-text-variant u-text-9\">Assessor Tecnol\u00f3gico <\/p>\n              <\/div>\n            <\/div>\n            <div class=\"u-container-style u-list-item u-repeater-item u-shape-rectangle u-video-cover u-white u-list-item-3\" data-animation-name=\"customAnimationIn\" data-animation-duration=\"1500\" data-animation-delay=\"500\">\n              <div class=\"u-container-layout u-similar-container u-valign-top-lg u-valign-top-md u-valign-top-sm u-valign-top-xl u-container-layout-3\">\n                <div alt=\"\" class=\"custom-expanded u-image u-image-circle u-image-3\" data-image-width=\"480\" data-image-height=\"480\" data-animation-name=\"customAnimationIn\" data-animation-duration=\"1250\" data-animation-delay=\"250\" style=\"background-image: url(&quot;https:\/\/cfaebi.pt\/rumo\/wp-content\/uploads\/2025\/05\/InesCravino.webp&quot;);\"><\/div>\n                <h5 class=\"u-align-center u-text u-text-10\" data-animation-name=\"\" data-animation-duration=\"0\" data-animation-delay=\"0\" data-animation-direction=\"\">Assistente<\/h5>\n                <p class=\"u-align-center u-text u-text-default u-text-11\">In\u00eas Cravino <\/p>\n                <p class=\"u-align-center u-text u-text-12\">ES Quinta das Palmeiras<\/p>\n                <p class=\"u-align-center u-large-text u-text u-text-default u-text-variant u-text-13\">Assessora&nbsp;<\/p>\n              <\/div>\n            <\/div>\n            <div class=\"u-container-style u-list-item u-repeater-item u-shape-rectangle u-video-cover u-white u-list-item-4\" data-animation-name=\"customAnimationIn\" data-animation-duration=\"1500\" data-animation-delay=\"500\">\n              <div class=\"u-container-layout u-similar-container u-valign-top-lg u-valign-top-md u-valign-top-sm u-valign-top-xl u-container-layout-4\">\n                <div alt=\"\" class=\"custom-expanded u-image u-image-circle u-image-4\" data-image-width=\"300\" data-image-height=\"300\" data-animation-name=\"customAnimationIn\" data-animation-duration=\"1250\" data-animation-delay=\"250\" style=\"background-image: url(&quot;https:\/\/cfaebi.pt\/rumo\/wp-content\/uploads\/2025\/05\/joana_lemos.jpg&quot;);\"><\/div>\n                <h5 class=\"u-align-center u-text u-text-14\" data-animation-name=\"\" data-animation-duration=\"0\" data-animation-delay=\"0\" data-animation-direction=\"\">Secret\u00e1ria<\/h5>\n                <p class=\"u-align-center u-text u-text-default u-text-15\">Joana Lemos <\/p>\n                <p class=\"u-align-center u-text u-text-16\">CFAEBI<\/p>\n                <p class=\"u-align-center u-large-text u-text u-text-default u-text-variant u-text-17\">Secret\u00e1ria de Dire\u00e7\u00e3o <\/p>\n              <\/div>\n            <\/div>\n            <div class=\"u-container-style u-list-item u-repeater-item u-shape-rectangle u-video-cover u-white u-list-item-5\" data-animation-name=\"customAnimationIn\" data-animation-duration=\"1500\" data-animation-delay=\"500\">\n              <div class=\"u-container-layout u-similar-container u-valign-top-lg u-valign-top-md u-valign-top-sm u-valign-top-xl u-container-layout-5\">\n                <div alt=\"\" class=\"custom-expanded u-image u-image-circle u-image-5\" data-image-width=\"461\" data-image-height=\"439\" data-animation-name=\"customAnimationIn\" data-animation-duration=\"1250\" data-animation-delay=\"250\" style=\"background-image: url(&quot;https:\/\/cfaebi.pt\/rumo\/wp-content\/uploads\/2025\/05\/FotoGuidaMariaNetoLopes_EscolaBasicadeSaoDomingos_AgrupamentoALaeaNeve.png&quot;);\"><\/div>\n                <h5 class=\"u-align-center u-text u-text-18\" data-animation-name=\"\" data-animation-duration=\"0\" data-animation-delay=\"0\" data-animation-direction=\"\">Representante de Escola<\/h5>\n                <p class=\"u-align-center u-text u-text-default u-text-19\">Guida Lopes<\/p>\n                <p class=\"u-align-center u-text u-text-20\">AE A L\u00e3 e A Neve<\/p>\n                <p class=\"u-align-center u-large-text u-text u-text-default u-text-variant u-text-21\">Docente<\/p>\n              <\/div>\n            <\/div>\n            <div class=\"u-container-style u-list-item u-repeater-item u-shape-rectangle u-video-cover u-white u-list-item-6\" data-animation-name=\"customAnimationIn\" data-animation-duration=\"1500\" data-animation-delay=\"500\">\n              <div class=\"u-container-layout u-similar-container u-valign-top-lg u-valign-top-md u-valign-top-sm u-valign-top-xl u-container-layout-6\">\n                <div alt=\"\" class=\"custom-expanded u-image u-image-circle u-image-6\" data-image-width=\"968\" data-image-height=\"863\" data-animation-name=\"customAnimationIn\" data-animation-duration=\"1250\" data-animation-delay=\"250\" style=\"background-image: url(&quot;https:\/\/cfaebi.pt\/rumo\/wp-content\/uploads\/2025\/05\/LuciliaProenca_foto.png&quot;);\"><\/div>\n                <h5 class=\"u-align-center u-text u-text-22\" data-animation-name=\"\" data-animation-duration=\"0\" data-animation-delay=\"0\" data-animation-direction=\"\">Representante de Escola<\/h5>\n                <p class=\"u-align-center u-text u-text-default u-text-23\">Luc\u00edlia Proen\u00e7a<\/p>\n                <p class=\"u-align-center u-text u-text-24\">AE de Teixoso<\/p>\n                <p class=\"u-align-center u-large-text u-text u-text-default u-text-variant u-text-25\">Docente <\/p>\n              <\/div>\n            <\/div>\n            <div class=\"u-container-style u-list-item u-repeater-item u-shape-rectangle u-video-cover u-white u-list-item-7\" data-animation-name=\"customAnimationIn\" data-animation-duration=\"1500\" data-animation-delay=\"500\">\n              <div class=\"u-container-layout u-similar-container u-valign-top-lg u-valign-top-md u-valign-top-sm u-valign-top-xl u-container-layout-7\">\n                <div alt=\"\" class=\"custom-expanded u-image u-image-circle u-image-7\" data-image-width=\"2427\" data-image-height=\"2355\" data-animation-name=\"customAnimationIn\" data-animation-duration=\"1250\" data-animation-delay=\"250\" style=\"background-image: url(&quot;https:\/\/cfaebi.pt\/rumo\/wp-content\/uploads\/2025\/05\/MariaJoao.jpg&quot;);\"><\/div>\n                <h5 class=\"u-align-center u-text u-text-26\" data-animation-name=\"\" data-animation-duration=\"0\" data-animation-delay=\"0\" data-animation-direction=\"\"> Representante de Escola<\/h5>\n                <p class=\"u-align-center u-text u-text-default u-text-27\">M\u00aa. Jo\u00e3o Costa <\/p>\n                <p class=\"u-align-center u-text u-text-28\">AE de Manteigas<\/p>\n                <p class=\"u-align-center u-large-text u-text u-text-default u-text-variant u-text-29\">Docente <\/p>\n              <\/div>\n            <\/div>\n            <div class=\"u-container-style u-list-item u-repeater-item u-shape-rectangle u-video-cover u-white u-list-item-8\" data-animation-name=\"customAnimationIn\" data-animation-duration=\"1500\" data-animation-delay=\"500\">\n              <div class=\"u-container-layout u-similar-container u-valign-top-lg u-valign-top-md u-valign-top-sm u-valign-top-xl u-container-layout-8\">\n                <div alt=\"\" class=\"custom-expanded u-image u-image-circle u-image-8\" data-image-width=\"626\" data-image-height=\"417\" data-animation-name=\"customAnimationIn\" data-animation-duration=\"1250\" data-animation-delay=\"250\" style=\"background-image: url(&quot;https:\/\/cfaebi.pt\/rumo\/wp-content\/uploads\/2025\/04\/woman9.jpg&quot;);\"><\/div>\n                <h5 class=\"u-align-center u-text u-text-30\" data-animation-name=\"\" data-animation-duration=\"0\" data-animation-delay=\"0\" data-animation-direction=\"\">Inclus\u00e3o Lingu\u00edstica<\/h5>\n                <p class=\"u-align-center u-text u-text-default u-text-31\">S\u00f3nia Carvalho<\/p>\n                <p class=\"u-align-center u-text u-text-32\">Texto de Amostra. Clique para selecionar o Elemento de Texto.<\/p>\n                <p class=\"u-align-center u-large-text u-text u-text-default u-text-variant u-text-33\">Docente <\/p>\n              <\/div>\n            <\/div>\n            <div class=\"u-container-style u-list-item u-repeater-item u-shape-rectangle u-video-cover u-white u-list-item-9\" data-animation-name=\"customAnimationIn\" data-animation-duration=\"1500\" data-animation-delay=\"500\">\n              <div class=\"u-container-layout u-similar-container u-valign-top-lg u-valign-top-md u-valign-top-sm u-valign-top-xl u-container-layout-9\">\n                <div alt=\"\" class=\"custom-expanded u-image u-image-circle u-image-9\" data-image-width=\"626\" data-image-height=\"417\" data-animation-name=\"customAnimationIn\" data-animation-duration=\"1250\" data-animation-delay=\"250\" style=\"background-image: url(&quot;https:\/\/cfaebi.pt\/rumo\/wp-content\/uploads\/2025\/04\/woman9.jpg&quot;);\"><\/div>\n                <h5 class=\"u-align-center u-text u-text-34\" data-animation-name=\"\" data-animation-duration=\"0\" data-animation-delay=\"0\" data-animation-direction=\"\">Inclus\u00e3o Lingu\u00edstica<\/h5>\n                <p class=\"u-align-center u-text u-text-default u-text-35\">S\u00f3nia Carvalho<\/p>\n                <p class=\"u-align-center u-text u-text-36\">Texto de Amostra. Clique para selecionar o Elemento de Texto.<\/p>\n                <p class=\"u-align-center u-large-text u-text u-text-default u-text-variant u-text-37\">Docente <\/p>\n              <\/div>\n            <\/div>\n            <div class=\"u-container-style u-list-item u-repeater-item u-shape-rectangle u-video-cover u-white u-list-item-10\" data-animation-name=\"customAnimationIn\" data-animation-duration=\"1500\" data-animation-delay=\"500\">\n              <div class=\"u-container-layout u-similar-container u-valign-top-lg u-valign-top-md u-valign-top-sm u-valign-top-xl u-container-layout-10\">\n                <div alt=\"\" class=\"custom-expanded u-image u-image-circle u-image-10\" data-image-width=\"626\" data-image-height=\"417\" data-animation-name=\"customAnimationIn\" data-animation-duration=\"1250\" data-animation-delay=\"250\" style=\"background-image: url(&quot;https:\/\/cfaebi.pt\/rumo\/wp-content\/uploads\/2025\/04\/woman9.jpg&quot;);\"><\/div>\n                <h5 class=\"u-align-center u-text u-text-38\" data-animation-name=\"\" data-animation-duration=\"0\" data-animation-delay=\"0\" data-animation-direction=\"\">Inclus\u00e3o Lingu\u00edstica<\/h5>\n                <p class=\"u-align-center u-text u-text-default u-text-39\">S\u00f3nia Carvalho<\/p>\n                <p class=\"u-align-center u-text u-text-40\">Texto de Amostra. Clique para selecionar o Elemento de Texto.<\/p>\n                <p class=\"u-align-center u-large-text u-text u-text-default u-text-variant u-text-41\">Docente <\/p>\n              <\/div>\n            <\/div>\n            <div class=\"u-container-style u-list-item u-repeater-item u-shape-rectangle u-video-cover u-white u-list-item-11\" data-animation-name=\"customAnimationIn\" data-animation-duration=\"1500\" data-animation-delay=\"500\">\n              <div class=\"u-container-layout u-similar-container u-valign-top-lg u-valign-top-md u-valign-top-sm u-valign-top-xl u-container-layout-11\">\n                <div alt=\"\" class=\"custom-expanded u-image u-image-circle u-image-11\" data-image-width=\"626\" data-image-height=\"417\" data-animation-name=\"customAnimationIn\" data-animation-duration=\"1250\" data-animation-delay=\"250\" style=\"background-image: url(&quot;https:\/\/cfaebi.pt\/rumo\/wp-content\/uploads\/2025\/04\/woman9.jpg&quot;);\"><\/div>\n                <h5 class=\"u-align-center u-text u-text-42\" data-animation-name=\"\" data-animation-duration=\"0\" data-animation-delay=\"0\" data-animation-direction=\"\">Inclus\u00e3o Lingu\u00edstica<\/h5>\n                <p class=\"u-align-center u-text u-text-default u-text-43\">S\u00f3nia Carvalho<\/p>\n                <p class=\"u-align-center u-text u-text-44\">Texto de Amostra. Clique para selecionar o Elemento de Texto.<\/p>\n                <p class=\"u-align-center u-large-text u-text u-text-default u-text-variant u-text-45\">Docente <\/p>\n              <\/div>\n            <\/div>\n            <div class=\"u-container-style u-list-item u-repeater-item u-shape-rectangle u-video-cover u-white u-list-item-12\" data-animation-name=\"customAnimationIn\" data-animation-duration=\"1500\" data-animation-delay=\"500\">\n              <div class=\"u-container-layout u-similar-container u-valign-top-lg u-valign-top-md u-valign-top-sm u-valign-top-xl u-container-layout-12\">\n                <div alt=\"\" class=\"custom-expanded u-image u-image-circle u-image-12\" data-image-width=\"626\" data-image-height=\"417\" data-animation-name=\"customAnimationIn\" data-animation-duration=\"1250\" data-animation-delay=\"250\" style=\"background-image: url(&quot;https:\/\/cfaebi.pt\/rumo\/wp-content\/uploads\/2025\/04\/woman9.jpg&quot;);\"><\/div>\n                <h5 class=\"u-align-center u-text u-text-46\" data-animation-name=\"\" data-animation-duration=\"0\" data-animation-delay=\"0\" data-animation-direction=\"\">Inclus\u00e3o Lingu\u00edstica<\/h5>\n                <p class=\"u-align-center u-text u-text-default u-text-47\">S\u00f3nia Carvalho<\/p>\n                <p class=\"u-align-center u-text u-text-48\">Texto de Amostra. Clique para selecionar o Elemento de Texto.<\/p>\n                <p class=\"u-align-center u-large-text u-text u-text-default u-text-variant u-text-49\">Docente <\/p>\n              <\/div>\n            <\/div>\n            <div class=\"u-container-style u-list-item u-repeater-item u-shape-rectangle u-video-cover u-white u-list-item-13\" data-animation-name=\"customAnimationIn\" data-animation-duration=\"1500\" data-animation-delay=\"500\">\n              <div class=\"u-container-layout u-similar-container u-valign-top-lg u-valign-top-md u-valign-top-sm u-valign-top-xl u-container-layout-13\">\n                <div alt=\"\" class=\"custom-expanded u-image u-image-circle u-image-13\" data-image-width=\"626\" data-image-height=\"417\" data-animation-name=\"customAnimationIn\" data-animation-duration=\"1250\" data-animation-delay=\"250\" style=\"background-image: url(&quot;https:\/\/cfaebi.pt\/rumo\/wp-content\/uploads\/2025\/04\/woman9.jpg&quot;);\"><\/div>\n                <h5 class=\"u-align-center u-text u-text-50\" data-animation-name=\"\" data-animation-duration=\"0\" data-animation-delay=\"0\" data-animation-direction=\"\">Inclus\u00e3o Lingu\u00edstica<\/h5>\n                <p class=\"u-align-center u-text u-text-default u-text-51\">S\u00f3nia Carvalho<\/p>\n                <p class=\"u-align-center u-text u-text-52\">Texto de Amostra. Clique para selecionar o Elemento de Texto.<\/p>\n                <p class=\"u-align-center u-large-text u-text u-text-default u-text-variant u-text-53\">Docente <\/p>\n              <\/div>\n            <\/div>\n            <div class=\"u-container-style u-list-item u-repeater-item u-shape-rectangle u-video-cover u-white u-list-item-14\" data-animation-name=\"customAnimationIn\" data-animation-duration=\"1500\" data-animation-delay=\"500\">\n              <div class=\"u-container-layout u-similar-container u-valign-top-lg u-valign-top-md u-valign-top-sm u-valign-top-xl u-container-layout-14\">\n                <div alt=\"\" class=\"custom-expanded u-image u-image-circle u-image-14\" data-image-width=\"626\" data-image-height=\"417\" data-animation-name=\"customAnimationIn\" data-animation-duration=\"1250\" data-animation-delay=\"250\" style=\"background-image: url(&quot;https:\/\/cfaebi.pt\/rumo\/wp-content\/uploads\/2025\/04\/woman9.jpg&quot;);\"><\/div>\n                <h5 class=\"u-align-center u-text u-text-54\" data-animation-name=\"\" data-animation-duration=\"0\" data-animation-delay=\"0\" data-animation-direction=\"\">Inclus\u00e3o Lingu\u00edstica<\/h5>\n                <p class=\"u-align-center u-text u-text-default u-text-55\">S\u00f3nia Carvalho<\/p>\n                <p class=\"u-align-center u-text u-text-56\">Texto de Amostra. Clique para selecionar o Elemento de Texto.<\/p>\n                <p class=\"u-align-center u-large-text u-text u-text-default u-text-variant u-text-57\">Docente <\/p>\n              <\/div>\n            <\/div>\n            <div class=\"u-container-style u-list-item u-repeater-item u-shape-rectangle u-video-cover u-white u-list-item-15\" data-animation-name=\"customAnimationIn\" data-animation-duration=\"1500\" data-animation-delay=\"500\">\n              <div class=\"u-container-layout u-similar-container u-valign-top-lg u-valign-top-md u-valign-top-sm u-valign-top-xl u-container-layout-15\">\n                <div alt=\"\" class=\"custom-expanded u-image u-image-circle u-image-15\" data-image-width=\"626\" data-image-height=\"417\" data-animation-name=\"customAnimationIn\" data-animation-duration=\"1250\" data-animation-delay=\"250\" style=\"background-image: url(&quot;https:\/\/cfaebi.pt\/rumo\/wp-content\/uploads\/2025\/04\/woman9.jpg&quot;);\"><\/div>\n                <h5 class=\"u-align-center u-text u-text-58\" data-animation-name=\"\" data-animation-duration=\"0\" data-animation-delay=\"0\" data-animation-direction=\"\">Inclus\u00e3o Lingu\u00edstica<\/h5>\n                <p class=\"u-align-center u-text u-text-default u-text-59\">S\u00f3nia Carvalho<\/p>\n                <p class=\"u-align-center u-text u-text-60\">Texto de Amostra. Clique para selecionar o Elemento de Texto.<\/p>\n                <p class=\"u-align-center u-large-text u-text u-text-default u-text-variant u-text-61\">Docente <\/p>\n              <\/div>\n            <\/div>\n            <div class=\"u-container-style u-list-item u-repeater-item u-shape-rectangle u-video-cover u-white u-list-item-16\" data-animation-name=\"customAnimationIn\" data-animation-duration=\"1500\" data-animation-delay=\"500\">\n              <div class=\"u-container-layout u-similar-container u-valign-top-lg u-valign-top-md u-valign-top-sm u-valign-top-xl u-container-layout-16\">\n                <div alt=\"\" class=\"custom-expanded u-image u-image-circle u-image-16\" data-image-width=\"626\" data-image-height=\"417\" data-animation-name=\"customAnimationIn\" data-animation-duration=\"1250\" data-animation-delay=\"250\" style=\"background-image: url(&quot;https:\/\/cfaebi.pt\/rumo\/wp-content\/uploads\/2025\/04\/woman9.jpg&quot;);\"><\/div>\n                <h5 class=\"u-align-center u-text u-text-62\" data-animation-name=\"\" data-animation-duration=\"0\" data-animation-delay=\"0\" data-animation-direction=\"\">Inclus\u00e3o Lingu\u00edstica<\/h5>\n                <p class=\"u-align-center u-text u-text-default u-text-63\">S\u00f3nia Carvalho<\/p>\n                <p class=\"u-align-center u-text u-text-64\">Texto de Amostra. Clique para selecionar o Elemento de Texto.<\/p>\n                <p class=\"u-align-center u-large-text u-text u-text-default u-text-variant u-text-65\">Docente <\/p>\n              <\/div>\n            <\/div>\n            <div class=\"u-container-style u-list-item u-repeater-item u-shape-rectangle u-video-cover u-white u-list-item-17\" data-animation-name=\"customAnimationIn\" data-animation-duration=\"1500\" data-animation-delay=\"500\">\n              <div class=\"u-container-layout u-similar-container u-valign-top-lg u-valign-top-md u-valign-top-sm u-valign-top-xl u-container-layout-17\">\n                <div alt=\"\" class=\"custom-expanded u-image u-image-circle u-image-17\" data-image-width=\"626\" data-image-height=\"417\" data-animation-name=\"customAnimationIn\" data-animation-duration=\"1250\" data-animation-delay=\"250\" style=\"background-image: url(&quot;https:\/\/cfaebi.pt\/rumo\/wp-content\/uploads\/2025\/04\/woman9.jpg&quot;);\"><\/div>\n                <h5 class=\"u-align-center u-text u-text-66\" data-animation-name=\"\" data-animation-duration=\"0\" data-animation-delay=\"0\" data-animation-direction=\"\">Inclus\u00e3o Lingu\u00edstica<\/h5>\n                <p class=\"u-align-center u-text u-text-default u-text-67\">S\u00f3nia Carvalho<\/p>\n                <p class=\"u-align-center u-text u-text-68\">Texto de Amostra. Clique para selecionar o Elemento de Texto.<\/p>\n                <p class=\"u-align-center u-large-text u-text u-text-default u-text-variant u-text-69\">Docente <\/p>\n              <\/div>\n            <\/div>\n            <div class=\"u-container-style u-list-item u-repeater-item u-shape-rectangle u-video-cover u-white u-list-item-18\" data-animation-name=\"customAnimationIn\" data-animation-duration=\"1500\" data-animation-delay=\"500\">\n              <div class=\"u-container-layout u-similar-container u-valign-top-lg u-valign-top-md u-valign-top-sm u-valign-top-xl u-container-layout-18\">\n                <div alt=\"\" class=\"custom-expanded u-image u-image-circle u-image-18\" data-image-width=\"626\" data-image-height=\"417\" data-animation-name=\"customAnimationIn\" data-animation-duration=\"1250\" data-animation-delay=\"250\" style=\"background-image: url(&quot;https:\/\/cfaebi.pt\/rumo\/wp-content\/uploads\/2025\/04\/woman9.jpg&quot;);\"><\/div>\n                <h5 class=\"u-align-center u-text u-text-70\" data-animation-name=\"\" data-animation-duration=\"0\" data-animation-delay=\"0\" data-animation-direction=\"\">Inclus\u00e3o Lingu\u00edstica<\/h5>\n                <p class=\"u-align-center u-text u-text-default u-text-71\">S\u00f3nia Carvalho<\/p>\n                <p class=\"u-align-center u-text u-text-72\">Texto de Amostra. Clique para selecionar o Elemento de Texto.<\/p>\n                <p class=\"u-align-center u-large-text u-text u-text-default u-text-variant u-text-73\">Docente <\/p>\n              <\/div>\n            <\/div>\n          <\/div>\n          <a class=\"u-absolute-vcenter u-gallery-nav u-gallery-nav-prev u-hidden-lg u-hidden-xl u-hidden-xxl u-icon-circle u-opacity u-opacity-70 u-palette-1-base u-spacing-10 u-text-white u-gallery-nav-1\" href=\"#\" role=\"button\"><span aria-hidden=\"true\">\n              <svg viewBox=\"0 0 451.847 451.847\"><path d=\"M97.141,225.92c0-8.095,3.091-16.192,9.259-22.366L300.689,9.27c12.359-12.359,32.397-12.359,44.751,0\nc12.354,12.354,12.354,32.388,0,44.748L173.525,225.92l171.903,171.909c12.354,12.354,12.354,32.391,0,44.744\nc-12.354,12.365-32.386,12.365-44.745,0l-194.29-194.281C100.226,242.115,97.141,234.018,97.141,225.92z\"><\/path><\/svg><\/span><span class=\"sr-only\">\n              <svg viewBox=\"0 0 451.847 451.847\"><path d=\"M97.141,225.92c0-8.095,3.091-16.192,9.259-22.366L300.689,9.27c12.359-12.359,32.397-12.359,44.751,0\nc12.354,12.354,12.354,32.388,0,44.748L173.525,225.92l171.903,171.909c12.354,12.354,12.354,32.391,0,44.744\nc-12.354,12.365-32.386,12.365-44.745,0l-194.29-194.281C100.226,242.115,97.141,234.018,97.141,225.92z\"><\/path><\/svg><\/span>\n          <\/a>\n          <a class=\"u-absolute-vcenter u-gallery-nav u-gallery-nav-next u-hidden-lg u-hidden-xl u-hidden-xxl u-icon-circle u-opacity u-opacity-70 u-palette-1-base u-spacing-10 u-text-white u-gallery-nav-2\" href=\"#\" role=\"button\"><span aria-hidden=\"true\">\n              <svg viewBox=\"0 0 451.846 451.847\"><path d=\"M345.441,248.292L151.154,442.573c-12.359,12.365-32.397,12.365-44.75,0c-12.354-12.354-12.354-32.391,0-44.744\nL278.318,225.92L106.409,54.017c-12.354-12.359-12.354-32.394,0-44.748c12.354-12.359,32.391-12.359,44.75,0l194.287,194.284\nc6.177,6.18,9.262,14.271,9.262,22.366C354.708,234.018,351.617,242.115,345.441,248.292z\"><\/path><\/svg><\/span><span class=\"sr-only\">\n              <svg viewBox=\"0 0 451.846 451.847\"><path d=\"M345.441,248.292L151.154,442.573c-12.359,12.365-32.397,12.365-44.75,0c-12.354-12.354-12.354-32.391,0-44.744\nL278.318,225.92L106.409,54.017c-12.354-12.359-12.354-32.394,0-44.748c12.354-12.359,32.391-12.359,44.75,0l194.287,194.284\nc6.177,6.18,9.262,14.271,9.262,22.366C354.708,234.018,351.617,242.115,345.441,248.292z\"><\/path><\/svg><\/span>\n          <\/a>\n        <\/div>\n        <div class=\"u-expanded-width u-layout-horizontal u-list u-list-2\">\n          <div class=\"u-repeater u-repeater-2\">\n            <div class=\"u-container-style u-list-item u-repeater-item u-shape-rectangle u-white u-list-item-19\" data-animation-name=\"customAnimationIn\" data-animation-duration=\"1500\" data-animation-delay=\"500\">\n              <div class=\"u-container-layout u-similar-container u-valign-top-lg u-valign-top-md u-valign-top-sm u-valign-top-xl u-valign-top-xs u-container-layout-19\">\n                <div alt=\"\" class=\"custom-expanded u-image u-image-circle u-image-19\" data-image-width=\"225\" data-image-height=\"300\" data-animation-name=\"customAnimationIn\" data-animation-duration=\"1250\" data-animation-delay=\"250\" style=\"background-image: url(&quot;https:\/\/cfaebi.pt\/rumo\/wp-content\/uploads\/2025\/05\/MariaAragao.png&quot;);\"><\/div>\n                <h5 class=\"u-align-center u-text u-text-74\" data-animation-name=\"\" data-animation-duration=\"0\" data-animation-delay=\"0\" data-animation-direction=\"\"> Representante de Escola<\/h5>\n                <p class=\"u-align-center u-text u-text-default u-text-75\">Maria Jos\u00e9 Arag\u00e3o <\/p>\n                <p class=\"u-align-center u-text u-text-default u-text-76\">EPA Quinta da Lageosa <\/p>\n                <p class=\"u-align-center u-large-text u-text u-text-default u-text-variant u-text-77\">Docente <\/p>\n              <\/div>\n            <\/div>\n            <div class=\"u-container-style u-list-item u-repeater-item u-shape-rectangle u-video-cover u-white u-list-item-20\" data-animation-name=\"customAnimationIn\" data-animation-duration=\"1500\" data-animation-delay=\"500\">\n              <div class=\"u-container-layout u-similar-container u-valign-top-lg u-valign-top-md u-valign-top-sm u-valign-top-xl u-valign-top-xs u-container-layout-20\">\n                <div alt=\"\" class=\"custom-expanded u-image u-image-circle u-image-20\" data-image-width=\"1140\" data-image-height=\"1159\" data-animation-name=\"customAnimationIn\" data-animation-duration=\"1250\" data-animation-delay=\"250\" style=\"background-image: url(&quot;https:\/\/cfaebi.pt\/rumo\/wp-content\/uploads\/2025\/05\/ReginaConceicao.png&quot;);\"><\/div>\n                <h5 class=\"u-align-center u-text u-text-78\" data-animation-name=\"\" data-animation-duration=\"0\" data-animation-delay=\"0\" data-animation-direction=\"\"> Representante de Escola<\/h5>\n                <p class=\"u-align-center u-text u-text-default u-text-79\">Regina Concei\u00e7\u00e3o <\/p>\n                <p class=\"u-align-center u-text u-text-default u-text-80\">ES Campos Melo<\/p>\n                <p class=\"u-align-center u-large-text u-text u-text-default u-text-variant u-text-81\">Docente <\/p>\n              <\/div>\n            <\/div>\n            <div class=\"u-container-style u-list-item u-repeater-item u-shape-rectangle u-video-cover u-white u-list-item-21\" data-animation-name=\"customAnimationIn\" data-animation-duration=\"1500\" data-animation-delay=\"500\">\n              <div class=\"u-container-layout u-similar-container u-valign-top-lg u-valign-top-md u-valign-top-sm u-valign-top-xl u-valign-top-xs u-container-layout-21\">\n                <div alt=\"\" class=\"custom-expanded u-image u-image-circle u-image-21\" data-image-width=\"960\" data-image-height=\"960\" data-animation-name=\"customAnimationIn\" data-animation-duration=\"1250\" data-animation-delay=\"250\" style=\"background-image: url(&quot;https:\/\/cfaebi.pt\/rumo\/wp-content\/uploads\/2025\/05\/SandraMorais.jpeg&quot;);\"><\/div>\n                <h5 class=\"u-align-center u-text u-text-82\" data-animation-name=\"\" data-animation-duration=\"0\" data-animation-delay=\"0\" data-animation-direction=\"\"> Representante de Escola<\/h5>\n                <p class=\"u-align-center u-text u-text-default u-text-83\"> Sandra Morais <\/p>\n                <p class=\"u-align-center u-text u-text-default u-text-84\">AE Frei Heitor Pinto<\/p>\n                <p class=\"u-align-center u-large-text u-text u-text-default u-text-variant u-text-85\">Docente <\/p>\n              <\/div>\n            <\/div>\n            <div class=\"u-container-style u-list-item u-repeater-item u-shape-rectangle u-video-cover u-white u-list-item-22\" data-animation-name=\"customAnimationIn\" data-animation-duration=\"1500\" data-animation-delay=\"500\">\n              <div class=\"u-container-layout u-similar-container u-valign-top-lg u-valign-top-md u-valign-top-sm u-valign-top-xl u-valign-top-xs u-container-layout-22\">\n                <div alt=\"\" class=\"custom-expanded u-image u-image-circle u-image-22\" data-image-width=\"877\" data-image-height=\"895\" data-animation-name=\"customAnimationIn\" data-animation-duration=\"1250\" data-animation-delay=\"250\" style=\"background-image: url(&quot;https:\/\/cfaebi.pt\/rumo\/wp-content\/uploads\/2025\/05\/sofia_anastacio.png&quot;);\"><\/div>\n                <h5 class=\"u-align-center u-text u-text-86\" data-animation-name=\"\" data-animation-duration=\"0\" data-animation-delay=\"0\" data-animation-direction=\"\"> Representante de Escola<\/h5>\n                <p class=\"u-align-center u-text u-text-default u-text-87\">Sofia Anast\u00e1cio <\/p>\n                <p class=\"u-align-center u-text u-text-default u-text-88\">AE Pedro \u00c1lvares Cabral<\/p>\n                <p class=\"u-align-center u-large-text u-text u-text-default u-text-variant u-text-89\">Docente<\/p>\n              <\/div>\n            <\/div>\n            <div class=\"u-container-style u-list-item u-repeater-item u-shape-rectangle u-video-cover u-white u-list-item-23\" data-animation-name=\"customAnimationIn\" data-animation-duration=\"1500\" data-animation-delay=\"500\">\n              <div class=\"u-container-layout u-similar-container u-valign-top-lg u-valign-top-md u-valign-top-sm u-valign-top-xl u-valign-top-xs u-container-layout-23\">\n                <div alt=\"\" class=\"custom-expanded u-image u-image-circle u-image-23\" data-image-width=\"2048\" data-image-height=\"1653\" data-animation-name=\"customAnimationIn\" data-animation-duration=\"1250\" data-animation-delay=\"250\" style=\"background-image: url(&quot;https:\/\/cfaebi.pt\/rumo\/wp-content\/uploads\/2026\/03\/WhatsAppImage2026-03-09at10.23.07.jpg&quot;);\"><\/div>\n                <h5 class=\"u-align-center u-text u-text-90\" data-animation-name=\"\" data-animation-duration=\"0\" data-animation-delay=\"0\" data-animation-direction=\"\">Representante de Escola<\/h5>\n                <p class=\"u-align-center u-text u-text-default u-text-91\">Marisa Borrego <\/p>\n                <p class=\"u-align-center u-text u-text-default u-text-92\">AE P\u00earo da Covilh\u00e3<\/p>\n                <p class=\"u-align-center u-large-text u-text u-text-default u-text-variant u-text-93\">Docente<\/p>\n              <\/div>\n            <\/div>\n            <div class=\"u-container-style u-list-item u-repeater-item u-shape-rectangle u-video-cover u-white u-list-item-24\" data-animation-name=\"customAnimationIn\" data-animation-duration=\"1500\" data-animation-delay=\"500\">\n              <div class=\"u-container-layout u-similar-container u-valign-top-lg u-valign-top-md u-valign-top-sm u-valign-top-xl u-valign-top-xs u-container-layout-24\">\n                <div alt=\"\" class=\"custom-expanded u-image u-image-circle u-image-24\" data-image-width=\"634\" data-image-height=\"680\" data-animation-name=\"customAnimationIn\" data-animation-duration=\"1250\" data-animation-delay=\"250\" style=\"background-image: url(&quot;https:\/\/cfaebi.pt\/rumo\/wp-content\/uploads\/2025\/05\/Foto_Claudia.jpg&quot;);\"><\/div>\n                <h5 class=\"u-align-center u-text u-text-94\" data-animation-name=\"\" data-animation-duration=\"0\" data-animation-delay=\"0\" data-animation-direction=\"\">Representante de Escola<\/h5>\n                <p class=\"u-align-center u-text u-text-default u-text-95\">Cl\u00e1udia Canat\u00e1rio <\/p>\n                <p class=\"u-align-center u-text u-text-default u-text-96\">AE Gardunha e xisto<\/p>\n                <p class=\"u-align-center u-large-text u-text u-text-default u-text-variant u-text-97\">Docentel <\/p>\n              <\/div>\n            <\/div>\n            <div class=\"u-container-style u-list-item u-repeater-item u-shape-rectangle u-video-cover u-white u-list-item-25\" data-animation-name=\"customAnimationIn\" data-animation-duration=\"1500\" data-animation-delay=\"500\">\n              <div class=\"u-container-layout u-similar-container u-valign-top-lg u-valign-top-md u-valign-top-sm u-valign-top-xl u-valign-top-xs u-container-layout-25\">\n                <div alt=\"\" class=\"custom-expanded u-image u-image-circle u-image-25\" data-image-width=\"634\" data-image-height=\"680\" data-animation-name=\"customAnimationIn\" data-animation-duration=\"1250\" data-animation-delay=\"250\" style=\"background-image: url(&quot;https:\/\/cfaebi.pt\/rumo\/wp-content\/uploads\/2025\/05\/Foto_Claudia.jpg&quot;);\"><\/div>\n                <h5 class=\"u-align-center u-text u-text-98\" data-animation-name=\"\" data-animation-duration=\"0\" data-animation-delay=\"0\" data-animation-direction=\"\"> Representante de Escola<\/h5>\n                <p class=\"u-align-center u-text u-text-default u-text-99\">Cla\u00fadia Canat\u00e1rio<\/p>\n                <p class=\"u-align-center u-text u-text-default u-text-100\">AE Gardunha e Xisto<\/p>\n                <p class=\"u-align-center u-large-text u-text u-text-default u-text-variant u-text-101\">Docente <\/p>\n              <\/div>\n            <\/div>\n            <div class=\"u-container-style u-list-item u-repeater-item u-shape-rectangle u-video-cover u-white u-list-item-26\" data-animation-name=\"customAnimationIn\" data-animation-duration=\"1500\" data-animation-delay=\"500\">\n              <div class=\"u-container-layout u-similar-container u-valign-top-lg u-valign-top-md u-valign-top-sm u-valign-top-xl u-valign-top-xs u-container-layout-26\">\n                <div alt=\"\" class=\"custom-expanded u-image u-image-circle u-image-26\" data-image-width=\"626\" data-image-height=\"417\" data-animation-name=\"customAnimationIn\" data-animation-duration=\"1250\" data-animation-delay=\"250\" style=\"background-image: url(&quot;https:\/\/cfaebi.pt\/rumo\/wp-content\/uploads\/2025\/04\/woman9.jpg&quot;);\"><\/div>\n                <h5 class=\"u-align-center u-text u-text-102\" data-animation-name=\"\" data-animation-duration=\"0\" data-animation-delay=\"0\" data-animation-direction=\"\">Inclus\u00e3o Lingu\u00edstica<\/h5>\n                <p class=\"u-align-center u-text u-text-default u-text-103\">S\u00f3nia Carvalho<\/p>\n                <p class=\"u-align-center u-text u-text-default u-text-104\">Texto de Amostra. Clique para selecionar o Elemento de Texto.<\/p>\n                <p class=\"u-align-center u-large-text u-text u-text-default u-text-variant u-text-105\">Docente <\/p>\n              <\/div>\n            <\/div>\n            <div class=\"u-container-style u-list-item u-repeater-item u-shape-rectangle u-video-cover u-white u-list-item-27\" data-animation-name=\"customAnimationIn\" data-animation-duration=\"1500\" data-animation-delay=\"500\">\n              <div class=\"u-container-layout u-similar-container u-valign-top-lg u-valign-top-md u-valign-top-sm u-valign-top-xl u-valign-top-xs u-container-layout-27\">\n                <div alt=\"\" class=\"custom-expanded u-image u-image-circle u-image-27\" data-image-width=\"626\" data-image-height=\"417\" data-animation-name=\"customAnimationIn\" data-animation-duration=\"1250\" data-animation-delay=\"250\" style=\"background-image: url(&quot;https:\/\/cfaebi.pt\/rumo\/wp-content\/uploads\/2025\/04\/woman9.jpg&quot;);\"><\/div>\n                <h5 class=\"u-align-center u-text u-text-106\" data-animation-name=\"\" data-animation-duration=\"0\" data-animation-delay=\"0\" data-animation-direction=\"\">Inclus\u00e3o Lingu\u00edstica<\/h5>\n                <p class=\"u-align-center u-text u-text-default u-text-107\">S\u00f3nia Carvalho<\/p>\n                <p class=\"u-align-center u-text u-text-default u-text-108\">Texto de Amostra. Clique para selecionar o Elemento de Texto.<\/p>\n                <p class=\"u-align-center u-large-text u-text u-text-default u-text-variant u-text-109\">Docente <\/p>\n              <\/div>\n            <\/div>\n            <div class=\"u-container-style u-list-item u-repeater-item u-shape-rectangle u-video-cover u-white u-list-item-28\" data-animation-name=\"customAnimationIn\" data-animation-duration=\"1500\" data-animation-delay=\"500\">\n              <div class=\"u-container-layout u-similar-container u-valign-top-lg u-valign-top-md u-valign-top-sm u-valign-top-xl u-valign-top-xs u-container-layout-28\">\n                <div alt=\"\" class=\"custom-expanded u-image u-image-circle u-image-28\" data-image-width=\"626\" data-image-height=\"417\" data-animation-name=\"customAnimationIn\" data-animation-duration=\"1250\" data-animation-delay=\"250\" style=\"background-image: url(&quot;https:\/\/cfaebi.pt\/rumo\/wp-content\/uploads\/2025\/04\/woman9.jpg&quot;);\"><\/div>\n                <h5 class=\"u-align-center u-text u-text-110\" data-animation-name=\"\" data-animation-duration=\"0\" data-animation-delay=\"0\" data-animation-direction=\"\">Inclus\u00e3o Lingu\u00edstica<\/h5>\n                <p class=\"u-align-center u-text u-text-default u-text-111\">S\u00f3nia Carvalho<\/p>\n                <p class=\"u-align-center u-text u-text-default u-text-112\">Texto de Amostra. Clique para selecionar o Elemento de Texto.<\/p>\n                <p class=\"u-align-center u-large-text u-text u-text-default u-text-variant u-text-113\">Docente <\/p>\n              <\/div>\n            <\/div>\n            <div class=\"u-container-style u-list-item u-repeater-item u-shape-rectangle u-video-cover u-white u-list-item-29\" data-animation-name=\"customAnimationIn\" data-animation-duration=\"1500\" data-animation-delay=\"500\">\n              <div class=\"u-container-layout u-similar-container u-valign-top-lg u-valign-top-md u-valign-top-sm u-valign-top-xl u-valign-top-xs u-container-layout-29\">\n                <div alt=\"\" class=\"custom-expanded u-image u-image-circle u-image-29\" data-image-width=\"626\" data-image-height=\"417\" data-animation-name=\"customAnimationIn\" data-animation-duration=\"1250\" data-animation-delay=\"250\" style=\"background-image: url(&quot;https:\/\/cfaebi.pt\/rumo\/wp-content\/uploads\/2025\/04\/woman9.jpg&quot;);\"><\/div>\n                <h5 class=\"u-align-center u-text u-text-114\" data-animation-name=\"\" data-animation-duration=\"0\" data-animation-delay=\"0\" data-animation-direction=\"\">Inclus\u00e3o Lingu\u00edstica<\/h5>\n                <p class=\"u-align-center u-text u-text-default u-text-115\">S\u00f3nia Carvalho<\/p>\n                <p class=\"u-align-center u-text u-text-default u-text-116\">Texto de Amostra. Clique para selecionar o Elemento de Texto.<\/p>\n                <p class=\"u-align-center u-large-text u-text u-text-default u-text-variant u-text-117\">Docente <\/p>\n              <\/div>\n            <\/div>\n            <div class=\"u-container-style u-list-item u-repeater-item u-shape-rectangle u-video-cover u-white u-list-item-30\" data-animation-name=\"customAnimationIn\" data-animation-duration=\"1500\" data-animation-delay=\"500\">\n              <div class=\"u-container-layout u-similar-container u-valign-top-lg u-valign-top-md u-valign-top-sm u-valign-top-xl u-valign-top-xs u-container-layout-30\">\n                <div alt=\"\" class=\"custom-expanded u-image u-image-circle u-image-30\" data-image-width=\"626\" data-image-height=\"417\" data-animation-name=\"customAnimationIn\" data-animation-duration=\"1250\" data-animation-delay=\"250\" style=\"background-image: url(&quot;https:\/\/cfaebi.pt\/rumo\/wp-content\/uploads\/2025\/04\/woman9.jpg&quot;);\"><\/div>\n                <h5 class=\"u-align-center u-text u-text-118\" data-animation-name=\"\" data-animation-duration=\"0\" data-animation-delay=\"0\" data-animation-direction=\"\">Inclus\u00e3o Lingu\u00edstica<\/h5>\n                <p class=\"u-align-center u-text u-text-default u-text-119\">S\u00f3nia Carvalho<\/p>\n                <p class=\"u-align-center u-text u-text-default u-text-120\">Texto de Amostra. Clique para selecionar o Elemento de Texto.<\/p>\n                <p class=\"u-align-center u-large-text u-text u-text-default u-text-variant u-text-121\">Docente <\/p>\n              <\/div>\n            <\/div>\n            <div class=\"u-container-style u-list-item u-repeater-item u-shape-rectangle u-video-cover u-white u-list-item-31\" data-animation-name=\"customAnimationIn\" data-animation-duration=\"1500\" data-animation-delay=\"500\">\n              <div class=\"u-container-layout u-similar-container u-valign-top-lg u-valign-top-md u-valign-top-sm u-valign-top-xl u-valign-top-xs u-container-layout-31\">\n                <div alt=\"\" class=\"custom-expanded u-image u-image-circle u-image-31\" data-image-width=\"626\" data-image-height=\"417\" data-animation-name=\"customAnimationIn\" data-animation-duration=\"1250\" data-animation-delay=\"250\" style=\"background-image: url(&quot;https:\/\/cfaebi.pt\/rumo\/wp-content\/uploads\/2025\/04\/woman9.jpg&quot;);\"><\/div>\n                <h5 class=\"u-align-center u-text u-text-122\" data-animation-name=\"\" data-animation-duration=\"0\" data-animation-delay=\"0\" data-animation-direction=\"\">Inclus\u00e3o Lingu\u00edstica<\/h5>\n                <p class=\"u-align-center u-text u-text-default u-text-123\">S\u00f3nia Carvalho<\/p>\n                <p class=\"u-align-center u-text u-text-default u-text-124\">Texto de Amostra. Clique para selecionar o Elemento de Texto.<\/p>\n                <p class=\"u-align-center u-large-text u-text u-text-default u-text-variant u-text-125\">Docente <\/p>\n              <\/div>\n            <\/div>\n            <div class=\"u-container-style u-list-item u-repeater-item u-shape-rectangle u-video-cover u-white u-list-item-32\" data-animation-name=\"customAnimationIn\" data-animation-duration=\"1500\" data-animation-delay=\"500\">\n              <div class=\"u-container-layout u-similar-container u-valign-top-lg u-valign-top-md u-valign-top-sm u-valign-top-xl u-valign-top-xs u-container-layout-32\">\n                <div alt=\"\" class=\"custom-expanded u-image u-image-circle u-image-32\" data-image-width=\"626\" data-image-height=\"417\" data-animation-name=\"customAnimationIn\" data-animation-duration=\"1250\" data-animation-delay=\"250\" style=\"background-image: url(&quot;https:\/\/cfaebi.pt\/rumo\/wp-content\/uploads\/2025\/04\/woman9.jpg&quot;);\"><\/div>\n                <h5 class=\"u-align-center u-text u-text-126\" data-animation-name=\"\" data-animation-duration=\"0\" data-animation-delay=\"0\" data-animation-direction=\"\">Inclus\u00e3o Lingu\u00edstica<\/h5>\n                <p class=\"u-align-center u-text u-text-default u-text-127\">S\u00f3nia Carvalho<\/p>\n                <p class=\"u-align-center u-text u-text-default u-text-128\">Texto de Amostra. Clique para selecionar o Elemento de Texto.<\/p>\n                <p class=\"u-align-center u-large-text u-text u-text-default u-text-variant u-text-129\">Docente <\/p>\n              <\/div>\n            <\/div>\n            <div class=\"u-container-style u-list-item u-repeater-item u-shape-rectangle u-video-cover u-white u-list-item-33\" data-animation-name=\"customAnimationIn\" data-animation-duration=\"1500\" data-animation-delay=\"500\">\n              <div class=\"u-container-layout u-similar-container u-valign-top-lg u-valign-top-md u-valign-top-sm u-valign-top-xl u-valign-top-xs u-container-layout-33\">\n                <div alt=\"\" class=\"custom-expanded u-image u-image-circle u-image-33\" data-image-width=\"626\" data-image-height=\"417\" data-animation-name=\"customAnimationIn\" data-animation-duration=\"1250\" data-animation-delay=\"250\" style=\"background-image: url(&quot;https:\/\/cfaebi.pt\/rumo\/wp-content\/uploads\/2025\/04\/woman9.jpg&quot;);\"><\/div>\n                <h5 class=\"u-align-center u-text u-text-130\" data-animation-name=\"\" data-animation-duration=\"0\" data-animation-delay=\"0\" data-animation-direction=\"\">Inclus\u00e3o Lingu\u00edstica<\/h5>\n                <p class=\"u-align-center u-text u-text-default u-text-131\">S\u00f3nia Carvalho<\/p>\n                <p class=\"u-align-center u-text u-text-default u-text-132\">Texto de Amostra. Clique para selecionar o Elemento de Texto.<\/p>\n                <p class=\"u-align-center u-large-text u-text u-text-default u-text-variant u-text-133\">Docente <\/p>\n              <\/div>\n            <\/div>\n            <div class=\"u-container-style u-list-item u-repeater-item u-shape-rectangle u-video-cover u-white u-list-item-34\" data-animation-name=\"customAnimationIn\" data-animation-duration=\"1500\" data-animation-delay=\"500\">\n              <div class=\"u-container-layout u-similar-container u-valign-top-lg u-valign-top-md u-valign-top-sm u-valign-top-xl u-valign-top-xs u-container-layout-34\">\n                <div alt=\"\" class=\"custom-expanded u-image u-image-circle u-image-34\" data-image-width=\"626\" data-image-height=\"417\" data-animation-name=\"customAnimationIn\" data-animation-duration=\"1250\" data-animation-delay=\"250\" style=\"background-image: url(&quot;https:\/\/cfaebi.pt\/rumo\/wp-content\/uploads\/2025\/04\/woman9.jpg&quot;);\"><\/div>\n                <h5 class=\"u-align-center u-text u-text-134\" data-animation-name=\"\" data-animation-duration=\"0\" data-animation-delay=\"0\" data-animation-direction=\"\">Inclus\u00e3o Lingu\u00edstica<\/h5>\n                <p class=\"u-align-center u-text u-text-default u-text-135\">S\u00f3nia Carvalho<\/p>\n                <p class=\"u-align-center u-text u-text-default u-text-136\">Texto de Amostra. Clique para selecionar o Elemento de Texto.<\/p>\n                <p class=\"u-align-center u-large-text u-text u-text-default u-text-variant u-text-137\">Docente <\/p>\n              <\/div>\n            <\/div>\n            <div class=\"u-container-style u-list-item u-repeater-item u-shape-rectangle u-video-cover u-white u-list-item-35\" data-animation-name=\"customAnimationIn\" data-animation-duration=\"1500\" data-animation-delay=\"500\">\n              <div class=\"u-container-layout u-similar-container u-valign-top-lg u-valign-top-md u-valign-top-sm u-valign-top-xl u-valign-top-xs u-container-layout-35\">\n                <div alt=\"\" class=\"custom-expanded u-image u-image-circle u-image-35\" data-image-width=\"626\" data-image-height=\"417\" data-animation-name=\"customAnimationIn\" data-animation-duration=\"1250\" data-animation-delay=\"250\" style=\"background-image: url(&quot;https:\/\/cfaebi.pt\/rumo\/wp-content\/uploads\/2025\/04\/woman9.jpg&quot;);\"><\/div>\n                <h5 class=\"u-align-center u-text u-text-138\" data-animation-name=\"\" data-animation-duration=\"0\" data-animation-delay=\"0\" data-animation-direction=\"\">Inclus\u00e3o Lingu\u00edstica<\/h5>\n                <p class=\"u-align-center u-text u-text-default u-text-139\">S\u00f3nia Carvalho<\/p>\n                <p class=\"u-align-center u-text u-text-default u-text-140\">Texto de Amostra. Clique para selecionar o Elemento de Texto.<\/p>\n                <p class=\"u-align-center u-large-text u-text u-text-default u-text-variant u-text-141\">Docente <\/p>\n              <\/div>\n            <\/div>\n            <div class=\"u-container-style u-list-item u-repeater-item u-shape-rectangle u-video-cover u-white u-list-item-36\" data-animation-name=\"customAnimationIn\" data-animation-duration=\"1500\" data-animation-delay=\"500\">\n              <div class=\"u-container-layout u-similar-container u-valign-top-lg u-valign-top-md u-valign-top-sm u-valign-top-xl u-valign-top-xs u-container-layout-36\">\n                <div alt=\"\" class=\"custom-expanded u-image u-image-circle u-image-36\" data-image-width=\"626\" data-image-height=\"417\" data-animation-name=\"customAnimationIn\" data-animation-duration=\"1250\" data-animation-delay=\"250\" style=\"background-image: url(&quot;https:\/\/cfaebi.pt\/rumo\/wp-content\/uploads\/2025\/04\/woman9.jpg&quot;);\"><\/div>\n                <h5 class=\"u-align-center u-text u-text-142\" data-animation-name=\"\" data-animation-duration=\"0\" data-animation-delay=\"0\" data-animation-direction=\"\">Inclus\u00e3o Lingu\u00edstica<\/h5>\n                <p class=\"u-align-center u-text u-text-default u-text-143\">S\u00f3nia Carvalho<\/p>\n                <p class=\"u-align-center u-text u-text-default u-text-144\">Texto de Amostra. Clique para selecionar o Elemento de Texto.<\/p>\n                <p class=\"u-align-center u-large-text u-text u-text-default u-text-variant u-text-145\">Docente <\/p>\n              <\/div>\n            <\/div>\n          <\/div>\n          <a class=\"u-absolute-vcenter u-gallery-nav u-gallery-nav-prev u-hidden-lg u-hidden-xl u-hidden-xxl u-icon-circle u-opacity u-opacity-70 u-palette-1-base u-spacing-10 u-text-white u-gallery-nav-3\" href=\"#\" role=\"button\"><span aria-hidden=\"true\">\n              <svg viewBox=\"0 0 451.847 451.847\"><path d=\"M97.141,225.92c0-8.095,3.091-16.192,9.259-22.366L300.689,9.27c12.359-12.359,32.397-12.359,44.751,0\nc12.354,12.354,12.354,32.388,0,44.748L173.525,225.92l171.903,171.909c12.354,12.354,12.354,32.391,0,44.744\nc-12.354,12.365-32.386,12.365-44.745,0l-194.29-194.281C100.226,242.115,97.141,234.018,97.141,225.92z\"><\/path><\/svg><\/span><span class=\"sr-only\">\n              <svg viewBox=\"0 0 451.847 451.847\"><path d=\"M97.141,225.92c0-8.095,3.091-16.192,9.259-22.366L300.689,9.27c12.359-12.359,32.397-12.359,44.751,0\nc12.354,12.354,12.354,32.388,0,44.748L173.525,225.92l171.903,171.909c12.354,12.354,12.354,32.391,0,44.744\nc-12.354,12.365-32.386,12.365-44.745,0l-194.29-194.281C100.226,242.115,97.141,234.018,97.141,225.92z\"><\/path><\/svg><\/span>\n          <\/a>\n          <a class=\"u-absolute-vcenter u-gallery-nav u-gallery-nav-next u-hidden-lg u-hidden-xl u-hidden-xxl u-icon-circle u-opacity u-opacity-70 u-palette-1-base u-spacing-10 u-text-white u-gallery-nav-4\" href=\"#\" role=\"button\"><span aria-hidden=\"true\">\n              <svg viewBox=\"0 0 451.846 451.847\"><path d=\"M345.441,248.292L151.154,442.573c-12.359,12.365-32.397,12.365-44.75,0c-12.354-12.354-12.354-32.391,0-44.744\nL278.318,225.92L106.409,54.017c-12.354-12.359-12.354-32.394,0-44.748c12.354-12.359,32.391-12.359,44.75,0l194.287,194.284\nc6.177,6.18,9.262,14.271,9.262,22.366C354.708,234.018,351.617,242.115,345.441,248.292z\"><\/path><\/svg><\/span><span class=\"sr-only\">\n              <svg viewBox=\"0 0 451.846 451.847\"><path d=\"M345.441,248.292L151.154,442.573c-12.359,12.365-32.397,12.365-44.75,0c-12.354-12.354-12.354-32.391,0-44.744\nL278.318,225.92L106.409,54.017c-12.354-12.359-12.354-32.394,0-44.748c12.354-12.359,32.391-12.359,44.75,0l194.287,194.284\nc6.177,6.18,9.262,14.271,9.262,22.366C354.708,234.018,351.617,242.115,345.441,248.292z\"><\/path><\/svg><\/span>\n          <\/a>\n        <\/div>\n      <\/div>\n    <\/section>\n    <section class=\"u-align-left u-clearfix u-container-align-left u-palette-5-light-3 u-section-15\" id=\"carousel_2130\">\n      <div class=\"u-clearfix u-sheet u-valign-middle-lg u-valign-middle-md u-valign-middle-sm u-valign-middle-xl u-valign-middle-xs u-sheet-1\">\n        <h2 class=\"u-align-left u-text u-text-default u-text-1\" data-animation-name=\"customAnimationIn\" data-animation-duration=\"1000\" data-animation-delay=\"0\">LInks \u00dateis...<\/h2>\n        <div class=\"u-accordion u-expanded-width u-faq u-spacing-20 u-accordion-1\" role=\"tablist\">\n          <div class=\"u-accordion-item\">\n            <a class=\"active u-accordion-link u-active-grey-5 u-border-2 u-border-active-palette-1-base u-border-hover-palette-5-dark-2 u-border-no-left u-border-no-right u-border-no-top u-border-palette-5-dark-2 u-button-style u-text-body-color u-accordion-link-1\" id=\"link-accordion-6327\" aria-controls=\"accordion-6327\" aria-selected=\"true\" role=\"tab\"><span class=\"u-accordion-link-text\"> Links \u00dateis<\/span><span class=\"u-accordion-link-icon u-icon u-icon-circle u-text-black u-icon-1\"><svg class=\"u-svg-link\" preserveAspectRatio=\"xMidYMin slice\" viewBox=\"0 0 16 16\" style=\"\"><use xlink:href=\"#svg-2c6d\"><\/use><\/svg><svg class=\"u-svg-content\" viewBox=\"0 0 16 16\" x=\"0px\" y=\"0px\" id=\"svg-2c6d\" style=\"\"><path d=\"M8,10.7L1.6,5.3c-0.4-0.4-1-0.4-1.3,0c-0.4,0.4-0.4,0.9,0,1.3l7.2,6.1c0.1,0.1,0.4,0.2,0.6,0.2s0.4-0.1,0.6-0.2l7.1-6\n\tc0.4-0.4,0.4-0.9,0-1.3c-0.4-0.4-1-0.4-1.3,0L8,10.7z\"><\/path><\/svg><\/span>\n            <\/a>\n            <div class=\"u-accordion-active u-accordion-pane u-container-style u-accordion-pane-1\" id=\"accordion-6327\" aria-labelledby=\"link-accordion-6327\" aria-expanded=\"true\" role=\"tabpanel\">\n              <div class=\"u-container-layout u-container-layout-1\">\n                <div class=\"fr-view u-clearfix u-rich-text u-text\">\n                  <p>\n                    <a class=\"u-active-none u-border-none u-btn u-button-link u-button-style u-hover-none u-none u-text-palette-1-base u-btn-1\" href=\"https:\/\/cpr.pt\" target=\"_blank\">Conselho Portugu\u00eas para os Refugiados<\/a>\n                  <\/p>\n                  <p>\n                    <a class=\"u-active-none u-border-none u-btn u-button-link u-button-style u-hover-none u-none u-text-palette-1-base u-btn-2\" href=\"https:\/\/observatorioemigracao.pt\/\" rel=\"noopener noreferrer\" target=\"_blank\">Observat\u00f3rios da Emigra\u00e7\u00e3o<\/a>\n                  <\/p>\n                  <p id=\"isPasted\">\n                    <a class=\"u-active-none u-border-none u-btn u-button-link u-button-style u-hover-none u-none u-text-palette-1-base u-btn-3\" href=\"https:\/\/escolas.unicef.pt\/recursos\/praticas-promissoras-para-o-acolhimento-e-inclusao-escolar\/\" rel=\"noopener noreferrer\" target=\"_blank\">Pr\u00e1ticas Promissoras para o Acolhimento e Inclus\u00e3o Escolar<\/a>\n                  <\/p>\n                  <p>\n                    <a class=\"u-active-none u-border-none u-btn u-button-link u-button-style u-hover-none u-none u-text-palette-1-base u-btn-4\" href=\"https:\/\/escolas.unicef.pt\/recursos\/?search=migrantes\" rel=\"noopener noreferrer\" target=\"_blank\">Recursos para alunos migrantes<\/a>\n                  <\/p>\n                  <p>\n                    <a class=\"u-active-none u-border-none u-btn u-button-link u-button-style u-hover-none u-none u-text-palette-1-base u-btn-5\" href=\"https:\/\/www.ordemdospsicologos.pt\/pt\/noticia\/5241\" rel=\"noopener noreferrer\" target=\"_blank\">Ordem dos Psic\u00f3logos<\/a>\n                  <\/p>\n                <\/div>\n              <\/div>\n            <\/div>\n          <\/div>\n        <\/div>\n      <\/div>\n    <\/section>\n    <section class=\"u-align-center u-clearfix u-container-align-center u-section-16\" id=\"sec-52f7\">\n      <div class=\"u-clearfix u-sheet u-valign-middle-lg u-valign-middle-md u-valign-middle-sm u-valign-middle-xl u-valign-middle-xxl u-sheet-1\">\n        <div class=\"data-layout-selected u-clearfix u-expanded-width u-layout-wrap u-layout-wrap-1\">\n          <div class=\"u-layout\">\n            <div class=\"u-layout-row\">\n              <div class=\"u-align-center u-container-align-center u-container-style u-layout-cell u-left-cell u-size-30-lg u-size-30-xl u-size-30-xxl u-size-60-md u-size-60-sm u-size-60-xs u-layout-cell-1\" data-animation-name=\"customAnimationIn\" data-animation-duration=\"1500\">\n                <div class=\"u-container-layout u-valign-middle-lg u-valign-middle-md u-valign-middle-sm u-valign-middle-xs u-container-layout-1\">\n                  <h2 class=\"u-align-center u-text u-text-default u-text-1\">Contacte-nos<\/h2>\n                  <div class=\"u-align-left u-expanded-width u-form u-form-1\">\n                    <form action=\"https:\/\/service.nicepagesrv.com\/form\/v4\/form-process\" class=\"u-clearfix u-form-spacing-28 u-form-vertical u-inner-form\" style=\"padding: 0px;\" source=\"email\" name=\"form\">\n                      <div class=\"u-form-group u-form-name\">\n                        <label class=\"u-form-control-hidden u-label\">Name<\/label>\n                        <input type=\"text\" placeholder=\"Nome Completo\" id=\"name-5a14\" name=\"name\" class=\"u-border-2 u-border-black u-border-no-left u-border-no-right u-border-no-top u-input u-input-rectangle\" required=\"\">\n                      <\/div>\n                      <div class=\"u-form-email u-form-group\">\n                        <label class=\"u-form-control-hidden u-label\">Email<\/label>\n                        <input type=\"email\" placeholder=\"Endere\u00e7o de E-mail\" id=\"email-5a14\" name=\"email\" class=\"u-border-2 u-border-black u-border-no-left u-border-no-right u-border-no-top u-input u-input-rectangle\" required=\"\">\n                      <\/div>\n                      <div class=\"u-form-group u-form-message\">\n                        <label class=\"u-form-control-hidden u-label\">Message<\/label>\n                        <textarea placeholder=\"Coloque a sua mensagem\" id=\"message-5a14\" name=\"message\" class=\"u-border-2 u-border-black u-border-no-left u-border-no-right u-border-no-top u-input u-input-rectangle\" required=\"\"><\/textarea>\n                      <\/div>\n                      <div class=\"u-align-left u-form-group u-form-submit\">\n                        <a href=\"#\" class=\"u-border-none u-btn u-btn-round u-btn-submit u-button-style u-hover-black u-palette-1-dark-1 u-radius u-text-body-alt-color u-text-hover-white u-btn-1\">Enviar<\/a>\n                        <input type=\"submit\" value=\"submit\" class=\"u-form-control-hidden\">\n                      <\/div>\n                      <div class=\"u-form-send-message u-form-send-success\">Obrigado! A sua mensagem foi enviada.<\/div>\n                      <div class=\"u-form-send-error u-form-send-message\">N\u00e3o foi poss\u00edvel enviar a sua mensagem. Por favor, corrija os erros e tente novamente.<\/div>\n                      <input type=\"hidden\" value=\"\" name=\"recaptchaResponse\">\n                      <input type=\"hidden\" name=\"formServices\" value=\"5212676a-09d7-88cc-6163-4212a52a062d\">\n                    <\/form>\n                  <\/div>\n                <\/div>\n              <\/div>\n              <div class=\"u-align-center u-container-align-center u-container-style u-image u-layout-cell u-right-cell u-size-30-lg u-size-30-xl u-size-30-xxl u-size-60-md u-size-60-sm u-size-60-xs u-image-1\" data-animation-name=\"customAnimationIn\" data-animation-duration=\"1500\" data-animation-delay=\"500\" data-image-width=\"283\" data-image-height=\"425\" style=\"background-image: url(&quot;https:\/\/cfaebi.pt\/rumo\/wp-content\/uploads\/2025\/04\/photo-1476111021705-ac3b3304fe20.jpeg&quot;);\">\n                <div class=\"u-container-layout u-valign-middle-lg u-valign-middle-md u-valign-middle-sm u-container-layout-2\">\n                  <h3 class=\"u-text u-text-white u-text-2\">O c\u00e9u \u00e9 o limite da nossa imagina\u00e7\u00e3o...<\/h3>\n                <\/div>\n              <\/div>\n            <\/div>\n          <\/div>\n        <\/div>\n        <div class=\"u-expanded-width u-list u-list-1\">\n          <div class=\"u-repeater u-repeater-1\">\n            <div class=\"u-align-left-lg u-align-left-md u-align-left-sm u-align-left-xl u-align-left-xxl u-border-2 u-border-palette-1-dark-1 u-container-align-left u-container-style u-list-item u-palette-1-base u-radius u-repeater-item u-shape-round u-list-item-1\" data-animation-name=\"bounceIn\" data-animation-duration=\"1500\" data-animation-direction=\"Right\" data-animation-delay=\"500\">\n              <div class=\"u-container-layout u-similar-container u-container-layout-3\">\n                <h5 class=\"u-align-left-xs u-text u-text-3\"><span class=\"u-file-icon u-icon u-text-white\"><img decoding=\"async\" src=\"https:\/\/cfaebi.pt\/rumo\/wp-content\/uploads\/2025\/04\/de35359a.png\" alt=\"\" style=\"\"><\/span>&nbsp;CONTACTOS \n                <\/h5>\n                <p class=\"u-align-center-xs u-text u-text-4\">\n                  <a href=\"tel:+351275320586\" class=\"u-active-none u-border-none u-btn u-button-link u-button-style u-hover-none u-none u-text-grey-5 u-btn-2\">+351 275 320 586<\/a>\n                  <br>\n                  <br>\n                  <a href=\"mailto:geral@cfaebi.pt\" class=\"u-active-none u-border-none u-btn u-button-link u-button-style u-hover-none u-none u-text-grey-5 u-btn-3\">geral@cfaebi.pt<\/a>\n                <\/p>\n              <\/div>\n            <\/div>\n            <div class=\"u-align-left-lg u-align-left-md u-align-left-sm u-align-left-xl u-align-left-xxl u-border-2 u-border-palette-1-dark-1 u-container-align-left u-container-align-left-lg u-container-align-left-xl u-container-align-left-xxl u-container-style u-list-item u-palette-1-base u-radius u-repeater-item u-shape-round u-list-item-2\" data-animation-name=\"bounceIn\" data-animation-duration=\"1500\" data-animation-direction=\"Right\" data-animation-delay=\"500\">\n              <div class=\"u-container-layout u-similar-container u-container-layout-4\">\n                <h5 class=\"u-align-left-xs u-text u-text-5\"><span class=\"u-file-icon u-icon u-text-white\"><img decoding=\"async\" src=\"https:\/\/cfaebi.pt\/rumo\/wp-content\/uploads\/2025\/04\/0f572cc8.png\" alt=\"\" style=\"\"><\/span>&nbsp;Localiza\u00e7\u00e3o \n                <\/h5>\n                <p class=\"u-align-center-xs u-text u-text-6\">CFAEBI - Escola Secund\u00e1ria Quinta das Palmeiras <br>Rua de Timor |&nbsp; 6201-006&nbsp; Covilh\u00e3&nbsp; \n                <\/p>\n              <\/div>\n            <\/div>\n          <\/div>\n        <\/div>\n      <\/div>\n    <\/section>\n    <section class=\"u-clearfix u-section-17\" id=\"block-4\">\n      <div class=\"u-clearfix u-sheet u-valign-middle-lg u-valign-middle-md u-valign-middle-sm u-sheet-1\">\n        <img decoding=\"async\" class=\"u-expanded-width-xs u-image u-image-contain u-image-default u-image-1\" src=\"https:\/\/cfaebi.pt\/rumo\/wp-content\/uploads\/2025\/05\/POCH.jpg\" alt=\"\" data-image-width=\"598\" data-image-height=\"60\">\n        <img decoding=\"async\" class=\"u-expanded-width-xs u-image u-image-contain u-image-default u-image-2\" src=\"https:\/\/cfaebi.pt\/rumo\/wp-content\/uploads\/2026\/03\/logo_ods.svg\" alt=\"\" data-image-width=\"580\" data-image-height=\"81\" data-href=\"https:\/\/ods.pt\" data-target=\"_blank\">\n        <img decoding=\"async\" class=\"u-image u-image-default u-image-3\" src=\"https:\/\/cfaebi.pt\/rumo\/wp-content\/uploads\/2025\/05\/LogoCFAEBI.svg\" alt=\"\" data-image-width=\"272\" data-image-height=\"150\">\n      <\/div>\n    <\/section>\n    \n    \n    \n  \n","protected":false},"excerpt":{"rendered":"<p>Integra\u00e7\u00e3o de Alunos Migrantes O projeto de integra\u00e7\u00e3o de alunos migrantes, coordenado pelo CFAE da Beira Interior, implementado em 13 escolas associadas da beira interior, com orienta\u00e7\u00f5es de Inclus\u00e3o Lingu\u00edstica, Curricular, Cultural e Psicol\u00f3gica. Integra\u00e7\u00e3o de Alunos Migrantes O projeto de integra\u00e7\u00e3o de alunos migrantes, coordenado pelo CFAE da Beira Interior, implementado em 13 escolas &hellip; <a href=\"https:\/\/cfaebi.pt\/rumo\/\" class=\"more-link\">Continue reading<span class=\"screen-reader-text\"> &#8220;Entrada&#8221;<\/span><\/a><\/p>\n","protected":false},"author":1,"featured_media":0,"parent":0,"menu_order":2,"comment_status":"closed","ping_status":"closed","template":"","meta":{"pagelayer_contact_templates":[],"_pagelayer_content":"","footnotes":""},"class_list":["post-51","page","type-page","status-publish","hentry"],"_links":{"self":[{"href":"https:\/\/cfaebi.pt\/rumo\/wp-json\/wp\/v2\/pages\/51","targetHints":{"allow":["GET"]}}],"collection":[{"href":"https:\/\/cfaebi.pt\/rumo\/wp-json\/wp\/v2\/pages"}],"about":[{"href":"https:\/\/cfaebi.pt\/rumo\/wp-json\/wp\/v2\/types\/page"}],"author":[{"embeddable":true,"href":"https:\/\/cfaebi.pt\/rumo\/wp-json\/wp\/v2\/users\/1"}],"replies":[{"embeddable":true,"href":"https:\/\/cfaebi.pt\/rumo\/wp-json\/wp\/v2\/comments?post=51"}],"version-history":[{"count":87,"href":"https:\/\/cfaebi.pt\/rumo\/wp-json\/wp\/v2\/pages\/51\/revisions"}],"predecessor-version":[{"id":952,"href":"https:\/\/cfaebi.pt\/rumo\/wp-json\/wp\/v2\/pages\/51\/revisions\/952"}],"wp:attachment":[{"href":"https:\/\/cfaebi.pt\/rumo\/wp-json\/wp\/v2\/media?parent=51"}],"curies":[{"name":"wp","href":"https:\/\/api.w.org\/{rel}","templated":true}]}}