{"id":78,"date":"2025-04-24T09:43:17","date_gmt":"2025-04-24T09:43:17","guid":{"rendered":"https:\/\/cfaebi.pt\/rumo\/?page_id=78"},"modified":"2025-05-20T15:59:46","modified_gmt":"2025-05-20T15:59:46","slug":"projetos-e-boas-praticas","status":"publish","type":"page","link":"https:\/\/cfaebi.pt\/rumo\/projetos-e-boas-praticas\/","title":{"rendered":"Projetos e Boas Pr\u00e1ticas"},"content":{"rendered":"\n    \n    <section class=\"u-clearfix u-section-2\" id=\"block-1\">\n      <div class=\"u-clearfix u-sheet u-valign-top-lg u-valign-top-md u-valign-top-sm u-valign-top-xl u-valign-top-xs u-sheet-1\">\n        <div class=\"u-shape u-shape-svg u-text-palette-1-base u-shape-1\">\n          <svg class=\"u-svg-link\" preserveAspectRatio=\"none\" viewBox=\"0 0 160 40\" style=\"\"><use xlink:href=\"#svg-afc9\"><\/use><\/svg>\n          <svg class=\"u-svg-content\" viewBox=\"0 0 160 40\" x=\"0px\" y=\"0px\" id=\"svg-afc9\"><path d=\"M60,20C60,9.1,69.1,0,80,0s20,9.1,20,20s-9.1,20-20,20S60,30.9,60,20z M0,20C0,9.1,9.1,0,20,0s20,9.1,20,20s-9.1,20-20,20\n\tS0,30.9,0,20z M120,20c0-10.9,9.1-20,20-20s20,9.1,20,20s-9.1,20-20,20S120,30.9,120,20z\"><\/path><\/svg>\n        <\/div>\n        <h3 class=\"u-text u-text-default u-text-1\"> Projetos e Boas Pr\u00e1ticas<\/h3>\n        <div class=\"u-border-1 u-border-grey-dark-1 u-line u-line-horizontal u-line-1\"><\/div>\n      <\/div>\n    <\/section>\n    <section class=\"u-align-center u-clearfix u-container-align-center u-grey-5 u-section-3\" id=\"sec-6c31\">\n      <div class=\"u-clearfix u-sheet u-valign-middle-lg u-valign-middle-md u-valign-middle-sm u-valign-middle-xl u-sheet-1\">\n        <div class=\"u-blog u-expanded-width u-pagination-center u-blog-1 u-hidden-visibility\"  data-site-sorting-prop=\"created\" data-site-sorting-order=\"desc\" data-blog-source-type=\"Custom\" data-blog-source=\"Boas Pr\u00e1ticas\" data-items-per-page=\"3\" data-max-items=\"20\">\n          <div class=\"has-categories-listbox u-list-control\"><!--blog_categories_filter-->\n            <div class=\"u-align-right u-categories-listbox u-categories-listbox-1\">\n              <select aria-label=\"Choose a category\" class=\"u-input u-select-categories\">\n                <option value=\"\">All<\/option><option value=\"18\">Arquivo Documental<\/option><option value=\"13\">Boas Pr\u00e1ticas<\/option><option value=\"21\">-Agrupamento de Escola P\u00earo da Covilh\u00e3<\/option><option value=\"8\">-Agrupamento de Escolas A L\u00e3 e a Neve<\/option><option value=\"23\">-Agrupamento de Escolas de Manteigas<\/option><option value=\"17\">-Agrupamento de Escolas do Fund\u00e3o<\/option><option value=\"14\">-Agrupamento de Escolas do Teixoso<\/option><option value=\"16\">-Agrupamento de Escolas Frei Heitor Pinto<\/option><option value=\"19\">-Agrupamento de Escolas Gardunha e Xisto<\/option><option value=\"20\">-Agrupamento de Escolas Pedro \u00c1lvares Cabral<\/option><option value=\"15\">-Escola Profissional e Agr\u00edcola Quinta da Lageosa<\/option><option value=\"7\">-Escola Secund\u00e1ria Campos Melo<\/option><option value=\"6\">-Escola Secund\u00e1ria Quinta das Palmeiras<\/option><option value=\"52\">Boas Pr\u00e1ticas<\/option><option value=\"55\">-Escola Secund\u00e1ria Campos Melo<\/option><option value=\"1\">Legisla\u00e7\u00e3o<\/option><option value=\"29\">Sem categoria<\/option><option value=\"34\">Sem categoria<\/option>\n              <\/select>\n              <svg class=\"u-caret u-caret-svg\" xmlns=\"http:\/\/www.w3.org\/2000\/svg\" x=\"0px\" y=\"0px\" width=\"16px\" height=\"16px\" viewBox=\"0 0 16 16\" style=\"fill:currentColor;\" xml:space=\"preserve\"><polygon class=\"st0\" points=\"8,12 2,4 14,4 \"><\/polygon><\/svg>\n            <\/div><!--\/blog_categories_filter-->\n          <\/div>\n          <div class=\"u-repeater u-repeater-1\">\n            <div class=\"u-align-left u-blog-post u-container-align-left u-container-style u-repeater-item u-video-cover u-white u-repeater-item-1\">\n              <div class=\"u-container-layout u-similar-container u-valign-top-sm u-valign-top-xs u-container-layout-1\"><a class=\"u-blog-control u-expanded-width u-image u-image-default u-image-1\" href=\"https:\/\/cfaebi.pt\/rumo\/2026\/04\/21\/convivio-intercultural\/\">\n                <img decoding=\"async\" alt=\"\" class=\"u-blog-control u-expanded-width u-image u-image-default u-image-1\" src=\"https:\/\/cfaebi.pt\/rumo\/wp-content\/uploads\/2026\/04\/WhatsApp-Image-2026-03-30-at-17.03.32.jpeg\" data-image-width=\"567\" data-image-height=\"696\"><\/a>\n                <h4 class=\"u-blog-control u-text u-text-1\">\n                  <a class=\"u-post-header-link\" href=\"https:\/\/cfaebi.pt\/rumo\/2026\/04\/21\/convivio-intercultural\/\" style=\"\">Conv\u00edvio Intercultural<\/a>\n                <\/h4>\n                <div class=\"u-blog-control u-metadata u-text-palette-1-base u-metadata-1\"><span class=\"u-meta-category u-meta-icon\"><a class=\"u-textlink\" href=\"https:\/\/cfaebi.pt\/rumo\/category\/boas_praticas\/\" rel=\"category tag\">Boas Pr\u00e1ticas<\/a>, <a class=\"u-textlink\" href=\"https:\/\/cfaebi.pt\/rumo\/category\/boas_praticas-en\/escola-secundaria-campos-melo-en\/\" rel=\"category tag\">Escola Secund\u00e1ria Campos Melo<\/a><\/span>\n                <\/div>\n                <div class=\"u-blog-control u-post-content u-text u-text-2\"><p>\n\nReconhecer a diversidade cultural como uma riqueza e oportunidade de aprendizagem, e n\u00e3o como uma barreira.\n\n\n\nProporcionar o conhecimento de &hellip;<\/p>\n                <\/div>\n                <a href=\"https:\/\/cfaebi.pt\/rumo\/2026\/04\/21\/convivio-intercultural\/\" class=\"u-blog-control u-btn u-button-style u-btn-1\">VER MAIS<\/a>\n              <\/div>\n            <\/div>\n            <div class=\"u-align-left u-blog-post u-container-align-left u-container-style u-repeater-item u-video-cover u-white u-repeater-item-2\">\n              <div class=\"u-container-layout u-similar-container u-valign-top-sm u-valign-top-xs u-container-layout-2\"><a class=\"u-blog-control u-expanded-width u-image u-image-default u-image-2\" href=\"https:\/\/cfaebi.pt\/rumo\/2025\/07\/24\/aula-de-campo-em-portugues-lingua-nao-materna\/\">\n                <img decoding=\"async\" alt=\"\" class=\"u-blog-control u-expanded-width u-image u-image-default u-image-2\" src=\"https:\/\/cfaebi.pt\/rumo\/wp-content\/uploads\/2025\/07\/WhatsApp-Image-2025-05-31-at-15.08.19-2.jpeg\" data-image-width=\"567\" data-image-height=\"696\"><\/a>\n                <h4 class=\"u-blog-control u-text u-text-3\">\n                  <a class=\"u-post-header-link\" href=\"https:\/\/cfaebi.pt\/rumo\/2025\/07\/24\/aula-de-campo-em-portugues-lingua-nao-materna\/\" style=\"\">Aula de campo em Portugu\u00eas L\u00edngua n\u00e3o Materna<\/a>\n                <\/h4>\n                <div class=\"u-blog-control u-metadata u-text-palette-1-base u-metadata-2\"><span class=\"u-meta-category u-meta-icon\"><a class=\"u-textlink\" href=\"https:\/\/cfaebi.pt\/rumo\/category\/boas_praticas-en\/\" rel=\"category tag\">Boas Pr\u00e1ticas<\/a>, <a class=\"u-textlink\" href=\"https:\/\/cfaebi.pt\/rumo\/category\/boas_praticas\/escola-secundaria-campos-melo\/\" rel=\"category tag\">Escola Secund\u00e1ria Campos Melo<\/a><\/span>\n                <\/div>\n                <div class=\"u-blog-control u-post-content u-text u-text-4\"><p>\nProduzir enunciados orais breves com o objetivo de cumprimentar\/despedir-se; agradecer\/reagir a um agradecimento. (n\u00edvel A1)- Interagir com &hellip;<\/p>\n                <\/div>\n                <a href=\"https:\/\/cfaebi.pt\/rumo\/2025\/07\/24\/aula-de-campo-em-portugues-lingua-nao-materna\/\" class=\"u-blog-control u-btn u-button-style u-btn-2\">VER MAIS<\/a>\n              <\/div>\n            <\/div>\n            <div class=\"u-align-left u-blog-post u-container-align-left u-container-style u-repeater-item u-video-cover u-white u-repeater-item-3\">\n              <div class=\"u-container-layout u-similar-container u-valign-top-sm u-valign-top-xs u-container-layout-3\"><a class=\"u-blog-control u-expanded-width u-image u-image-default u-image-3\" href=\"https:\/\/cfaebi.pt\/rumo\/2025\/05\/23\/acolhimento-e-integracao-de-alunas-migrantes-em-contexto-familiar-atipico\/\">\n                <img decoding=\"async\" alt=\"\" class=\"u-blog-control u-expanded-width u-image u-image-default u-image-3\" src=\"https:\/\/cfaebi.pt\/rumo\/wp-content\/uploads\/2025\/05\/hands-holding-each-other-support-scaled.jpg\" data-image-width=\"567\" data-image-height=\"696\"><\/a>\n                <h4 class=\"u-blog-control u-text u-text-5\">\n                  <a class=\"u-post-header-link\" href=\"https:\/\/cfaebi.pt\/rumo\/2025\/05\/23\/acolhimento-e-integracao-de-alunas-migrantes-em-contexto-familiar-atipico\/\" style=\"\">\"De m\u00e3os dadas com a Ucr\u00e2nia\"<\/a>\n                <\/h4>\n                <div class=\"u-blog-control u-metadata u-text-palette-1-base u-metadata-3\"><span class=\"u-meta-category u-meta-icon\"><a class=\"u-textlink\" href=\"https:\/\/cfaebi.pt\/rumo\/category\/boas_praticas\/agrupamento-de-escolas-de-manteigas\/\" rel=\"category tag\">Agrupamento de Escolas de Manteigas<\/a>, <a class=\"u-textlink\" href=\"https:\/\/cfaebi.pt\/rumo\/category\/boas_praticas\/\" rel=\"category tag\">Boas Pr\u00e1ticas<\/a><\/span>\n                <\/div>\n                <div class=\"u-blog-control u-post-content u-text u-text-6\"><p>\nCom o in\u00edcio do conflito na Ucr\u00e2nia, o agrupamento passou a acolher alunos provenientes deste pa\u00eds. Posteriormente, outros alunos migrantes de &hellip;<\/p>\n                <\/div>\n                <a href=\"https:\/\/cfaebi.pt\/rumo\/2025\/05\/23\/acolhimento-e-integracao-de-alunas-migrantes-em-contexto-familiar-atipico\/\" class=\"u-blog-control u-btn u-button-style u-btn-3\">VER MAIS<\/a>\n              <\/div>\n            <\/div>\n            <div class=\"u-align-left u-blog-post u-container-align-left u-container-style u-repeater-item u-video-cover u-white u-repeater-item-4\">\n              <div class=\"u-container-layout u-similar-container u-valign-top-sm u-valign-top-xs u-container-layout-4\"><a class=\"u-blog-control u-expanded-width u-image u-image-default u-image-4\" href=\"https:\/\/cfaebi.pt\/rumo\/2025\/05\/22\/bem-vindos-a-escola\/\">\n                <img decoding=\"async\" alt=\"\" class=\"u-blog-control u-expanded-width u-image u-image-default u-image-4\" src=\"https:\/\/cfaebi.pt\/rumo\/wp-content\/uploads\/2025\/05\/atividade-zonas-culturais.jpg\" data-image-width=\"567\" data-image-height=\"696\"><\/a>\n                <h4 class=\"u-blog-control u-text u-text-7\">\n                  <a class=\"u-post-header-link\" href=\"https:\/\/cfaebi.pt\/rumo\/2025\/05\/22\/bem-vindos-a-escola\/\" style=\"\">\"Bem-vindos \u00e0 Escola\"<\/a>\n                <\/h4>\n                <div class=\"u-blog-control u-metadata u-text-palette-1-base u-metadata-4\"><span class=\"u-meta-category u-meta-icon\"><a class=\"u-textlink\" href=\"https:\/\/cfaebi.pt\/rumo\/category\/boas_praticas\/agrupamento-de-escolas-do-fundao\/\" rel=\"category tag\">Agrupamento de Escolas do Fund\u00e3o<\/a>, <a class=\"u-textlink\" href=\"https:\/\/cfaebi.pt\/rumo\/category\/boas_praticas\/\" rel=\"category tag\">Boas Pr\u00e1ticas<\/a><\/span>\n                <\/div>\n                <div class=\"u-blog-control u-post-content u-text u-text-8\"><p>\nContribuir para a constru\u00e7\u00e3o de n\u00edveis superiores de integra\u00e7\u00e3o dos alunos, assentes no trabalho conjunto e devidamente articulado entre todos. &hellip;<\/p>\n                <\/div>\n                <a href=\"https:\/\/cfaebi.pt\/rumo\/2025\/05\/22\/bem-vindos-a-escola\/\" class=\"u-blog-control u-btn u-button-style u-btn-4\">VER MAIS<\/a>\n              <\/div>\n            <\/div>\n            <div class=\"u-align-left u-blog-post u-container-align-left u-container-style u-repeater-item u-video-cover u-white u-repeater-item-5\">\n              <div class=\"u-container-layout u-similar-container u-valign-top-sm u-valign-top-xs u-container-layout-5\"><a class=\"u-blog-control u-expanded-width u-image u-image-default u-image-5\" href=\"https:\/\/cfaebi.pt\/rumo\/2025\/05\/22\/cei-capacitar-educar-incluir\/\">\n                <img decoding=\"async\" alt=\"\" class=\"u-blog-control u-expanded-width u-image u-image-default u-image-5\" src=\"https:\/\/cfaebi.pt\/rumo\/wp-content\/uploads\/2025\/05\/CEI2.jpg\" data-image-width=\"567\" data-image-height=\"696\"><\/a>\n                <h4 class=\"u-blog-control u-text u-text-9\">\n                  <a class=\"u-post-header-link\" href=\"https:\/\/cfaebi.pt\/rumo\/2025\/05\/22\/cei-capacitar-educar-incluir\/\" style=\"\">CEI (Capacitar, Educar, Incluir)<\/a>\n                <\/h4>\n                <div class=\"u-blog-control u-metadata u-text-palette-1-base u-metadata-5\"><span class=\"u-meta-category u-meta-icon\"><a class=\"u-textlink\" href=\"https:\/\/cfaebi.pt\/rumo\/category\/boas_praticas\/agrupamento-de-escolas-do-fundao\/\" rel=\"category tag\">Agrupamento de Escolas do Fund\u00e3o<\/a>, <a class=\"u-textlink\" href=\"https:\/\/cfaebi.pt\/rumo\/category\/boas_praticas\/\" rel=\"category tag\">Boas Pr\u00e1ticas<\/a><\/span>\n                <\/div>\n                <div class=\"u-blog-control u-post-content u-text u-text-10\"><p>\nFace \u00e0s dificuldades encontradas pelo Encarregados de Educa\u00e7\u00e3o dos alunos Migrantes em gerir a vida escolar dos seus filhos surgiu este din\u00e2mica.\n\n&hellip;<\/p>\n                <\/div>\n                <a href=\"https:\/\/cfaebi.pt\/rumo\/2025\/05\/22\/cei-capacitar-educar-incluir\/\" class=\"u-blog-control u-btn u-button-style u-btn-5\">VER MAIS<\/a>\n              <\/div>\n            <\/div>\n            <div class=\"u-align-left u-blog-post u-container-align-left u-container-style u-repeater-item u-video-cover u-white u-repeater-item-6\">\n              <div class=\"u-container-layout u-similar-container u-valign-top-sm u-valign-top-xs u-container-layout-6\"><a class=\"u-blog-control u-expanded-width u-image u-image-default u-image-6\" href=\"https:\/\/cfaebi.pt\/rumo\/2025\/05\/22\/entre-culturas-e-coracoes\/\">\n                <img decoding=\"async\" alt=\"\" class=\"u-blog-control u-expanded-width u-image u-image-default u-image-6\" src=\"https:\/\/cfaebi.pt\/rumo\/wp-content\/uploads\/2025\/05\/woman-making-love-sign-with-hands-scaled.jpg\" data-image-width=\"567\" data-image-height=\"696\"><\/a>\n                <h4 class=\"u-blog-control u-text u-text-11\">\n                  <a class=\"u-post-header-link\" href=\"https:\/\/cfaebi.pt\/rumo\/2025\/05\/22\/entre-culturas-e-coracoes\/\" style=\"\">Entre Culturas e Cora\u00e7\u00f5es<\/a>\n                <\/h4>\n                <div class=\"u-blog-control u-metadata u-text-palette-1-base u-metadata-6\"><span class=\"u-meta-category u-meta-icon\"><a class=\"u-textlink\" href=\"https:\/\/cfaebi.pt\/rumo\/category\/boas_praticas\/agrupamento-de-escola-pero-da-covilha\/\" rel=\"category tag\">Agrupamento de Escola P\u00earo da Covilh\u00e3<\/a>, <a class=\"u-textlink\" href=\"https:\/\/cfaebi.pt\/rumo\/category\/boas_praticas\/\" rel=\"category tag\">Boas Pr\u00e1ticas<\/a><\/span>\n                <\/div>\n                <div class=\"u-blog-control u-post-content u-text u-text-12\"><p>\nO projeto \u201cEntre Culturas e Cora\u00e7\u00f5es\u201d \u00e9 criado no decorrer do exerc\u00edcio das fun\u00e7\u00f5es de Mediador Lingu\u00edstico e Cultural. A crescente &hellip;<\/p>\n                <\/div>\n                <a href=\"https:\/\/cfaebi.pt\/rumo\/2025\/05\/22\/entre-culturas-e-coracoes\/\" class=\"u-blog-control u-btn u-button-style u-btn-6\">VER MAIS<\/a>\n              <\/div>\n            <\/div>\n            <div class=\"u-align-left u-blog-post u-container-align-left u-container-style u-repeater-item u-video-cover u-white u-repeater-item-7\">\n              <div class=\"u-container-layout u-similar-container u-valign-top-sm u-valign-top-xs u-container-layout-7\"><a class=\"u-blog-control u-expanded-width u-image u-image-default u-image-7\" href=\"https:\/\/cfaebi.pt\/rumo\/2025\/05\/22\/ciberescola-da-lingua-portuguesa-apoio-a-alunos-estrangeiros-plnm\/\">\n                <img decoding=\"async\" alt=\"\" class=\"u-blog-control u-expanded-width u-image u-image-default u-image-7\" src=\"https:\/\/cfaebi.pt\/rumo\/wp-content\/uploads\/2025\/05\/college-students-different-ethnicities-cramming-scaled.jpg\" data-image-width=\"567\" data-image-height=\"696\"><\/a>\n                <h4 class=\"u-blog-control u-text u-text-13\">\n                  <a class=\"u-post-header-link\" href=\"https:\/\/cfaebi.pt\/rumo\/2025\/05\/22\/ciberescola-da-lingua-portuguesa-apoio-a-alunos-estrangeiros-plnm\/\" style=\"\">Ciberescola da L\u00edngua Portuguesa \u2013 Apoio a Alunos Estrangeiros \/ PLNM<\/a>\n                <\/h4>\n                <div class=\"u-blog-control u-metadata u-text-palette-1-base u-metadata-7\"><span class=\"u-meta-category u-meta-icon\"><a class=\"u-textlink\" href=\"https:\/\/cfaebi.pt\/rumo\/category\/boas_praticas\/agrupamento-de-escola-pero-da-covilha\/\" rel=\"category tag\">Agrupamento de Escola P\u00earo da Covilh\u00e3<\/a>, <a class=\"u-textlink\" href=\"https:\/\/cfaebi.pt\/rumo\/category\/boas_praticas\/\" rel=\"category tag\">Boas Pr\u00e1ticas<\/a><\/span>\n                <\/div>\n                <div class=\"u-blog-control u-post-content u-text u-text-14\"><p>\nO aumento do n\u00famero de alunos estrangeiros nas escolas portuguesas trouxe a necessidade de uma resposta pedag\u00f3gica diferenciada no ensino do &hellip;<\/p>\n                <\/div>\n                <a href=\"https:\/\/cfaebi.pt\/rumo\/2025\/05\/22\/ciberescola-da-lingua-portuguesa-apoio-a-alunos-estrangeiros-plnm\/\" class=\"u-blog-control u-btn u-button-style u-btn-7\">VER MAIS<\/a>\n              <\/div>\n            <\/div>\n            <div class=\"u-align-left u-blog-post u-container-align-left u-container-style u-repeater-item u-video-cover u-white u-repeater-item-8\">\n              <div class=\"u-container-layout u-similar-container u-valign-top-sm u-valign-top-xs u-container-layout-8\"><a class=\"u-blog-control u-expanded-width u-image u-image-default u-image-8\" href=\"https:\/\/cfaebi.pt\/rumo\/2025\/05\/21\/projeto-jump-programa-escolhas\/\">\n                <img decoding=\"async\" alt=\"\" class=\"u-blog-control u-expanded-width u-image u-image-default u-image-8\" src=\"https:\/\/cfaebi.pt\/rumo\/wp-content\/uploads\/2025\/05\/Template-de-Identificacao-de-Projetos-de-Integracao-de-Migrantes_PedroAlvaresCabral_Pagina_2.png\" data-image-width=\"567\" data-image-height=\"696\"><\/a>\n                <h4 class=\"u-blog-control u-text u-text-15\">\n                  <a class=\"u-post-header-link\" href=\"https:\/\/cfaebi.pt\/rumo\/2025\/05\/21\/projeto-jump-programa-escolhas\/\" style=\"\">Projeto JUMP \u2013 Programa Escolhas<\/a>\n                <\/h4>\n                <div class=\"u-blog-control u-metadata u-text-palette-1-base u-metadata-8\"><span class=\"u-meta-category u-meta-icon\"><a class=\"u-textlink\" href=\"https:\/\/cfaebi.pt\/rumo\/category\/boas_praticas\/agrupamento-de-escolas-pedro-alvares-cabral\/\" rel=\"category tag\">Agrupamento de Escolas Pedro \u00c1lvares Cabral<\/a>, <a class=\"u-textlink\" href=\"https:\/\/cfaebi.pt\/rumo\/category\/boas_praticas\/\" rel=\"category tag\">Boas Pr\u00e1ticas<\/a><\/span>\n                <\/div>\n                <div class=\"u-blog-control u-post-content u-text u-text-16\"><p>\nValorizar a educa\u00e7\u00e3o, formal e informal, como agente de mudan\u00e7a, promotora de um pensamento cr\u00edtico e criativo, potenciando uma maior participa\u00e7\u00e3o &hellip;<\/p>\n                <\/div>\n                <a href=\"https:\/\/cfaebi.pt\/rumo\/2025\/05\/21\/projeto-jump-programa-escolhas\/\" class=\"u-blog-control u-btn u-button-style u-btn-8\">VER MAIS<\/a>\n              <\/div>\n            <\/div>\n            <div class=\"u-align-left u-blog-post u-container-align-left u-container-style u-repeater-item u-video-cover u-white u-repeater-item-9\">\n              <div class=\"u-container-layout u-similar-container u-valign-top-sm u-valign-top-xs u-container-layout-9\"><a class=\"u-blog-control u-expanded-width u-image u-image-default u-image-9\" href=\"https:\/\/cfaebi.pt\/rumo\/2025\/05\/20\/a-falar-e-que-a-gente-se-entende\/\">\n                <img decoding=\"async\" alt=\"\" class=\"u-blog-control u-expanded-width u-image u-image-default u-image-9\" src=\"https:\/\/cfaebi.pt\/rumo\/wp-content\/uploads\/2025\/05\/Feira-da-Interculturalidade.jpg\" data-image-width=\"567\" data-image-height=\"696\"><\/a>\n                <h4 class=\"u-blog-control u-text u-text-17\">\n                  <a class=\"u-post-header-link\" href=\"https:\/\/cfaebi.pt\/rumo\/2025\/05\/20\/a-falar-e-que-a-gente-se-entende\/\" style=\"\">A Falar \u00e9 que a Gente se Entende<\/a>\n                <\/h4>\n                <div class=\"u-blog-control u-metadata u-text-palette-1-base u-metadata-9\"><span class=\"u-meta-category u-meta-icon\"><a class=\"u-textlink\" href=\"https:\/\/cfaebi.pt\/rumo\/category\/boas_praticas\/\" rel=\"category tag\">Boas Pr\u00e1ticas<\/a>, <a class=\"u-textlink\" href=\"https:\/\/cfaebi.pt\/rumo\/category\/boas_praticas\/escola-secundaria-quinta-das-palmeiras\/\" rel=\"category tag\">Escola Secund\u00e1ria Quinta das Palmeiras<\/a><\/span>\n                <\/div>\n                <div class=\"u-blog-control u-post-content u-text u-text-18\"><p>\nO aumento do n\u00famero de alunos imigrantes na escola, nomeadamente de pa\u00edses de l\u00edngua n\u00e3o portuguesa, suscitou a necessidade de se desenvolverem &hellip;<\/p>\n                <\/div>\n                <a href=\"https:\/\/cfaebi.pt\/rumo\/2025\/05\/20\/a-falar-e-que-a-gente-se-entende\/\" class=\"u-blog-control u-btn u-button-style u-btn-9\">VER MAIS<\/a>\n              <\/div>\n            <\/div>\n            <div class=\"u-align-left u-blog-post u-container-align-left u-container-style u-repeater-item u-video-cover u-white u-repeater-item-10\">\n              <div class=\"u-container-layout u-similar-container u-valign-top-sm u-valign-top-xs u-container-layout-10\"><a class=\"u-blog-control u-expanded-width u-image u-image-default u-image-10\" href=\"https:\/\/cfaebi.pt\/rumo\/2025\/05\/20\/mala-do-viajante\/\">\n                <img decoding=\"async\" alt=\"\" class=\"u-blog-control u-expanded-width u-image u-image-default u-image-10\" src=\"https:\/\/cfaebi.pt\/rumo\/wp-content\/uploads\/2025\/05\/Template-de-Identificacao-de-Projetos-de-Integracao-de-Migrantes_Gardunha_Pagina_2.png\" data-image-width=\"567\" data-image-height=\"696\"><\/a>\n                <h4 class=\"u-blog-control u-text u-text-19\">\n                  <a class=\"u-post-header-link\" href=\"https:\/\/cfaebi.pt\/rumo\/2025\/05\/20\/mala-do-viajante\/\" style=\"\">Mala do Viajante<\/a>\n                <\/h4>\n                <div class=\"u-blog-control u-metadata u-text-palette-1-base u-metadata-10\"><span class=\"u-meta-category u-meta-icon\"><a class=\"u-textlink\" href=\"https:\/\/cfaebi.pt\/rumo\/category\/boas_praticas\/agrupamento-de-escolas-gardunha-e-xisto\/\" rel=\"category tag\">Agrupamento de Escolas Gardunha e Xisto<\/a>, <a class=\"u-textlink\" href=\"https:\/\/cfaebi.pt\/rumo\/category\/boas_praticas\/\" rel=\"category tag\">Boas Pr\u00e1ticas<\/a><\/span>\n                <\/div>\n                <div class=\"u-blog-control u-post-content u-text u-text-20\"><p>\nO projeto tem como objetivo promover e sensibilizar para a diversidade e o conhecimento de culturas diferentes no nosso dia-a-dia. Atrav\u00e9s de &hellip;<\/p>\n                <\/div>\n                <a href=\"https:\/\/cfaebi.pt\/rumo\/2025\/05\/20\/mala-do-viajante\/\" class=\"u-blog-control u-btn u-button-style u-btn-10\">VER MAIS<\/a>\n              <\/div>\n            <\/div>\n            <div class=\"u-align-left u-blog-post u-container-align-left u-container-style u-repeater-item u-video-cover u-white u-repeater-item-11\">\n              <div class=\"u-container-layout u-similar-container u-valign-top-sm u-valign-top-xs u-container-layout-11\"><a class=\"u-blog-control u-expanded-width u-image u-image-default u-image-11\" href=\"https:\/\/cfaebi.pt\/rumo\/2025\/05\/14\/clube-de-cricket-desporto-escolar-comunidade\/\">\n                <img decoding=\"async\" alt=\"\" class=\"u-blog-control u-expanded-width u-image u-image-default u-image-11\" src=\"https:\/\/cfaebi.pt\/rumo\/wp-content\/uploads\/2025\/05\/2.jpg\" data-image-width=\"567\" data-image-height=\"696\"><\/a>\n                <h4 class=\"u-blog-control u-text u-text-21\">\n                  <a class=\"u-post-header-link\" href=\"https:\/\/cfaebi.pt\/rumo\/2025\/05\/14\/clube-de-cricket-desporto-escolar-comunidade\/\" style=\"\">\u00a0Clube de Cricket (Desporto Escolar Comunidade)\u00a0<\/a>\n                <\/h4>\n                <div class=\"u-blog-control u-metadata u-text-palette-1-base u-metadata-11\"><span class=\"u-meta-category u-meta-icon\"><a class=\"u-textlink\" href=\"https:\/\/cfaebi.pt\/rumo\/category\/boas_praticas\/agrupamento-de-escolas-do-fundao\/\" rel=\"category tag\">Agrupamento de Escolas do Fund\u00e3o<\/a>, <a class=\"u-textlink\" href=\"https:\/\/cfaebi.pt\/rumo\/category\/boas_praticas\/\" rel=\"category tag\">Boas Pr\u00e1ticas<\/a><\/span>\n                <\/div>\n                <div class=\"u-blog-control u-post-content u-text u-text-22\"><p>\nO Fund\u00e3o como \u201cTerra de Acolhimento\u201d afirma o seu compromisso com a integra\u00e7\u00e3o, a diversidade cultural e o acolhimento digno de todas as pessoas &hellip;<\/p>\n                <\/div>\n                <a href=\"https:\/\/cfaebi.pt\/rumo\/2025\/05\/14\/clube-de-cricket-desporto-escolar-comunidade\/\" class=\"u-blog-control u-btn u-button-style u-btn-11\">VER MAIS<\/a>\n              <\/div>\n            <\/div>\n            <div class=\"u-align-left u-blog-post u-container-align-left u-container-style u-repeater-item u-video-cover u-white u-repeater-item-1\">\n              <div class=\"u-container-layout u-similar-container u-valign-top-sm u-valign-top-xs u-container-layout-1\"><a class=\"u-blog-control u-expanded-width u-image u-image-default u-image-1\" href=\"https:\/\/cfaebi.pt\/rumo\/2025\/05\/14\/o-ensino-explicito-da-lingua-como-estrategia-de-inclusao\/\">\n                <img decoding=\"async\" alt=\"\" class=\"u-blog-control u-expanded-width u-image u-image-default u-image-1\" src=\"https:\/\/cfaebi.pt\/rumo\/wp-content\/uploads\/2025\/05\/O-ensino-explicito-da-lingua-como-estrategia-de-inclusao__Pagina_2.png\" data-image-width=\"567\" data-image-height=\"696\"><\/a>\n                <h4 class=\"u-blog-control u-text u-text-1\">\n                  <a class=\"u-post-header-link\" href=\"https:\/\/cfaebi.pt\/rumo\/2025\/05\/14\/o-ensino-explicito-da-lingua-como-estrategia-de-inclusao\/\" style=\"\">\"O ensino expl\u00edcito da l\u00edngua como estrat\u00e9gia de inclus\u00e3o\"<\/a>\n                <\/h4>\n                <div class=\"u-blog-control u-metadata u-text-palette-1-base u-metadata-1\"><span class=\"u-meta-category u-meta-icon\"><a class=\"u-textlink\" href=\"https:\/\/cfaebi.pt\/rumo\/category\/boas_praticas\/agrupamento-de-escolas-frei-heitor-pinto\/\" rel=\"category tag\">Agrupamento de Escolas Frei Heitor Pinto<\/a>, <a class=\"u-textlink\" href=\"https:\/\/cfaebi.pt\/rumo\/category\/boas_praticas\/\" rel=\"category tag\">Boas Pr\u00e1ticas<\/a><\/span>\n                <\/div>\n                <div class=\"u-blog-control u-post-content u-text u-text-2\"><p>\nPromover a inclus\u00e3o de alunos com dificuldade de leitura e capitais lexicais reduzidos;Facilitar a compreens\u00e3o e a produ\u00e7\u00e3o lingu\u00edstica dos alunos,&hellip;<\/p>\n                <\/div>\n                <a href=\"https:\/\/cfaebi.pt\/rumo\/2025\/05\/14\/o-ensino-explicito-da-lingua-como-estrategia-de-inclusao\/\" class=\"u-blog-control u-btn u-button-style u-btn-1\">VER MAIS<\/a>\n              <\/div>\n            <\/div>\n            <div class=\"u-align-left u-blog-post u-container-align-left u-container-style u-repeater-item u-video-cover u-white u-repeater-item-2\">\n              <div class=\"u-container-layout u-similar-container u-valign-top-sm u-valign-top-xs u-container-layout-2\"><a class=\"u-blog-control u-expanded-width u-image u-image-default u-image-2\" href=\"https:\/\/cfaebi.pt\/rumo\/2025\/05\/14\/guiao-de-boas-vindas-welcome-guide\/\">\n                <img decoding=\"async\" alt=\"\" class=\"u-blog-control u-expanded-width u-image u-image-default u-image-2\" src=\"https:\/\/cfaebi.pt\/rumo\/wp-content\/uploads\/2025\/05\/Guiao-de-Boas-Vindas-Welcome-Guide_Pagina_2.png\" data-image-width=\"567\" data-image-height=\"696\"><\/a>\n                <h4 class=\"u-blog-control u-text u-text-3\">\n                  <a class=\"u-post-header-link\" href=\"https:\/\/cfaebi.pt\/rumo\/2025\/05\/14\/guiao-de-boas-vindas-welcome-guide\/\" style=\"\">Gui\u00e3o de Boas Vindas - Welcome Guide<\/a>\n                <\/h4>\n                <div class=\"u-blog-control u-metadata u-text-palette-1-base u-metadata-2\"><span class=\"u-meta-category u-meta-icon\"><a class=\"u-textlink\" href=\"https:\/\/cfaebi.pt\/rumo\/category\/boas_praticas\/agrupamento-de-escolas-frei-heitor-pinto\/\" rel=\"category tag\">Agrupamento de Escolas Frei Heitor Pinto<\/a>, <a class=\"u-textlink\" href=\"https:\/\/cfaebi.pt\/rumo\/category\/boas_praticas\/\" rel=\"category tag\">Boas Pr\u00e1ticas<\/a><\/span>\n                <\/div>\n                <div class=\"u-blog-control u-post-content u-text u-text-4\"><p>\nReceber, acolher e integrar os alunos e fam\u00edlias migrantes na comunidade escolar.\n\n\n\nReuni\u00e3o de boas-vindas com a Dire\u00e7\u00e3o\/Coordena\u00e7\u00e3o da escola e &hellip;<\/p>\n                <\/div>\n                <a href=\"https:\/\/cfaebi.pt\/rumo\/2025\/05\/14\/guiao-de-boas-vindas-welcome-guide\/\" class=\"u-blog-control u-btn u-button-style u-btn-2\">VER MAIS<\/a>\n              <\/div>\n            <\/div>\n            <div class=\"u-align-left u-blog-post u-container-align-left u-container-style u-repeater-item u-video-cover u-white u-repeater-item-3\">\n              <div class=\"u-container-layout u-similar-container u-valign-top-sm u-valign-top-xs u-container-layout-3\"><a class=\"u-blog-control u-expanded-width u-image u-image-default u-image-3\" href=\"https:\/\/cfaebi.pt\/rumo\/2025\/05\/14\/projetoligar-comunidades\/\">\n                <img decoding=\"async\" alt=\"\" class=\"u-blog-control u-expanded-width u-image u-image-default u-image-3\" src=\"https:\/\/cfaebi.pt\/rumo\/wp-content\/uploads\/2025\/05\/Projeto-_Ligar-comunidades__Pagina_2.png\" data-image-width=\"567\" data-image-height=\"696\"><\/a>\n                <h4 class=\"u-blog-control u-text u-text-5\">\n                  <a class=\"u-post-header-link\" href=\"https:\/\/cfaebi.pt\/rumo\/2025\/05\/14\/projetoligar-comunidades\/\" style=\"\">Projeto\"Ligar Comunidades\"<\/a>\n                <\/h4>\n                <div class=\"u-blog-control u-metadata u-text-palette-1-base u-metadata-3\"><span class=\"u-meta-category u-meta-icon\"><a class=\"u-textlink\" href=\"https:\/\/cfaebi.pt\/rumo\/category\/boas_praticas\/agrupamento-de-escolas-frei-heitor-pinto\/\" rel=\"category tag\">Agrupamento de Escolas Frei Heitor Pinto<\/a>, <a class=\"u-textlink\" href=\"https:\/\/cfaebi.pt\/rumo\/category\/boas_praticas\/\" rel=\"category tag\">Boas Pr\u00e1ticas<\/a><\/span>\n                <\/div>\n                <div class=\"u-blog-control u-post-content u-text u-text-6\"><p>\nPromover a valoriza\u00e7\u00e3o da diversidade cultural e lingu\u00edstica representada na comunidade escolar, atrav\u00e9s da partilha das origens e cultura dos &hellip;<\/p>\n                <\/div>\n                <a href=\"https:\/\/cfaebi.pt\/rumo\/2025\/05\/14\/projetoligar-comunidades\/\" class=\"u-blog-control u-btn u-button-style u-btn-3\">VER MAIS<\/a>\n              <\/div>\n            <\/div>\n            <div class=\"u-align-left u-blog-post u-container-align-left u-container-style u-repeater-item u-video-cover u-white u-repeater-item-4\">\n              <div class=\"u-container-layout u-similar-container u-valign-top-sm u-valign-top-xs u-container-layout-4\"><a class=\"u-blog-control u-expanded-width u-image u-image-default u-image-4\" href=\"https:\/\/cfaebi.pt\/rumo\/2025\/05\/14\/escm-escola-solidaria-multicultural-e-cooperante\/\">\n                <img decoding=\"async\" alt=\"\" class=\"u-blog-control u-expanded-width u-image u-image-default u-image-4\" src=\"https:\/\/cfaebi.pt\/rumo\/wp-content\/uploads\/2025\/05\/WhatsApp-Image-2025-05-02-at-17.14.26.jpeg\" data-image-width=\"567\" data-image-height=\"696\"><\/a>\n                <h4 class=\"u-blog-control u-text u-text-7\">\n                  <a class=\"u-post-header-link\" href=\"https:\/\/cfaebi.pt\/rumo\/2025\/05\/14\/escm-escola-solidaria-multicultural-e-cooperante\/\" style=\"\">ESCM - Escola Solid\u00e1ria Multicultural e Cooperante<\/a>\n                <\/h4>\n                <div class=\"u-blog-control u-metadata u-text-palette-1-base u-metadata-4\"><span class=\"u-meta-category u-meta-icon\"><a class=\"u-textlink\" href=\"https:\/\/cfaebi.pt\/rumo\/category\/boas_praticas\/\" rel=\"category tag\">Boas Pr\u00e1ticas<\/a>, <a class=\"u-textlink\" href=\"https:\/\/cfaebi.pt\/rumo\/category\/boas_praticas\/escola-secundaria-campos-melo\/\" rel=\"category tag\">Escola Secund\u00e1ria Campos Melo<\/a><\/span>\n                <\/div>\n                <div class=\"u-blog-control u-post-content u-text u-text-8\"><p>\nCapacitar alunos e respetivas fam\u00edlias, numa perspetiva de apoio e orienta\u00e7\u00e3o nas distintas vertentes das suas vidas, nomeadamente na promo\u00e7\u00e3o, &hellip;<\/p>\n                <\/div>\n                <a href=\"https:\/\/cfaebi.pt\/rumo\/2025\/05\/14\/escm-escola-solidaria-multicultural-e-cooperante\/\" class=\"u-blog-control u-btn u-button-style u-btn-4\">VER MAIS<\/a>\n              <\/div>\n            <\/div>\n            <div class=\"u-align-left u-blog-post u-container-align-left u-container-style u-repeater-item u-video-cover u-white u-repeater-item-5\">\n              <div class=\"u-container-layout u-similar-container u-valign-top-sm u-valign-top-xs u-container-layout-5\"><a class=\"u-blog-control u-expanded-width u-image u-image-default u-image-5\" href=\"https:\/\/cfaebi.pt\/rumo\/2025\/05\/14\/sabores-pelo-mundo\/\">\n                <img decoding=\"async\" alt=\"\" class=\"u-blog-control u-expanded-width u-image u-image-default u-image-5\" src=\"https:\/\/cfaebi.pt\/rumo\/wp-content\/uploads\/2025\/05\/Sabores-pelo-Mundo-4.jpg\" data-image-width=\"567\" data-image-height=\"696\"><\/a>\n                <h4 class=\"u-blog-control u-text u-text-9\">\n                  <a class=\"u-post-header-link\" href=\"https:\/\/cfaebi.pt\/rumo\/2025\/05\/14\/sabores-pelo-mundo\/\" style=\"\">Sabores pelo Mundo<\/a>\n                <\/h4>\n                <div class=\"u-blog-control u-metadata u-text-palette-1-base u-metadata-5\"><span class=\"u-meta-category u-meta-icon\"><a class=\"u-textlink\" href=\"https:\/\/cfaebi.pt\/rumo\/category\/boas_praticas\/agrupamento-de-escolas-a-la-e-a-neve\/\" rel=\"category tag\">Agrupamento de Escolas A L\u00e3 e a Neve<\/a>, <a class=\"u-textlink\" href=\"https:\/\/cfaebi.pt\/rumo\/category\/boas_praticas\/\" rel=\"category tag\">Boas Pr\u00e1ticas<\/a><\/span>\n                <\/div>\n                <div class=\"u-blog-control u-post-content u-text u-text-10\"><p>\nPromover o conhecimento e o respeito pelas diferentes culturas, estimular a curiosidade e o interesse dos alunos pela diversidade cultural, &hellip;<\/p>\n                <\/div>\n                <a href=\"https:\/\/cfaebi.pt\/rumo\/2025\/05\/14\/sabores-pelo-mundo\/\" class=\"u-blog-control u-btn u-button-style u-btn-5\">VER MAIS<\/a>\n              <\/div>\n            <\/div>\n            <div class=\"u-align-left u-blog-post u-container-align-left u-container-style u-repeater-item u-video-cover u-white u-repeater-item-6\">\n              <div class=\"u-container-layout u-similar-container u-valign-top-sm u-valign-top-xs u-container-layout-6\"><a class=\"u-blog-control u-expanded-width u-image u-image-default u-image-6\" href=\"https:\/\/cfaebi.pt\/rumo\/2025\/05\/12\/projeto-loja-social\/\">\n                <img decoding=\"async\" alt=\"\" class=\"u-blog-control u-expanded-width u-image u-image-default u-image-6\" src=\"https:\/\/cfaebi.pt\/rumo\/wp-content\/uploads\/2025\/05\/AET_Template-de-Identificacao-de-Projetos-de-Integracao-de-Migrantes_-Loja-Social.png\" data-image-width=\"567\" data-image-height=\"696\"><\/a>\n                <h4 class=\"u-blog-control u-text u-text-11\">\n                  <a class=\"u-post-header-link\" href=\"https:\/\/cfaebi.pt\/rumo\/2025\/05\/12\/projeto-loja-social\/\" style=\"\">\u00a0Projeto\u00a0Loja Social\u00a0<\/a>\n                <\/h4>\n                <div class=\"u-blog-control u-metadata u-text-palette-1-base u-metadata-6\"><span class=\"u-meta-category u-meta-icon\"><a class=\"u-textlink\" href=\"https:\/\/cfaebi.pt\/rumo\/category\/boas_praticas\/agrupamento-de-escolas-do-teixoso\/\" rel=\"category tag\">Agrupamento de Escolas do Teixoso<\/a>, <a class=\"u-textlink\" href=\"https:\/\/cfaebi.pt\/rumo\/category\/boas_praticas\/\" rel=\"category tag\">Boas Pr\u00e1ticas<\/a><\/span>\n                <\/div>\n                <div class=\"u-blog-control u-post-content u-text u-text-12\"><p>\nA Loja Social \u00e9 um projeto de interven\u00e7\u00e3o e apoio social do Agrupamento de Escolas do Teixoso. Visa suprir as necessidades mais emergentes de &hellip;<\/p>\n                <\/div>\n                <a href=\"https:\/\/cfaebi.pt\/rumo\/2025\/05\/12\/projeto-loja-social\/\" class=\"u-blog-control u-btn u-button-style u-btn-6\">VER MAIS<\/a>\n              <\/div>\n            <\/div>\n            <div class=\"u-align-left u-blog-post u-container-align-left u-container-style u-repeater-item u-video-cover u-white u-repeater-item-7\">\n              <div class=\"u-container-layout u-similar-container u-valign-top-sm u-valign-top-xs u-container-layout-7\"><a class=\"u-blog-control u-expanded-width u-image u-image-default u-image-7\" href=\"https:\/\/cfaebi.pt\/rumo\/2025\/05\/12\/dr-com-sentido\/\">\n                <img decoding=\"async\" alt=\"\" class=\"u-blog-control u-expanded-width u-image u-image-default u-image-7\" src=\"https:\/\/cfaebi.pt\/rumo\/wp-content\/uploads\/2025\/05\/AET_Template-de-Identificacao-de-Projetos-de-Integracao-de-Migrantes_-D@r-com-Sentido.jpeg\" data-image-width=\"567\" data-image-height=\"696\"><\/a>\n                <h4 class=\"u-blog-control u-text u-text-13\">\n                  <a class=\"u-post-header-link\" href=\"https:\/\/cfaebi.pt\/rumo\/2025\/05\/12\/dr-com-sentido\/\" style=\"\">\u00a0D@r com Sentido\u00a0<\/a>\n                <\/h4>\n                <div class=\"u-blog-control u-metadata u-text-palette-1-base u-metadata-7\"><span class=\"u-meta-category u-meta-icon\"><a class=\"u-textlink\" href=\"https:\/\/cfaebi.pt\/rumo\/category\/boas_praticas\/agrupamento-de-escolas-do-teixoso\/\" rel=\"category tag\">Agrupamento de Escolas do Teixoso<\/a>, <a class=\"u-textlink\" href=\"https:\/\/cfaebi.pt\/rumo\/category\/boas_praticas\/\" rel=\"category tag\">Boas Pr\u00e1ticas<\/a><\/span>\n                <\/div>\n                <div class=\"u-blog-control u-post-content u-text u-text-14\"><p>\nPretende diminuir as diversas car\u00eancias verificadas em cada agregado familiar, atrav\u00e9s da recolha de alimentos perec\u00edveis e n\u00e3o perec\u00edveis, &hellip;<\/p>\n                <\/div>\n                <a href=\"https:\/\/cfaebi.pt\/rumo\/2025\/05\/12\/dr-com-sentido\/\" class=\"u-blog-control u-btn u-button-style u-btn-7\">VER MAIS<\/a>\n              <\/div>\n            <\/div>\n            <div class=\"u-align-left u-blog-post u-container-align-left u-container-style u-repeater-item u-video-cover u-white u-repeater-item-8\">\n              <div class=\"u-container-layout u-similar-container u-valign-top-sm u-valign-top-xs u-container-layout-8\"><a class=\"u-blog-control u-expanded-width u-image u-image-default u-image-8\" href=\"https:\/\/cfaebi.pt\/rumo\/2025\/05\/12\/crescer-juntos-na-quinta\/\">\n                <img decoding=\"async\" alt=\"\" class=\"u-blog-control u-expanded-width u-image u-image-default u-image-8\" src=\"https:\/\/cfaebi.pt\/rumo\/wp-content\/uploads\/2025\/05\/Quinta-da-Lageosa-01.jpeg\" data-image-width=\"567\" data-image-height=\"696\"><\/a>\n                <h4 class=\"u-blog-control u-text u-text-15\">\n                  <a class=\"u-post-header-link\" href=\"https:\/\/cfaebi.pt\/rumo\/2025\/05\/12\/crescer-juntos-na-quinta\/\" style=\"\">Crescer Juntos na Quinta<\/a>\n                <\/h4>\n                <div class=\"u-blog-control u-metadata u-text-palette-1-base u-metadata-8\"><span class=\"u-meta-category u-meta-icon\"><a class=\"u-textlink\" href=\"https:\/\/cfaebi.pt\/rumo\/category\/boas_praticas\/\" rel=\"category tag\">Boas Pr\u00e1ticas<\/a>, <a class=\"u-textlink\" href=\"https:\/\/cfaebi.pt\/rumo\/category\/boas_praticas\/escola-profissional-e-agricola-quinta-da-lageosa\/\" rel=\"category tag\">Escola Profissional e Agr\u00edcola Quinta da Lageosa<\/a><\/span>\n                <\/div>\n                <div class=\"u-blog-control u-post-content u-text u-text-16\"><p>\nFacilitar a integra\u00e7\u00e3o escolar e social dos alunos migrantes; Promover o respeito pela diversidade cultural; Desenvolver compet\u00eancias lingu\u00edsticas &hellip;<\/p>\n                <\/div>\n                <a href=\"https:\/\/cfaebi.pt\/rumo\/2025\/05\/12\/crescer-juntos-na-quinta\/\" class=\"u-blog-control u-btn u-button-style u-btn-8\">VER MAIS<\/a>\n              <\/div>\n            <\/div>\n          <\/div>\n          <div class=\"has-pagination u-list-control\">\n          <\/div>\n        <\/div>\n      <\/div>\n    <\/section>\n    \n    \n    \n  \n","protected":false},"excerpt":{"rendered":"<p>Projetos e Boas Pr\u00e1ticas AllArquivo DocumentalBoas Pr\u00e1ticas-Agrupamento de Escola P\u00earo da Covilh\u00e3-Agrupamento de Escolas A L\u00e3 e a Neve-Agrupamento de Escolas de Manteigas-Agrupamento de Escolas do Fund\u00e3o-Agrupamento de Escolas do Teixoso-Agrupamento de Escolas Frei Heitor Pinto-Agrupamento de Escolas Gardunha e Xisto-Agrupamento de Escolas Pedro \u00c1lvares Cabral-Escola Profissional e Agr\u00edcola Quinta da Lageosa-Escola Secund\u00e1ria Campos Melo-Escola &hellip; <a href=\"https:\/\/cfaebi.pt\/rumo\/projetos-e-boas-praticas\/\" class=\"more-link\">Continue reading<span class=\"screen-reader-text\"> &#8220;Projetos e Boas Pr\u00e1ticas&#8221;<\/span><\/a><\/p>\n","protected":false},"author":1,"featured_media":0,"parent":0,"menu_order":1,"comment_status":"closed","ping_status":"closed","template":"","meta":{"pagelayer_contact_templates":[],"_pagelayer_content":"","footnotes":""},"class_list":["post-78","page","type-page","status-publish","hentry"],"_links":{"self":[{"href":"https:\/\/cfaebi.pt\/rumo\/wp-json\/wp\/v2\/pages\/78","targetHints":{"allow":["GET"]}}],"collection":[{"href":"https:\/\/cfaebi.pt\/rumo\/wp-json\/wp\/v2\/pages"}],"about":[{"href":"https:\/\/cfaebi.pt\/rumo\/wp-json\/wp\/v2\/types\/page"}],"author":[{"embeddable":true,"href":"https:\/\/cfaebi.pt\/rumo\/wp-json\/wp\/v2\/users\/1"}],"replies":[{"embeddable":true,"href":"https:\/\/cfaebi.pt\/rumo\/wp-json\/wp\/v2\/comments?post=78"}],"version-history":[{"count":18,"href":"https:\/\/cfaebi.pt\/rumo\/wp-json\/wp\/v2\/pages\/78\/revisions"}],"predecessor-version":[{"id":487,"href":"https:\/\/cfaebi.pt\/rumo\/wp-json\/wp\/v2\/pages\/78\/revisions\/487"}],"wp:attachment":[{"href":"https:\/\/cfaebi.pt\/rumo\/wp-json\/wp\/v2\/media?parent=78"}],"curies":[{"name":"wp","href":"https:\/\/api.w.org\/{rel}","templated":true}]}}