{"id":99,"date":"2025-04-24T09:33:11","date_gmt":"2025-04-24T09:33:11","guid":{"rendered":"https:\/\/cfaebi.pt\/rumo\/?page_id=99"},"modified":"2025-05-20T09:50:24","modified_gmt":"2025-05-20T09:50:24","slug":"orientacoes-legislativas","status":"publish","type":"page","link":"https:\/\/cfaebi.pt\/rumo\/orientacoes-legislativas\/","title":{"rendered":"Orienta\u00e7\u00f5es Legislativas"},"content":{"rendered":"\n    \n    <section class=\"u-clearfix u-section-2\" id=\"block-1\">\n      <div class=\"u-clearfix u-sheet u-valign-middle-xxl u-valign-top-lg u-valign-top-md u-valign-top-sm u-valign-top-xl u-valign-top-xs u-sheet-1\">\n        <h3 class=\"u-text u-text-default u-text-1\"> Orienta\u00e7\u00f5es Legislativas<\/h3>\n        <div class=\"u-shape u-shape-svg u-text-palette-1-base u-shape-1\">\n          <svg class=\"u-svg-link\" preserveAspectRatio=\"none\" viewBox=\"0 0 160 40\" style=\"\"><use xlink:href=\"#svg-afc9\"><\/use><\/svg>\n          <svg class=\"u-svg-content\" viewBox=\"0 0 160 40\" x=\"0px\" y=\"0px\" id=\"svg-afc9\"><path d=\"M60,20C60,9.1,69.1,0,80,0s20,9.1,20,20s-9.1,20-20,20S60,30.9,60,20z M0,20C0,9.1,9.1,0,20,0s20,9.1,20,20s-9.1,20-20,20\n\tS0,30.9,0,20z M120,20c0-10.9,9.1-20,20-20s20,9.1,20,20s-9.1,20-20,20S120,30.9,120,20z\"><\/path><\/svg>\n        <\/div>\n        <div class=\"u-border-1 u-border-grey-dark-1 u-line u-line-horizontal u-line-1\"><\/div>\n      <\/div>\n    <\/section>\n    <section class=\"u-align-center u-clearfix u-container-align-center u-grey-5 u-section-3\" id=\"sec-c676\">\n      <div class=\"u-clearfix u-sheet u-valign-middle-lg u-valign-middle-md u-valign-middle-sm u-valign-middle-xl u-valign-middle-xs u-sheet-1\">\n        <div class=\"u-blog u-pagination-center u-sorting-right u-blog-1 u-hidden-visibility\"  data-site-sorting-prop=\"created\" data-site-sorting-order=\"desc\" data-max-items=\"8\" data-blog-source-type=\"Custom\" data-blog-source=\"Legisla\u00e7\u00e3o\">\n          <div class=\"has-sorting u-list-control\">\n            <div class=\"u-sorting\"><!--blog_sorting_select-->\n              <select onchange=\"window.location.href = this.value;\" aria-label=\"Sort items by\" name=\"sorting\" class=\"u-input u-select-sorting\">\n                <option value=\"\/rumo\/wp-json\/wp\/v2\/pages\/99?postsSorting=name_asc\">Name, A to Z<\/option><option value=\"\/rumo\/wp-json\/wp\/v2\/pages\/99?postsSorting=name_desc\">Name, Z to A<\/option><option value=\"\/rumo\/wp-json\/wp\/v2\/pages\/99?postsSorting=date_asc\">Date, old to new<\/option><option value=\"\/rumo\/wp-json\/wp\/v2\/pages\/99?postsSorting=date_desc\">Date, new to old<\/option>\n              <\/select><!--\/blog_sorting_select-->\n              <svg class=\"u-caret u-caret-svg\" version=\"1.1\" id=\"Layer_1\" xmlns=\"http:\/\/www.w3.org\/2000\/svg\" xmlns:xlink=\"http:\/\/www.w3.org\/1999\/xlink\" x=\"0px\" y=\"0px\" width=\"16px\" height=\"16px\" viewBox=\"0 0 16 16\" style=\"fill:currentColor;\" xml:space=\"preserve\"><polygon class=\"st0\" points=\"8,12 2,4 14,4 \"><\/polygon><\/svg>\n            <\/div>\n          <\/div>\n          <div class=\"u-repeater u-repeater-1\">\n            <div class=\"u-blog-post u-repeater-item u-white u-repeater-item-1\" data-blog-source-type=\"Custom\">\n              <div class=\"u-container-layout u-similar-container u-valign-bottom-xs u-valign-top-lg u-valign-top-md u-valign-top-sm u-valign-top-xl u-container-layout-1\">\n                <div class=\"u-blog-control u-metadata u-metadata-1\"><span class=\"u-meta-date u-meta-icon\">Maio 21, 2025<\/span>\n                <\/div>\n                <h3 class=\"u-blog-control u-text u-text-1\">\n                  <a class=\"u-post-header-link\" href=\"https:\/\/cfaebi.pt\/rumo\/2025\/05\/21\/plnm-despacho-n-o-2044-2022\/\" style=\"\">PLNM - Despacho n.\u00ba 2044\/2022<\/a>\n                <\/h3>\n                <div class=\"u-blog-control u-post-content u-text u-text-2\"><p>\nEstabelece normas destinadas a garantir o apoio aos alunos cuja l\u00edngua materna n\u00e3o \u00e9 o Portugu\u00eas\n\n\n<\/p>\n                <\/div>\n                <a href=\"https:\/\/cfaebi.pt\/rumo\/2025\/05\/21\/plnm-despacho-n-o-2044-2022\/\" class=\"u-blog-control u-border-2 u-border-grey-dark-1 u-btn u-btn-rectangle u-button-style u-none u-btn-1\">Ler Mais<!-- - \/ blog_post_readmore_content ---><\/a>\n                <div class=\"u-border-1 u-border-grey-dark-1 u-line u-line-horizontal u-line-1\"><\/div>\n              <\/div>\n            <\/div>\n            <div class=\"u-blog-post u-repeater-item u-white u-repeater-item-2\">\n              <div class=\"u-container-layout u-similar-container u-valign-bottom-xs u-valign-top-lg u-valign-top-md u-valign-top-sm u-valign-top-xl u-container-layout-2\">\n                <div class=\"u-blog-control u-metadata u-metadata-2\"><span class=\"u-meta-date u-meta-icon\">Maio 20, 2025<\/span>\n                <\/div>\n                <h3 class=\"u-blog-control u-text u-text-3\">\n                  <a class=\"u-post-header-link\" href=\"https:\/\/cfaebi.pt\/rumo\/2025\/05\/20\/lei-n-o-46-86-lei-de-bases-do-sistema-educativo\/\" style=\"\">Lei n.\u00ba 46\/86 - Lei de Bases do Sistema Educativo<\/a>\n                <\/h3>\n                <div class=\"u-blog-control u-post-content u-text u-text-4\"><p>\n\n\n\n\nGarante o\u00a0direito universal de acesso \u00e0 educa\u00e7\u00e3o\u00a0e a\u00a0igualdade de oportunidades, aplic\u00e1vel a todos os alunos,\u00a0independentemente da sua &hellip;<\/p>\n                <\/div>\n                <a href=\"https:\/\/cfaebi.pt\/rumo\/2025\/05\/20\/lei-n-o-46-86-lei-de-bases-do-sistema-educativo\/\" class=\"u-blog-control u-border-2 u-border-grey-dark-1 u-btn u-btn-rectangle u-button-style u-none u-btn-2\">Ler Mais<!-- - \/ blog_post_readmore_content ---><\/a>\n                <div class=\"u-border-1 u-border-grey-dark-1 u-line u-line-horizontal u-line-2\"><\/div>\n              <\/div>\n            <\/div>\n            <div class=\"u-blog-post u-repeater-item u-white u-repeater-item-3\">\n              <div class=\"u-container-layout u-similar-container u-valign-bottom-xs u-valign-top-lg u-valign-top-md u-valign-top-sm u-valign-top-xl u-container-layout-3\">\n                <div class=\"u-blog-control u-metadata u-metadata-3\"><span class=\"u-meta-date u-meta-icon\">Maio 19, 2025<\/span>\n                <\/div>\n                <h3 class=\"u-blog-control u-text u-text-5\">\n                  <a class=\"u-post-header-link\" href=\"https:\/\/cfaebi.pt\/rumo\/2025\/05\/19\/portugues-lingua-nao-materna-portaria-n-o-29-2025-1-de-7-de-fevereiro\/\" style=\"\">Portugu\u00eas L\u00edngua n\u00e3o Materna - Portaria n.\u00ba 29\/2025\/1, de 7 de fevereiro<\/a>\n                <\/h3>\n                <div class=\"u-blog-control u-post-content u-text u-text-6\"><p>\nProcede \u00e0 segunda altera\u00e7\u00e3o \u00e0 Portaria n.\u00ba 223-A\/2018, de 3 de agosto, que regulamenta as ofertas educativas do ensino b\u00e1sico previstas no n.\u00ba 2 do&hellip;<\/p>\n                <\/div>\n                <a href=\"https:\/\/cfaebi.pt\/rumo\/2025\/05\/19\/portugues-lingua-nao-materna-portaria-n-o-29-2025-1-de-7-de-fevereiro\/\" class=\"u-blog-control u-border-2 u-border-grey-dark-1 u-btn u-btn-rectangle u-button-style u-none u-btn-3\">Ler Mais<!-- - \/ blog_post_readmore_content ---><\/a>\n                <div class=\"u-border-1 u-border-grey-dark-1 u-line u-line-horizontal u-line-3\"><\/div>\n              <\/div>\n            <\/div>\n            <div class=\"u-blog-post u-repeater-item u-white u-repeater-item-4\">\n              <div class=\"u-container-layout u-similar-container u-valign-bottom-xs u-valign-top-lg u-valign-top-md u-valign-top-sm u-valign-top-xl u-container-layout-4\">\n                <div class=\"u-blog-control u-metadata u-metadata-4\"><span class=\"u-meta-date u-meta-icon\">Maio 19, 2025<\/span>\n                <\/div>\n                <h3 class=\"u-blog-control u-text u-text-7\">\n                  <a class=\"u-post-header-link\" href=\"https:\/\/cfaebi.pt\/rumo\/2025\/05\/19\/portugues-lingua-nao-materna-portaria-n-o-86-2025-1-de-6-de-marco\/\" style=\"\">Portugu\u00eas L\u00edngua N\u00e3o Materna Portaria n.\u00ba 86\/2025\/1, de 6 de mar\u00e7o<\/a>\n                <\/h3>\n                <div class=\"u-blog-control u-post-content u-text u-text-8\"><p>\nDefine as regras aplic\u00e1veis \u00e0 disciplina de Portugu\u00eas L\u00edngua N\u00e3o Materna nas ofertas educativas e formativas do ensino secund\u00e1rio.\n\n\n\n2Descarregar\n\n\n<\/p>\n                <\/div>\n                <a href=\"https:\/\/cfaebi.pt\/rumo\/2025\/05\/19\/portugues-lingua-nao-materna-portaria-n-o-86-2025-1-de-6-de-marco\/\" class=\"u-blog-control u-border-2 u-border-grey-dark-1 u-btn u-btn-rectangle u-button-style u-none u-btn-4\">Ler Mais<!-- - \/ blog_post_readmore_content ---><\/a>\n                <div class=\"u-border-1 u-border-grey-dark-1 u-line u-line-horizontal u-line-4\"><\/div>\n              <\/div>\n            <\/div>\n            <div class=\"u-blog-post u-repeater-item u-white u-repeater-item-5\">\n              <div class=\"u-container-layout u-similar-container u-valign-bottom-xs u-valign-top-lg u-valign-top-md u-valign-top-sm u-valign-top-xl u-container-layout-5\">\n                <div class=\"u-blog-control u-metadata u-metadata-5\"><span class=\"u-meta-date u-meta-icon\">Maio 19, 2025<\/span>\n                <\/div>\n                <h3 class=\"u-blog-control u-text u-text-9\">\n                  <a class=\"u-post-header-link\" href=\"https:\/\/cfaebi.pt\/rumo\/2025\/05\/19\/lei-de-bases-do-sistema-educativo-lei-n-o-46-86-de-14-de-outubro-com-as-alteracoes-subsequentes\/\" style=\"\">Lei de Bases do Sistema Educativo Lei n.\u00ba 46\/86, de 14 de outubro (com as altera\u00e7\u00f5es subsequentes)<\/a>\n                <\/h3>\n                <div class=\"u-blog-control u-post-content u-text u-text-10\"><p>\n\nGarante o direito universal de acesso \u00e0 educa\u00e7\u00e3o e a igualdade de oportunidades, aplic\u00e1vel a todos os alunos, independentemente da sua &hellip;<\/p>\n                <\/div>\n                <a href=\"https:\/\/cfaebi.pt\/rumo\/2025\/05\/19\/lei-de-bases-do-sistema-educativo-lei-n-o-46-86-de-14-de-outubro-com-as-alteracoes-subsequentes\/\" class=\"u-blog-control u-border-2 u-border-grey-dark-1 u-btn u-btn-rectangle u-button-style u-none u-btn-5\">Ler Mais<!-- - \/ blog_post_readmore_content ---><\/a>\n                <div class=\"u-border-1 u-border-grey-dark-1 u-line u-line-horizontal u-line-5\"><\/div>\n              <\/div>\n            <\/div>\n            <div class=\"u-blog-post u-repeater-item u-white u-repeater-item-6\">\n              <div class=\"u-container-layout u-similar-container u-valign-bottom-xs u-valign-top-lg u-valign-top-md u-valign-top-sm u-valign-top-xl u-container-layout-6\">\n                <div class=\"u-blog-control u-metadata u-metadata-6\"><span class=\"u-meta-date u-meta-icon\">Abril 24, 2025<\/span>\n                <\/div>\n                <h3 class=\"u-blog-control u-text u-text-11\">\n                  <a class=\"u-post-header-link\" href=\"https:\/\/cfaebi.pt\/rumo\/2025\/04\/24\/integracao-de-criancas-refugiadas-na-educacao-pre-escolar\/\" style=\"\">Integra\u00e7\u00e3o de Crian\u00e7as Refugiadas na Educa\u00e7\u00e3o Pr\u00e9-Escolar<\/a>\n                <\/h3>\n                <div class=\"u-blog-control u-post-content u-text u-text-12\"><p>\nA educa\u00e7\u00e3o pr\u00e9-escolar \u00e9 a primeira etapa da educa\u00e7\u00e3o b\u00e1sica no processo de educa\u00e7\u00e3o ao longo da vida e destina-se \u00e0s crian\u00e7as entre os 3 anos e a &hellip;<\/p>\n                <\/div>\n                <a href=\"https:\/\/cfaebi.pt\/rumo\/2025\/04\/24\/integracao-de-criancas-refugiadas-na-educacao-pre-escolar\/\" class=\"u-blog-control u-border-2 u-border-grey-dark-1 u-btn u-btn-rectangle u-button-style u-none u-btn-6\">Ler Mais<!-- - \/ blog_post_readmore_content ---><\/a>\n                <div class=\"u-border-1 u-border-grey-dark-1 u-line u-line-horizontal u-line-6\"><\/div>\n              <\/div>\n            <\/div>\n          <\/div>\n          <div class=\"has-pagination u-list-control\">\n          <\/div>\n        <\/div>\n      <\/div>\n    <\/section>\n    \n    \n    \n  \n","protected":false},"excerpt":{"rendered":"<p>Orienta\u00e7\u00f5es Legislativas Name, A to ZName, Z to ADate, old to newDate, new to old Maio 21, 2025 PLNM &#8211; Despacho n.\u00ba 2044\/2022 Estabelece normas destinadas a garantir o apoio aos alunos cuja l\u00edngua materna n\u00e3o \u00e9 o Portugu\u00eas Ler Mais Maio 20, 2025 Lei n.\u00ba 46\/86 &#8211; Lei de Bases do Sistema Educativo Garante &hellip; <a href=\"https:\/\/cfaebi.pt\/rumo\/orientacoes-legislativas\/\" class=\"more-link\">Continue reading<span class=\"screen-reader-text\"> &#8220;Orienta\u00e7\u00f5es Legislativas&#8221;<\/span><\/a><\/p>\n","protected":false},"author":1,"featured_media":0,"parent":0,"menu_order":1,"comment_status":"closed","ping_status":"closed","template":"","meta":{"pagelayer_contact_templates":[],"_pagelayer_content":"","footnotes":""},"class_list":["post-99","page","type-page","status-publish","hentry"],"_links":{"self":[{"href":"https:\/\/cfaebi.pt\/rumo\/wp-json\/wp\/v2\/pages\/99","targetHints":{"allow":["GET"]}}],"collection":[{"href":"https:\/\/cfaebi.pt\/rumo\/wp-json\/wp\/v2\/pages"}],"about":[{"href":"https:\/\/cfaebi.pt\/rumo\/wp-json\/wp\/v2\/types\/page"}],"author":[{"embeddable":true,"href":"https:\/\/cfaebi.pt\/rumo\/wp-json\/wp\/v2\/users\/1"}],"replies":[{"embeddable":true,"href":"https:\/\/cfaebi.pt\/rumo\/wp-json\/wp\/v2\/comments?post=99"}],"version-history":[{"count":11,"href":"https:\/\/cfaebi.pt\/rumo\/wp-json\/wp\/v2\/pages\/99\/revisions"}],"predecessor-version":[{"id":477,"href":"https:\/\/cfaebi.pt\/rumo\/wp-json\/wp\/v2\/pages\/99\/revisions\/477"}],"wp:attachment":[{"href":"https:\/\/cfaebi.pt\/rumo\/wp-json\/wp\/v2\/media?parent=99"}],"curies":[{"name":"wp","href":"https:\/\/api.w.org\/{rel}","templated":true}]}}